{"id":1888,"date":"2024-04-08T01:38:35","date_gmt":"2024-04-08T04:38:35","guid":{"rendered":"https:\/\/www.sinduscon-joinville.org.br\/v2021\/?page_id=1888"},"modified":"2025-08-01T15:26:37","modified_gmt":"2025-08-01T18:26:37","slug":"guia-de-associados-sinduscon-joinville","status":"publish","type":"page","link":"https:\/\/www.sinduscon-joinville.org.br\/v2021\/guia-de-associados-sinduscon-joinville\/","title":{"rendered":"Guia de Associados Sinduscon Joinville"},"content":{"rendered":"<!--themify_builder_content-->\n<div id=\"themify_builder_content-1888\" data-postid=\"1888\" class=\"themify_builder_content themify_builder_content-1888 themify_builder tf_clear\">\n                    <div  data-lazy=\"1\" class=\"module_row themify_builder_row tb_pg31962 tb_first tf_w\">\n                        <div class=\"row_inner col_align_top tb_col_count_1 tf_box tf_rel\">\n                        <div  data-lazy=\"1\" class=\"module_column tb-column col-full tb_y7i6962 first\">\n                    <!-- module fancy heading -->\n<div  class=\"module module-fancy-heading tb_vr4g776 \" data-lazy=\"1\">\n        <h3 class=\"fancy-heading tf_textc\">\n    <span class=\"main-head tf_block\">\n                    Nossos Associados            <\/span>\n\n    \n    <span class=\"sub-head tf_block tf_rel\">\n                                <\/span>\n    <\/h3>\n<\/div>\n<!-- \/module fancy heading -->\n        <\/div>\n                        <\/div>\n        <\/div>\n                        <div  data-lazy=\"1\" class=\"module_row themify_builder_row tb_sp54670 tf_w\">\n                        <div class=\"row_inner col_align_top tb_col_count_1 tf_box tf_rel\">\n                        <div  data-lazy=\"1\" class=\"module_column tb-column col-full tb_d6z4670 first\">\n                    <!-- module post -->\n<div  class=\"module module-post tb_in5x549 \">\n    <div  class=\"builder-posts-wrap loops-wrapper associado grid4 masonry boxed tf_rel tf_clear tf_clearfix\" data-lazy=\"1\" data-layout=\"fitRows\">\n    <article id=\"post-1875\" class=\"post tf_clearfix post-1875 associado type-associado status-publish has-post-thumbnail hentry has-post-title no-post-date has-post-category has-post-tag has-post-comment has-post-author \">\n\t    \n\t                <figure class=\"post-image tf_clearfix\">\n                                                            <a href=\"https:\/\/www.sinduscon-joinville.org.br\/v2021\/associado\/ability-arquitetura-e-engenharia\/\">\n                                        <img loading=\"lazy\" decoding=\"async\" src=\"https:\/\/www.sinduscon-joinville.org.br\/v2021\/wp-content\/uploads\/2024\/04\/abiliity-projetos-associada-sinduscon-joinville-350x350-ok-1-250x250.jpg\" width=\"250\" height=\"250\" class=\"wp-post-image wp-image-1975\" title=\"abiliity-projetos-associada-sinduscon-joinville-350x350-ok\" alt=\"abiliity-projetos-associada-sinduscon-joinville-350x350-ok\" srcset=\"https:\/\/www.sinduscon-joinville.org.br\/v2021\/wp-content\/uploads\/2024\/04\/abiliity-projetos-associada-sinduscon-joinville-350x350-ok-1-250x250.jpg 250w, https:\/\/www.sinduscon-joinville.org.br\/v2021\/wp-content\/uploads\/2024\/04\/abiliity-projetos-associada-sinduscon-joinville-350x350-ok-1-300x300.jpg 300w, https:\/\/www.sinduscon-joinville.org.br\/v2021\/wp-content\/uploads\/2024\/04\/abiliity-projetos-associada-sinduscon-joinville-350x350-ok-1-150x150.jpg 150w, https:\/\/www.sinduscon-joinville.org.br\/v2021\/wp-content\/uploads\/2024\/04\/abiliity-projetos-associada-sinduscon-joinville-350x350-ok-1-350x350.jpg 350w, https:\/\/www.sinduscon-joinville.org.br\/v2021\/wp-content\/uploads\/2024\/04\/abiliity-projetos-associada-sinduscon-joinville-350x350-ok-1.jpg 501w\" sizes=\"auto, (max-width: 250px) 100vw, 250px\" \/>                                                                    <\/a>\n                                                                <\/figure>\n                    \t<div class=\"post-content\">\n\t\t<div class=\"post-content-inner\">\n\n\t\t\t\n\t\t\t<h5 class=\"post-title entry-title\"><a href=\"https:\/\/www.sinduscon-joinville.org.br\/v2021\/associado\/ability-arquitetura-e-engenharia\/\">Ability Arquitetura e Engenharia<\/a><\/h5>\n\t\t\t\n\t\t\t\n\t\t\t        <div class=\"entry-content\">\n\n        \n        <\/div><!-- \/.entry-content -->\n        \n\t\t<\/div>\n\t\t<!-- \/.post-content-inner -->\n\t<\/div>\n\t<!-- \/.post-content -->\n\t\n<\/article>\n<!-- \/.post -->\n<article id=\"post-2089\" class=\"post tf_clearfix post-2089 associado type-associado status-publish has-post-thumbnail hentry has-post-title no-post-date has-post-category has-post-tag has-post-comment has-post-author \">\n\t    \n\t                <figure class=\"post-image tf_clearfix\">\n                                                            <a href=\"https:\/\/www.sinduscon-joinville.org.br\/v2021\/associado\/acque-engenharia\/\">\n                                        <img loading=\"lazy\" decoding=\"async\" src=\"https:\/\/www.sinduscon-joinville.org.br\/v2021\/wp-content\/uploads\/2024\/04\/21-0805-logo-acque-vetorizada.pdf-1024x1024-250x250.png\" width=\"250\" height=\"250\" class=\"wp-post-image wp-image-2091\" title=\"21-0805-logo-acque vetorizada.pdf\" alt=\"21-0805-logo-acque vetorizada.pdf\" srcset=\"https:\/\/www.sinduscon-joinville.org.br\/v2021\/wp-content\/uploads\/2024\/04\/21-0805-logo-acque-vetorizada.pdf-1024x1024-250x250.png 250w, https:\/\/www.sinduscon-joinville.org.br\/v2021\/wp-content\/uploads\/2024\/04\/21-0805-logo-acque-vetorizada.pdf-300x300.png 300w, https:\/\/www.sinduscon-joinville.org.br\/v2021\/wp-content\/uploads\/2024\/04\/21-0805-logo-acque-vetorizada.pdf-1024x1024.png 1024w, https:\/\/www.sinduscon-joinville.org.br\/v2021\/wp-content\/uploads\/2024\/04\/21-0805-logo-acque-vetorizada.pdf-150x150.png 150w, https:\/\/www.sinduscon-joinville.org.br\/v2021\/wp-content\/uploads\/2024\/04\/21-0805-logo-acque-vetorizada.pdf-768x768.png 768w, https:\/\/www.sinduscon-joinville.org.br\/v2021\/wp-content\/uploads\/2024\/04\/21-0805-logo-acque-vetorizada.pdf-1536x1536.png 1536w, https:\/\/www.sinduscon-joinville.org.br\/v2021\/wp-content\/uploads\/2024\/04\/21-0805-logo-acque-vetorizada.pdf-1024x1024-350x350.png 350w, https:\/\/www.sinduscon-joinville.org.br\/v2021\/wp-content\/uploads\/2024\/04\/21-0805-logo-acque-vetorizada.pdf.png 1771w\" sizes=\"auto, (max-width: 250px) 100vw, 250px\" \/>                                                                    <\/a>\n                                                                <\/figure>\n                    \t<div class=\"post-content\">\n\t\t<div class=\"post-content-inner\">\n\n\t\t\t\n\t\t\t<h5 class=\"post-title entry-title\"><a href=\"https:\/\/www.sinduscon-joinville.org.br\/v2021\/associado\/acque-engenharia\/\">Acque Engenharia<\/a><\/h5>\n\t\t\t\n\t\t\t\n\t\t\t        <div class=\"entry-content\">\n\n        \n        <\/div><!-- \/.entry-content -->\n        \n\t\t<\/div>\n\t\t<!-- \/.post-content-inner -->\n\t<\/div>\n\t<!-- \/.post-content -->\n\t\n<\/article>\n<!-- \/.post -->\n<article id=\"post-1876\" class=\"post tf_clearfix post-1876 associado type-associado status-publish has-post-thumbnail hentry has-post-title no-post-date has-post-category has-post-tag has-post-comment has-post-author \">\n\t    \n\t                <figure class=\"post-image tf_clearfix\">\n                                                            <a href=\"https:\/\/www.sinduscon-joinville.org.br\/v2021\/associado\/adobe-engenharia\/\">\n                                        <img loading=\"lazy\" decoding=\"async\" src=\"https:\/\/www.sinduscon-joinville.org.br\/v2021\/wp-content\/uploads\/2024\/04\/Adobe-Engenharia-associado-Sinduscon-Joinville-250x250.png\" width=\"250\" height=\"250\" class=\"wp-post-image wp-image-2240\" title=\"Adobe Engenharia - associado Sinduscon Joinville\" alt=\"Adobe Engenharia - associado Sinduscon Joinville\" srcset=\"https:\/\/www.sinduscon-joinville.org.br\/v2021\/wp-content\/uploads\/2024\/04\/Adobe-Engenharia-associado-Sinduscon-Joinville-250x250.png 250w, https:\/\/www.sinduscon-joinville.org.br\/v2021\/wp-content\/uploads\/2024\/04\/Adobe-Engenharia-associado-Sinduscon-Joinville.png 300w\" sizes=\"auto, (max-width: 250px) 100vw, 250px\" \/>                                                                    <\/a>\n                                                                <\/figure>\n                    \t<div class=\"post-content\">\n\t\t<div class=\"post-content-inner\">\n\n\t\t\t\n\t\t\t<h5 class=\"post-title entry-title\"><a href=\"https:\/\/www.sinduscon-joinville.org.br\/v2021\/associado\/adobe-engenharia\/\">Adobe Engenharia<\/a><\/h5>\n\t\t\t\n\t\t\t\n\t\t\t        <div class=\"entry-content\">\n\n        \n        <\/div><!-- \/.entry-content -->\n        \n\t\t<\/div>\n\t\t<!-- \/.post-content-inner -->\n\t<\/div>\n\t<!-- \/.post-content -->\n\t\n<\/article>\n<!-- \/.post -->\n<article id=\"post-2443\" class=\"post tf_clearfix post-2443 associado type-associado status-publish has-post-thumbnail hentry has-post-title no-post-date has-post-category has-post-tag has-post-comment has-post-author \">\n\t    \n\t                <figure class=\"post-image tf_clearfix\">\n                                                            <a href=\"https:\/\/www.sinduscon-joinville.org.br\/v2021\/associado\/alicerce-construtora\/\">\n                                        <img loading=\"lazy\" decoding=\"async\" src=\"https:\/\/www.sinduscon-joinville.org.br\/v2021\/wp-content\/uploads\/2025\/05\/Construtora-Alicerce-associado-ao-Sinduscon-Joinville-250x250.png\" width=\"250\" height=\"250\" class=\"wp-post-image wp-image-2445\" title=\"Construtora Alicerce - associado ao Sinduscon Joinville\" alt=\"Construtora Alicerce - associado ao Sinduscon Joinville\" srcset=\"https:\/\/www.sinduscon-joinville.org.br\/v2021\/wp-content\/uploads\/2025\/05\/Construtora-Alicerce-associado-ao-Sinduscon-Joinville-250x250.png 250w, https:\/\/www.sinduscon-joinville.org.br\/v2021\/wp-content\/uploads\/2025\/05\/Construtora-Alicerce-associado-ao-Sinduscon-Joinville-300x300.png 300w, https:\/\/www.sinduscon-joinville.org.br\/v2021\/wp-content\/uploads\/2025\/05\/Construtora-Alicerce-associado-ao-Sinduscon-Joinville-150x150.png 150w, https:\/\/www.sinduscon-joinville.org.br\/v2021\/wp-content\/uploads\/2025\/05\/Construtora-Alicerce-associado-ao-Sinduscon-Joinville.png 350w\" sizes=\"auto, (max-width: 250px) 100vw, 250px\" \/>                                                                    <\/a>\n                                                                <\/figure>\n                    \t<div class=\"post-content\">\n\t\t<div class=\"post-content-inner\">\n\n\t\t\t\n\t\t\t<h5 class=\"post-title entry-title\"><a href=\"https:\/\/www.sinduscon-joinville.org.br\/v2021\/associado\/alicerce-construtora\/\">Alicerce Construtora<\/a><\/h5>\n\t\t\t\n\t\t\t\n\t\t\t        <div class=\"entry-content\">\n\n        \n        <\/div><!-- \/.entry-content -->\n        \n\t\t<\/div>\n\t\t<!-- \/.post-content-inner -->\n\t<\/div>\n\t<!-- \/.post-content -->\n\t\n<\/article>\n<!-- \/.post -->\n<article id=\"post-1877\" class=\"post tf_clearfix post-1877 associado type-associado status-publish has-post-thumbnail hentry has-post-title no-post-date has-post-category has-post-tag has-post-comment has-post-author \">\n\t    \n\t                <figure class=\"post-image tf_clearfix\">\n                                                            <a href=\"https:\/\/www.sinduscon-joinville.org.br\/v2021\/associado\/aluminios-tubarao\/\">\n                                        <img loading=\"lazy\" decoding=\"async\" src=\"https:\/\/www.sinduscon-joinville.org.br\/v2021\/wp-content\/uploads\/2023\/07\/Aluminios-Tubarao-Novo-associado-Sinduscon-Joinville-250x250.png\" width=\"250\" height=\"250\" class=\"wp-post-image wp-image-1521\" title=\"Alum\u00ednios-Tubar\u00e3o---Novo-associado-Sinduscon-Joinville\" alt=\"Alum\u00ednios-Tubar\u00e3o---Novo-associado-Sinduscon-Joinville\" srcset=\"https:\/\/www.sinduscon-joinville.org.br\/v2021\/wp-content\/uploads\/2023\/07\/Aluminios-Tubarao-Novo-associado-Sinduscon-Joinville-250x250.png 250w, https:\/\/www.sinduscon-joinville.org.br\/v2021\/wp-content\/uploads\/2023\/07\/Aluminios-Tubarao-Novo-associado-Sinduscon-Joinville-300x300.png 300w, https:\/\/www.sinduscon-joinville.org.br\/v2021\/wp-content\/uploads\/2023\/07\/Aluminios-Tubarao-Novo-associado-Sinduscon-Joinville-150x150.png 150w, https:\/\/www.sinduscon-joinville.org.br\/v2021\/wp-content\/uploads\/2023\/07\/Aluminios-Tubarao-Novo-associado-Sinduscon-Joinville-200x200.png 200w, https:\/\/www.sinduscon-joinville.org.br\/v2021\/wp-content\/uploads\/2023\/07\/Aluminios-Tubarao-Novo-associado-Sinduscon-Joinville.png 350w\" sizes=\"auto, (max-width: 250px) 100vw, 250px\" \/>                                                                    <\/a>\n                                                                <\/figure>\n                    \t<div class=\"post-content\">\n\t\t<div class=\"post-content-inner\">\n\n\t\t\t\n\t\t\t<h5 class=\"post-title entry-title\"><a href=\"https:\/\/www.sinduscon-joinville.org.br\/v2021\/associado\/aluminios-tubarao\/\">Alum\u00ednios Tubar\u00e3o<\/a><\/h5>\n\t\t\t\n\t\t\t\n\t\t\t        <div class=\"entry-content\">\n\n        \n        <\/div><!-- \/.entry-content -->\n        \n\t\t<\/div>\n\t\t<!-- \/.post-content-inner -->\n\t<\/div>\n\t<!-- \/.post-content -->\n\t\n<\/article>\n<!-- \/.post -->\n<article id=\"post-1878\" class=\"post tf_clearfix post-1878 associado type-associado status-publish has-post-thumbnail hentry has-post-title no-post-date has-post-category has-post-tag has-post-comment has-post-author \">\n\t    \n\t                <figure class=\"post-image tf_clearfix\">\n                                                            <a href=\"https:\/\/www.sinduscon-joinville.org.br\/v2021\/associado\/ambiville-engenharia\/\">\n                                        <img loading=\"lazy\" decoding=\"async\" src=\"https:\/\/www.sinduscon-joinville.org.br\/v2021\/wp-content\/uploads\/2024\/04\/Ambiville-associada-Sinduscon-Joinville-350x350-ok-1-250x250.jpg\" width=\"250\" height=\"250\" class=\"wp-post-image wp-image-1974\" title=\"Ambiville-associada-Sinduscon-Joinville-350x350-ok\" alt=\"Ambiville-associada-Sinduscon-Joinville-350x350-ok\" srcset=\"https:\/\/www.sinduscon-joinville.org.br\/v2021\/wp-content\/uploads\/2024\/04\/Ambiville-associada-Sinduscon-Joinville-350x350-ok-1-250x250.jpg 250w, https:\/\/www.sinduscon-joinville.org.br\/v2021\/wp-content\/uploads\/2024\/04\/Ambiville-associada-Sinduscon-Joinville-350x350-ok-1-300x300.jpg 300w, https:\/\/www.sinduscon-joinville.org.br\/v2021\/wp-content\/uploads\/2024\/04\/Ambiville-associada-Sinduscon-Joinville-350x350-ok-1-150x150.jpg 150w, https:\/\/www.sinduscon-joinville.org.br\/v2021\/wp-content\/uploads\/2024\/04\/Ambiville-associada-Sinduscon-Joinville-350x350-ok-1-350x350.jpg 350w, https:\/\/www.sinduscon-joinville.org.br\/v2021\/wp-content\/uploads\/2024\/04\/Ambiville-associada-Sinduscon-Joinville-350x350-ok-1.jpg 501w\" sizes=\"auto, (max-width: 250px) 100vw, 250px\" \/>                                                                    <\/a>\n                                                                <\/figure>\n                    \t<div class=\"post-content\">\n\t\t<div class=\"post-content-inner\">\n\n\t\t\t\n\t\t\t<h5 class=\"post-title entry-title\"><a href=\"https:\/\/www.sinduscon-joinville.org.br\/v2021\/associado\/ambiville-engenharia\/\">Ambiville Engenharia<\/a><\/h5>\n\t\t\t\n\t\t\t\n\t\t\t        <div class=\"entry-content\">\n\n        \n        <\/div><!-- \/.entry-content -->\n        \n\t\t<\/div>\n\t\t<!-- \/.post-content-inner -->\n\t<\/div>\n\t<!-- \/.post-content -->\n\t\n<\/article>\n<!-- \/.post -->\n<article id=\"post-1879\" class=\"post tf_clearfix post-1879 associado type-associado status-publish has-post-thumbnail hentry has-post-title no-post-date has-post-category has-post-tag has-post-comment has-post-author \">\n\t    \n\t                <figure class=\"post-image tf_clearfix\">\n                                                            <a href=\"https:\/\/www.sinduscon-joinville.org.br\/v2021\/associado\/angelin-topografia\/\">\n                                        <img loading=\"lazy\" decoding=\"async\" src=\"https:\/\/www.sinduscon-joinville.org.br\/v2021\/wp-content\/uploads\/2023\/07\/Angelin-Topografia-Associado-Sinduscon-Joinville-1-250x250.png\" width=\"250\" height=\"250\" class=\"wp-post-image wp-image-1516\" title=\"Angelin-Topografia---Associado-Sinduscon-Joinville\" alt=\"Angelin-Topografia---Associado-Sinduscon-Joinville\" srcset=\"https:\/\/www.sinduscon-joinville.org.br\/v2021\/wp-content\/uploads\/2023\/07\/Angelin-Topografia-Associado-Sinduscon-Joinville-1-250x250.png 250w, https:\/\/www.sinduscon-joinville.org.br\/v2021\/wp-content\/uploads\/2023\/07\/Angelin-Topografia-Associado-Sinduscon-Joinville-1-150x150.png 150w, https:\/\/www.sinduscon-joinville.org.br\/v2021\/wp-content\/uploads\/2023\/07\/Angelin-Topografia-Associado-Sinduscon-Joinville-1-200x200.png 200w, https:\/\/www.sinduscon-joinville.org.br\/v2021\/wp-content\/uploads\/2023\/07\/Angelin-Topografia-Associado-Sinduscon-Joinville-1-350x350.png 350w, https:\/\/www.sinduscon-joinville.org.br\/v2021\/wp-content\/uploads\/2023\/07\/Angelin-Topografia-Associado-Sinduscon-Joinville-1.png 300w\" sizes=\"auto, (max-width: 250px) 100vw, 250px\" \/>                                                                    <\/a>\n                                                                <\/figure>\n                    \t<div class=\"post-content\">\n\t\t<div class=\"post-content-inner\">\n\n\t\t\t\n\t\t\t<h5 class=\"post-title entry-title\"><a href=\"https:\/\/www.sinduscon-joinville.org.br\/v2021\/associado\/angelin-topografia\/\">Angelin Topografia<\/a><\/h5>\n\t\t\t\n\t\t\t\n\t\t\t        <div class=\"entry-content\">\n\n        \n        <\/div><!-- \/.entry-content -->\n        \n\t\t<\/div>\n\t\t<!-- \/.post-content-inner -->\n\t<\/div>\n\t<!-- \/.post-content -->\n\t\n<\/article>\n<!-- \/.post -->\n<article id=\"post-1881\" class=\"post tf_clearfix post-1881 associado type-associado status-publish has-post-thumbnail hentry has-post-title no-post-date has-post-category has-post-tag has-post-comment has-post-author \">\n\t    \n\t                <figure class=\"post-image tf_clearfix\">\n                                                            <a href=\"https:\/\/www.sinduscon-joinville.org.br\/v2021\/associado\/axia-vectra\/\">\n                                        <img loading=\"lazy\" decoding=\"async\" src=\"https:\/\/www.sinduscon-joinville.org.br\/v2021\/wp-content\/uploads\/2020\/09\/axia-incorporadora-associada-sinduscon-joinville-250x250.jpg\" width=\"250\" height=\"250\" class=\"wp-post-image wp-image-475\" title=\"axia-incorporadora-associada-sinduscon-joinville\" alt=\"axia-incorporadora-associada-sinduscon-joinville\" srcset=\"https:\/\/www.sinduscon-joinville.org.br\/v2021\/wp-content\/uploads\/2020\/09\/axia-incorporadora-associada-sinduscon-joinville-250x250.jpg 250w, https:\/\/www.sinduscon-joinville.org.br\/v2021\/wp-content\/uploads\/2020\/09\/axia-incorporadora-associada-sinduscon-joinville-300x300.jpg 300w, https:\/\/www.sinduscon-joinville.org.br\/v2021\/wp-content\/uploads\/2020\/09\/axia-incorporadora-associada-sinduscon-joinville-150x150.jpg 150w, https:\/\/www.sinduscon-joinville.org.br\/v2021\/wp-content\/uploads\/2020\/09\/axia-incorporadora-associada-sinduscon-joinville-200x200.jpg 200w, https:\/\/www.sinduscon-joinville.org.br\/v2021\/wp-content\/uploads\/2020\/09\/axia-incorporadora-associada-sinduscon-joinville.jpg 350w\" sizes=\"auto, (max-width: 250px) 100vw, 250px\" \/>                                                                    <\/a>\n                                                                <\/figure>\n                    \t<div class=\"post-content\">\n\t\t<div class=\"post-content-inner\">\n\n\t\t\t\n\t\t\t<h5 class=\"post-title entry-title\"><a href=\"https:\/\/www.sinduscon-joinville.org.br\/v2021\/associado\/axia-vectra\/\">Axia Vectra<\/a><\/h5>\n\t\t\t\n\t\t\t\n\t\t\t        <div class=\"entry-content\">\n\n        \n        <\/div><!-- \/.entry-content -->\n        \n\t\t<\/div>\n\t\t<!-- \/.post-content-inner -->\n\t<\/div>\n\t<!-- \/.post-content -->\n\t\n<\/article>\n<!-- \/.post -->\n<article id=\"post-1882\" class=\"post tf_clearfix post-1882 associado type-associado status-publish has-post-thumbnail hentry has-post-title no-post-date has-post-category has-post-tag has-post-comment has-post-author \">\n\t    \n\t                <figure class=\"post-image tf_clearfix\">\n                                                            <a href=\"https:\/\/www.sinduscon-joinville.org.br\/v2021\/associado\/az-construcoes\/\">\n                                        <img loading=\"lazy\" decoding=\"async\" src=\"https:\/\/www.sinduscon-joinville.org.br\/v2021\/wp-content\/uploads\/2024\/01\/AZ_page-0001-724x1024-250x250.jpg\" width=\"250\" height=\"250\" class=\"wp-post-image wp-image-1781\" title=\"AZ_page-0001\" alt=\"AZ_page-0001\" srcset=\"https:\/\/www.sinduscon-joinville.org.br\/v2021\/wp-content\/uploads\/2024\/01\/AZ_page-0001-724x1024-250x250.jpg 250w, https:\/\/www.sinduscon-joinville.org.br\/v2021\/wp-content\/uploads\/2024\/01\/AZ_page-0001-150x150.jpg 150w, https:\/\/www.sinduscon-joinville.org.br\/v2021\/wp-content\/uploads\/2024\/01\/AZ_page-0001-724x1024-200x200.jpg 200w, https:\/\/www.sinduscon-joinville.org.br\/v2021\/wp-content\/uploads\/2024\/01\/AZ_page-0001-724x1024-350x350.jpg 350w\" sizes=\"auto, (max-width: 250px) 100vw, 250px\" \/>                                                                    <\/a>\n                                                                <\/figure>\n                    \t<div class=\"post-content\">\n\t\t<div class=\"post-content-inner\">\n\n\t\t\t\n\t\t\t<h5 class=\"post-title entry-title\"><a href=\"https:\/\/www.sinduscon-joinville.org.br\/v2021\/associado\/az-construcoes\/\">AZ Constru\u00e7\u00f5es<\/a><\/h5>\n\t\t\t\n\t\t\t\n\t\t\t        <div class=\"entry-content\">\n\n        \n        <\/div><!-- \/.entry-content -->\n        \n\t\t<\/div>\n\t\t<!-- \/.post-content-inner -->\n\t<\/div>\n\t<!-- \/.post-content -->\n\t\n<\/article>\n<!-- \/.post -->\n<article id=\"post-1883\" class=\"post tf_clearfix post-1883 associado type-associado status-publish has-post-thumbnail hentry has-post-title no-post-date has-post-category has-post-tag has-post-comment has-post-author \">\n\t    \n\t                <figure class=\"post-image tf_clearfix\">\n                                                            <a href=\"https:\/\/www.sinduscon-joinville.org.br\/v2021\/associado\/azimute-consultoria-e-projetos-de-engenharia\/\">\n                                        <img loading=\"lazy\" decoding=\"async\" src=\"https:\/\/www.sinduscon-joinville.org.br\/v2021\/wp-content\/uploads\/2020\/09\/azimutge-engenharia-associada-sinduscon-joinville-250x250.jpg\" width=\"250\" height=\"250\" class=\"wp-post-image wp-image-481\" title=\"azimutge-engenharia-associada-sinduscon-joinville\" alt=\"azimutge-engenharia-associada-sinduscon-joinville\" srcset=\"https:\/\/www.sinduscon-joinville.org.br\/v2021\/wp-content\/uploads\/2020\/09\/azimutge-engenharia-associada-sinduscon-joinville-250x250.jpg 250w, https:\/\/www.sinduscon-joinville.org.br\/v2021\/wp-content\/uploads\/2020\/09\/azimutge-engenharia-associada-sinduscon-joinville-300x300.jpg 300w, https:\/\/www.sinduscon-joinville.org.br\/v2021\/wp-content\/uploads\/2020\/09\/azimutge-engenharia-associada-sinduscon-joinville-150x150.jpg 150w, https:\/\/www.sinduscon-joinville.org.br\/v2021\/wp-content\/uploads\/2020\/09\/azimutge-engenharia-associada-sinduscon-joinville-200x200.jpg 200w, https:\/\/www.sinduscon-joinville.org.br\/v2021\/wp-content\/uploads\/2020\/09\/azimutge-engenharia-associada-sinduscon-joinville.jpg 350w\" sizes=\"auto, (max-width: 250px) 100vw, 250px\" \/>                                                                    <\/a>\n                                                                <\/figure>\n                    \t<div class=\"post-content\">\n\t\t<div class=\"post-content-inner\">\n\n\t\t\t\n\t\t\t<h5 class=\"post-title entry-title\"><a href=\"https:\/\/www.sinduscon-joinville.org.br\/v2021\/associado\/azimute-consultoria-e-projetos-de-engenharia\/\">Azimute Engenharia<\/a><\/h5>\n\t\t\t\n\t\t\t\n\t\t\t        <div class=\"entry-content\">\n\n        \n        <\/div><!-- \/.entry-content -->\n        \n\t\t<\/div>\n\t\t<!-- \/.post-content-inner -->\n\t<\/div>\n\t<!-- \/.post-content -->\n\t\n<\/article>\n<!-- \/.post -->\n<article id=\"post-2446\" class=\"post tf_clearfix post-2446 associado type-associado status-publish has-post-thumbnail hentry has-post-title no-post-date has-post-category has-post-tag has-post-comment has-post-author \">\n\t    \n\t                <figure class=\"post-image tf_clearfix\">\n                                                            <a href=\"https:\/\/www.sinduscon-joinville.org.br\/v2021\/associado\/batessolo-estaqueamentos\/\">\n                                        <img loading=\"lazy\" decoding=\"async\" src=\"https:\/\/www.sinduscon-joinville.org.br\/v2021\/wp-content\/uploads\/2025\/05\/Batessolo-Estaqueamentos-associado-ao-Sinduscon-Joinville-250x250.png\" width=\"250\" height=\"250\" class=\"wp-post-image wp-image-2447\" title=\"Batessolo Estaqueamentos - associado ao Sinduscon Joinville\" alt=\"Batessolo Estaqueamentos - associado ao Sinduscon Joinville\" srcset=\"https:\/\/www.sinduscon-joinville.org.br\/v2021\/wp-content\/uploads\/2025\/05\/Batessolo-Estaqueamentos-associado-ao-Sinduscon-Joinville-250x250.png 250w, https:\/\/www.sinduscon-joinville.org.br\/v2021\/wp-content\/uploads\/2025\/05\/Batessolo-Estaqueamentos-associado-ao-Sinduscon-Joinville-300x300.png 300w, https:\/\/www.sinduscon-joinville.org.br\/v2021\/wp-content\/uploads\/2025\/05\/Batessolo-Estaqueamentos-associado-ao-Sinduscon-Joinville-150x150.png 150w, https:\/\/www.sinduscon-joinville.org.br\/v2021\/wp-content\/uploads\/2025\/05\/Batessolo-Estaqueamentos-associado-ao-Sinduscon-Joinville.png 350w\" sizes=\"auto, (max-width: 250px) 100vw, 250px\" \/>                                                                    <\/a>\n                                                                <\/figure>\n                    \t<div class=\"post-content\">\n\t\t<div class=\"post-content-inner\">\n\n\t\t\t\n\t\t\t<h5 class=\"post-title entry-title\"><a href=\"https:\/\/www.sinduscon-joinville.org.br\/v2021\/associado\/batessolo-estaqueamentos\/\">Batessolo Estaqueamentos<\/a><\/h5>\n\t\t\t\n\t\t\t\n\t\t\t        <div class=\"entry-content\">\n\n        \n        <\/div><!-- \/.entry-content -->\n        \n\t\t<\/div>\n\t\t<!-- \/.post-content-inner -->\n\t<\/div>\n\t<!-- \/.post-content -->\n\t\n<\/article>\n<!-- \/.post -->\n<article id=\"post-1884\" class=\"post tf_clearfix post-1884 associado type-associado status-publish has-post-thumbnail hentry has-post-title no-post-date has-post-category has-post-tag has-post-comment has-post-author \">\n\t    \n\t                <figure class=\"post-image tf_clearfix\">\n                                                            <a href=\"https:\/\/www.sinduscon-joinville.org.br\/v2021\/associado\/berg-engenharia\/\">\n                                        <img loading=\"lazy\" decoding=\"async\" src=\"https:\/\/www.sinduscon-joinville.org.br\/v2021\/wp-content\/uploads\/2024\/04\/berg-engenharia-associado-Sinduscon-Joinville-250x250.png\" width=\"250\" height=\"250\" class=\"wp-post-image wp-image-1885\" title=\"berg engenharia - associado Sinduscon Joinville\" alt=\"berg engenharia - associado Sinduscon Joinville\" srcset=\"https:\/\/www.sinduscon-joinville.org.br\/v2021\/wp-content\/uploads\/2024\/04\/berg-engenharia-associado-Sinduscon-Joinville-250x250.png 250w, https:\/\/www.sinduscon-joinville.org.br\/v2021\/wp-content\/uploads\/2024\/04\/berg-engenharia-associado-Sinduscon-Joinville-150x150.png 150w, https:\/\/www.sinduscon-joinville.org.br\/v2021\/wp-content\/uploads\/2024\/04\/berg-engenharia-associado-Sinduscon-Joinville.png 300w\" sizes=\"auto, (max-width: 250px) 100vw, 250px\" \/>                                                                    <\/a>\n                                                                <\/figure>\n                    \t<div class=\"post-content\">\n\t\t<div class=\"post-content-inner\">\n\n\t\t\t\n\t\t\t<h5 class=\"post-title entry-title\"><a href=\"https:\/\/www.sinduscon-joinville.org.br\/v2021\/associado\/berg-engenharia\/\">Berg Engenharia<\/a><\/h5>\n\t\t\t\n\t\t\t\n\t\t\t        <div class=\"entry-content\">\n\n        \n        <\/div><!-- \/.entry-content -->\n        \n\t\t<\/div>\n\t\t<!-- \/.post-content-inner -->\n\t<\/div>\n\t<!-- \/.post-content -->\n\t\n<\/article>\n<!-- \/.post -->\n<article id=\"post-1886\" class=\"post tf_clearfix post-1886 associado type-associado status-publish has-post-thumbnail hentry has-post-title no-post-date has-post-category has-post-tag has-post-comment has-post-author \">\n\t    \n\t                <figure class=\"post-image tf_clearfix\">\n                                                            <a href=\"https:\/\/www.sinduscon-joinville.org.br\/v2021\/associado\/bfs-engenharia\/\">\n                                        <img loading=\"lazy\" decoding=\"async\" src=\"https:\/\/www.sinduscon-joinville.org.br\/v2021\/wp-content\/uploads\/2024\/04\/BFS-Engenharia-associado-Sinduscon-Joinville-250x250.png\" width=\"250\" height=\"250\" class=\"wp-post-image wp-image-2245\" title=\"BFS Engenharia- associado Sinduscon Joinville\" alt=\"BFS Engenharia- associado Sinduscon Joinville\" srcset=\"https:\/\/www.sinduscon-joinville.org.br\/v2021\/wp-content\/uploads\/2024\/04\/BFS-Engenharia-associado-Sinduscon-Joinville-250x250.png 250w, https:\/\/www.sinduscon-joinville.org.br\/v2021\/wp-content\/uploads\/2024\/04\/BFS-Engenharia-associado-Sinduscon-Joinville.png 300w\" sizes=\"auto, (max-width: 250px) 100vw, 250px\" \/>                                                                    <\/a>\n                                                                <\/figure>\n                    \t<div class=\"post-content\">\n\t\t<div class=\"post-content-inner\">\n\n\t\t\t\n\t\t\t<h5 class=\"post-title entry-title\"><a href=\"https:\/\/www.sinduscon-joinville.org.br\/v2021\/associado\/bfs-engenharia\/\">BFS Engenharia<\/a><\/h5>\n\t\t\t\n\t\t\t\n\t\t\t        <div class=\"entry-content\">\n\n        \n        <\/div><!-- \/.entry-content -->\n        \n\t\t<\/div>\n\t\t<!-- \/.post-content-inner -->\n\t<\/div>\n\t<!-- \/.post-content -->\n\t\n<\/article>\n<!-- \/.post -->\n<article id=\"post-1887\" class=\"post tf_clearfix post-1887 associado type-associado status-publish has-post-thumbnail hentry has-post-title no-post-date has-post-category has-post-tag has-post-comment has-post-author \">\n\t    \n\t                <figure class=\"post-image tf_clearfix\">\n                                                            <a href=\"https:\/\/www.sinduscon-joinville.org.br\/v2021\/associado\/cad-obras\/\">\n                                        <img loading=\"lazy\" decoding=\"async\" src=\"https:\/\/www.sinduscon-joinville.org.br\/v2021\/wp-content\/uploads\/2024\/02\/Cad-Obras-associado-Sinduscon-Joinville-250x250.jpg\" width=\"250\" height=\"250\" class=\"wp-post-image wp-image-1820\" title=\"Cad Obras - associado Sinduscon Joinville\" alt=\"Cad Obras - associado Sinduscon Joinville\" srcset=\"https:\/\/www.sinduscon-joinville.org.br\/v2021\/wp-content\/uploads\/2024\/02\/Cad-Obras-associado-Sinduscon-Joinville-250x250.jpg 250w, https:\/\/www.sinduscon-joinville.org.br\/v2021\/wp-content\/uploads\/2024\/02\/Cad-Obras-associado-Sinduscon-Joinville-300x300.jpg 300w, https:\/\/www.sinduscon-joinville.org.br\/v2021\/wp-content\/uploads\/2024\/02\/Cad-Obras-associado-Sinduscon-Joinville-150x150.jpg 150w, https:\/\/www.sinduscon-joinville.org.br\/v2021\/wp-content\/uploads\/2024\/02\/Cad-Obras-associado-Sinduscon-Joinville-200x200.jpg 200w, https:\/\/www.sinduscon-joinville.org.br\/v2021\/wp-content\/uploads\/2024\/02\/Cad-Obras-associado-Sinduscon-Joinville-350x350.jpg 350w, https:\/\/www.sinduscon-joinville.org.br\/v2021\/wp-content\/uploads\/2024\/02\/Cad-Obras-associado-Sinduscon-Joinville.jpg 352w\" sizes=\"auto, (max-width: 250px) 100vw, 250px\" \/>                                                                    <\/a>\n                                                                <\/figure>\n                    \t<div class=\"post-content\">\n\t\t<div class=\"post-content-inner\">\n\n\t\t\t\n\t\t\t<h5 class=\"post-title entry-title\"><a href=\"https:\/\/www.sinduscon-joinville.org.br\/v2021\/associado\/cad-obras\/\">CAD Obras<\/a><\/h5>\n\t\t\t\n\t\t\t\n\t\t\t        <div class=\"entry-content\">\n\n        \n        <\/div><!-- \/.entry-content -->\n        \n\t\t<\/div>\n\t\t<!-- \/.post-content-inner -->\n\t<\/div>\n\t<!-- \/.post-content -->\n\t\n<\/article>\n<!-- \/.post -->\n<article id=\"post-1901\" class=\"post tf_clearfix post-1901 associado type-associado status-publish has-post-thumbnail hentry has-post-title no-post-date has-post-category has-post-tag has-post-comment has-post-author \">\n\t    \n\t                <figure class=\"post-image tf_clearfix\">\n                                                            <a href=\"https:\/\/www.sinduscon-joinville.org.br\/v2021\/associado\/campos-incorporadora\/\">\n                                        <img loading=\"lazy\" decoding=\"async\" src=\"https:\/\/www.sinduscon-joinville.org.br\/v2021\/wp-content\/uploads\/2023\/08\/Campos-Incorporadora-Associada-Sinduscon-Joinville-250x250.png\" width=\"250\" height=\"250\" class=\"wp-post-image wp-image-1586\" title=\"Campos-Incorporadora---Associada-Sinduscon-Joinville\" alt=\"Campos-Incorporadora---Associada-Sinduscon-Joinville\" srcset=\"https:\/\/www.sinduscon-joinville.org.br\/v2021\/wp-content\/uploads\/2023\/08\/Campos-Incorporadora-Associada-Sinduscon-Joinville-250x250.png 250w, https:\/\/www.sinduscon-joinville.org.br\/v2021\/wp-content\/uploads\/2023\/08\/Campos-Incorporadora-Associada-Sinduscon-Joinville-300x300.png 300w, https:\/\/www.sinduscon-joinville.org.br\/v2021\/wp-content\/uploads\/2023\/08\/Campos-Incorporadora-Associada-Sinduscon-Joinville-150x150.png 150w, https:\/\/www.sinduscon-joinville.org.br\/v2021\/wp-content\/uploads\/2023\/08\/Campos-Incorporadora-Associada-Sinduscon-Joinville-200x200.png 200w, https:\/\/www.sinduscon-joinville.org.br\/v2021\/wp-content\/uploads\/2023\/08\/Campos-Incorporadora-Associada-Sinduscon-Joinville.png 350w\" sizes=\"auto, (max-width: 250px) 100vw, 250px\" \/>                                                                    <\/a>\n                                                                <\/figure>\n                    \t<div class=\"post-content\">\n\t\t<div class=\"post-content-inner\">\n\n\t\t\t\n\t\t\t<h5 class=\"post-title entry-title\"><a href=\"https:\/\/www.sinduscon-joinville.org.br\/v2021\/associado\/campos-incorporadora\/\">Campos Incorporadora<\/a><\/h5>\n\t\t\t\n\t\t\t\n\t\t\t        <div class=\"entry-content\">\n\n        \n        <\/div><!-- \/.entry-content -->\n        \n\t\t<\/div>\n\t\t<!-- \/.post-content-inner -->\n\t<\/div>\n\t<!-- \/.post-content -->\n\t\n<\/article>\n<!-- \/.post -->\n<article id=\"post-1902\" class=\"post tf_clearfix post-1902 associado type-associado status-publish has-post-thumbnail hentry has-post-title no-post-date has-post-category has-post-tag has-post-comment has-post-author \">\n\t    \n\t                <figure class=\"post-image tf_clearfix\">\n                                                            <a href=\"https:\/\/www.sinduscon-joinville.org.br\/v2021\/associado\/carbono-engenharia\/\">\n                                        <img loading=\"lazy\" decoding=\"async\" src=\"https:\/\/www.sinduscon-joinville.org.br\/v2021\/wp-content\/uploads\/2024\/02\/Carbono-Engenharia-Associado-Sinduscon-Joinville-250x250.jpg\" width=\"250\" height=\"250\" class=\"wp-post-image wp-image-1809\" title=\"Carbono Engenharia - Associado Sinduscon Joinville\" alt=\"Carbono Engenharia - Associado Sinduscon Joinville\" srcset=\"https:\/\/www.sinduscon-joinville.org.br\/v2021\/wp-content\/uploads\/2024\/02\/Carbono-Engenharia-Associado-Sinduscon-Joinville-250x250.jpg 250w, https:\/\/www.sinduscon-joinville.org.br\/v2021\/wp-content\/uploads\/2024\/02\/Carbono-Engenharia-Associado-Sinduscon-Joinville-300x300.jpg 300w, https:\/\/www.sinduscon-joinville.org.br\/v2021\/wp-content\/uploads\/2024\/02\/Carbono-Engenharia-Associado-Sinduscon-Joinville-150x150.jpg 150w, https:\/\/www.sinduscon-joinville.org.br\/v2021\/wp-content\/uploads\/2024\/02\/Carbono-Engenharia-Associado-Sinduscon-Joinville-200x200.jpg 200w, https:\/\/www.sinduscon-joinville.org.br\/v2021\/wp-content\/uploads\/2024\/02\/Carbono-Engenharia-Associado-Sinduscon-Joinville.jpg 350w\" sizes=\"auto, (max-width: 250px) 100vw, 250px\" \/>                                                                    <\/a>\n                                                                <\/figure>\n                    \t<div class=\"post-content\">\n\t\t<div class=\"post-content-inner\">\n\n\t\t\t\n\t\t\t<h5 class=\"post-title entry-title\"><a href=\"https:\/\/www.sinduscon-joinville.org.br\/v2021\/associado\/carbono-engenharia\/\">Carbono Engenharia<\/a><\/h5>\n\t\t\t\n\t\t\t\n\t\t\t        <div class=\"entry-content\">\n\n        \n        <\/div><!-- \/.entry-content -->\n        \n\t\t<\/div>\n\t\t<!-- \/.post-content-inner -->\n\t<\/div>\n\t<!-- \/.post-content -->\n\t\n<\/article>\n<!-- \/.post -->\n<article id=\"post-1903\" class=\"post tf_clearfix post-1903 associado type-associado status-publish has-post-thumbnail hentry has-post-title no-post-date has-post-category has-post-tag has-post-comment has-post-author \">\n\t    \n\t                <figure class=\"post-image tf_clearfix\">\n                                                            <a href=\"https:\/\/www.sinduscon-joinville.org.br\/v2021\/associado\/casaba-engenharia\/\">\n                                        <img loading=\"lazy\" decoding=\"async\" src=\"https:\/\/www.sinduscon-joinville.org.br\/v2021\/wp-content\/uploads\/2023\/07\/Casaba-Engenharia-Novo-associado-Sinduscon-Joinville-250x250.png\" width=\"250\" height=\"250\" class=\"wp-post-image wp-image-1525\" title=\"Casaba-Engenharia---Novo-associado-Sinduscon-Joinville\" alt=\"Casaba-Engenharia---Novo-associado-Sinduscon-Joinville\" srcset=\"https:\/\/www.sinduscon-joinville.org.br\/v2021\/wp-content\/uploads\/2023\/07\/Casaba-Engenharia-Novo-associado-Sinduscon-Joinville-250x250.png 250w, https:\/\/www.sinduscon-joinville.org.br\/v2021\/wp-content\/uploads\/2023\/07\/Casaba-Engenharia-Novo-associado-Sinduscon-Joinville-300x300.png 300w, https:\/\/www.sinduscon-joinville.org.br\/v2021\/wp-content\/uploads\/2023\/07\/Casaba-Engenharia-Novo-associado-Sinduscon-Joinville-150x150.png 150w, https:\/\/www.sinduscon-joinville.org.br\/v2021\/wp-content\/uploads\/2023\/07\/Casaba-Engenharia-Novo-associado-Sinduscon-Joinville-200x200.png 200w, https:\/\/www.sinduscon-joinville.org.br\/v2021\/wp-content\/uploads\/2023\/07\/Casaba-Engenharia-Novo-associado-Sinduscon-Joinville.png 350w\" sizes=\"auto, (max-width: 250px) 100vw, 250px\" \/>                                                                    <\/a>\n                                                                <\/figure>\n                    \t<div class=\"post-content\">\n\t\t<div class=\"post-content-inner\">\n\n\t\t\t\n\t\t\t<h5 class=\"post-title entry-title\"><a href=\"https:\/\/www.sinduscon-joinville.org.br\/v2021\/associado\/casaba-engenharia\/\">Casab\u00e1 Engenharia<\/a><\/h5>\n\t\t\t\n\t\t\t\n\t\t\t        <div class=\"entry-content\">\n\n        \n        <\/div><!-- \/.entry-content -->\n        \n\t\t<\/div>\n\t\t<!-- \/.post-content-inner -->\n\t<\/div>\n\t<!-- \/.post-content -->\n\t\n<\/article>\n<!-- \/.post -->\n<article id=\"post-1904\" class=\"post tf_clearfix post-1904 associado type-associado status-publish has-post-thumbnail hentry has-post-title no-post-date has-post-category has-post-tag has-post-comment has-post-author \">\n\t    \n\t                <figure class=\"post-image tf_clearfix\">\n                                                            <a href=\"https:\/\/www.sinduscon-joinville.org.br\/v2021\/associado\/chf-construtora\/\">\n                                        <img loading=\"lazy\" decoding=\"async\" src=\"https:\/\/www.sinduscon-joinville.org.br\/v2021\/wp-content\/uploads\/2024\/04\/CHF-Construtora-associado-Sinduscon-Joinville-250x250.png\" width=\"250\" height=\"250\" class=\"wp-post-image wp-image-2249\" title=\"CHF Construtora - associado Sinduscon Joinville\" alt=\"CHF Construtora - associado Sinduscon Joinville\" srcset=\"https:\/\/www.sinduscon-joinville.org.br\/v2021\/wp-content\/uploads\/2024\/04\/CHF-Construtora-associado-Sinduscon-Joinville-250x250.png 250w, https:\/\/www.sinduscon-joinville.org.br\/v2021\/wp-content\/uploads\/2024\/04\/CHF-Construtora-associado-Sinduscon-Joinville.png 300w\" sizes=\"auto, (max-width: 250px) 100vw, 250px\" \/>                                                                    <\/a>\n                                                                <\/figure>\n                    \t<div class=\"post-content\">\n\t\t<div class=\"post-content-inner\">\n\n\t\t\t\n\t\t\t<h5 class=\"post-title entry-title\"><a href=\"https:\/\/www.sinduscon-joinville.org.br\/v2021\/associado\/chf-construtora\/\">CHF Construtora<\/a><\/h5>\n\t\t\t\n\t\t\t\n\t\t\t        <div class=\"entry-content\">\n\n        \n        <\/div><!-- \/.entry-content -->\n        \n\t\t<\/div>\n\t\t<!-- \/.post-content-inner -->\n\t<\/div>\n\t<!-- \/.post-content -->\n\t\n<\/article>\n<!-- \/.post -->\n<article id=\"post-1931\" class=\"post tf_clearfix post-1931 associado type-associado status-publish has-post-thumbnail hentry has-post-title no-post-date has-post-category has-post-tag has-post-comment has-post-author \">\n\t    \n\t                <figure class=\"post-image tf_clearfix\">\n                                                            <a href=\"https:\/\/www.sinduscon-joinville.org.br\/v2021\/associado\/cidade-das-aguas\/\">\n                                        <img loading=\"lazy\" decoding=\"async\" src=\"https:\/\/www.sinduscon-joinville.org.br\/v2021\/wp-content\/uploads\/2024\/04\/Cidade-das-Aguas-associado-Sinduscon-Joinville-250x250.png\" width=\"250\" height=\"250\" class=\"wp-post-image wp-image-2254\" title=\"Cidade das \u00c1guas - associado Sinduscon Joinville\" alt=\"Cidade das \u00c1guas - associado Sinduscon Joinville\" srcset=\"https:\/\/www.sinduscon-joinville.org.br\/v2021\/wp-content\/uploads\/2024\/04\/Cidade-das-Aguas-associado-Sinduscon-Joinville-250x250.png 250w, https:\/\/www.sinduscon-joinville.org.br\/v2021\/wp-content\/uploads\/2024\/04\/Cidade-das-Aguas-associado-Sinduscon-Joinville.png 300w\" sizes=\"auto, (max-width: 250px) 100vw, 250px\" \/>                                                                    <\/a>\n                                                                <\/figure>\n                    \t<div class=\"post-content\">\n\t\t<div class=\"post-content-inner\">\n\n\t\t\t\n\t\t\t<h5 class=\"post-title entry-title\"><a href=\"https:\/\/www.sinduscon-joinville.org.br\/v2021\/associado\/cidade-das-aguas\/\">Cidade das \u00c1guas<\/a><\/h5>\n\t\t\t\n\t\t\t\n\t\t\t        <div class=\"entry-content\">\n\n        \n        <\/div><!-- \/.entry-content -->\n        \n\t\t<\/div>\n\t\t<!-- \/.post-content-inner -->\n\t<\/div>\n\t<!-- \/.post-content -->\n\t\n<\/article>\n<!-- \/.post -->\n<article id=\"post-1905\" class=\"post tf_clearfix post-1905 associado type-associado status-publish has-post-thumbnail hentry has-post-title no-post-date has-post-category has-post-tag has-post-comment has-post-author \">\n\t    \n\t                <figure class=\"post-image tf_clearfix\">\n                                                            <a href=\"https:\/\/www.sinduscon-joinville.org.br\/v2021\/associado\/civil-con-construtora\/\">\n                                        <img loading=\"lazy\" decoding=\"async\" src=\"https:\/\/www.sinduscon-joinville.org.br\/v2021\/wp-content\/uploads\/2020\/09\/civil-con-construtora-associada-sinduscon-joinville-250x250.jpg\" width=\"250\" height=\"250\" class=\"wp-post-image wp-image-494\" title=\"civil-con-construtora-associada-sinduscon-joinville\" alt=\"civil-con-construtora-associada-sinduscon-joinville\" srcset=\"https:\/\/www.sinduscon-joinville.org.br\/v2021\/wp-content\/uploads\/2020\/09\/civil-con-construtora-associada-sinduscon-joinville-250x250.jpg 250w, https:\/\/www.sinduscon-joinville.org.br\/v2021\/wp-content\/uploads\/2020\/09\/civil-con-construtora-associada-sinduscon-joinville-300x300.jpg 300w, https:\/\/www.sinduscon-joinville.org.br\/v2021\/wp-content\/uploads\/2020\/09\/civil-con-construtora-associada-sinduscon-joinville-150x150.jpg 150w, https:\/\/www.sinduscon-joinville.org.br\/v2021\/wp-content\/uploads\/2020\/09\/civil-con-construtora-associada-sinduscon-joinville-200x200.jpg 200w, https:\/\/www.sinduscon-joinville.org.br\/v2021\/wp-content\/uploads\/2020\/09\/civil-con-construtora-associada-sinduscon-joinville.jpg 350w\" sizes=\"auto, (max-width: 250px) 100vw, 250px\" \/>                                                                    <\/a>\n                                                                <\/figure>\n                    \t<div class=\"post-content\">\n\t\t<div class=\"post-content-inner\">\n\n\t\t\t\n\t\t\t<h5 class=\"post-title entry-title\"><a href=\"https:\/\/www.sinduscon-joinville.org.br\/v2021\/associado\/civil-con-construtora\/\">Civil Con Construtora<\/a><\/h5>\n\t\t\t\n\t\t\t\n\t\t\t        <div class=\"entry-content\">\n\n        \n        <\/div><!-- \/.entry-content -->\n        \n\t\t<\/div>\n\t\t<!-- \/.post-content-inner -->\n\t<\/div>\n\t<!-- \/.post-content -->\n\t\n<\/article>\n<!-- \/.post -->\n<article id=\"post-1906\" class=\"post tf_clearfix post-1906 associado type-associado status-publish has-post-thumbnail hentry has-post-title no-post-date has-post-category has-post-tag has-post-comment has-post-author \">\n\t    \n\t                <figure class=\"post-image tf_clearfix\">\n                                                            <a href=\"https:\/\/www.sinduscon-joinville.org.br\/v2021\/associado\/concrebras\/\">\n                                        <img loading=\"lazy\" decoding=\"async\" src=\"https:\/\/www.sinduscon-joinville.org.br\/v2021\/wp-content\/uploads\/2020\/09\/concrebras-associada-sinduscon-joinville-250x250.jpg\" width=\"250\" height=\"250\" class=\"wp-post-image wp-image-497\" title=\"concrebras-associada-sinduscon-joinville\" alt=\"concrebras-associada-sinduscon-joinville\" srcset=\"https:\/\/www.sinduscon-joinville.org.br\/v2021\/wp-content\/uploads\/2020\/09\/concrebras-associada-sinduscon-joinville-250x250.jpg 250w, https:\/\/www.sinduscon-joinville.org.br\/v2021\/wp-content\/uploads\/2020\/09\/concrebras-associada-sinduscon-joinville-300x300.jpg 300w, https:\/\/www.sinduscon-joinville.org.br\/v2021\/wp-content\/uploads\/2020\/09\/concrebras-associada-sinduscon-joinville-150x150.jpg 150w, https:\/\/www.sinduscon-joinville.org.br\/v2021\/wp-content\/uploads\/2020\/09\/concrebras-associada-sinduscon-joinville-200x200.jpg 200w, https:\/\/www.sinduscon-joinville.org.br\/v2021\/wp-content\/uploads\/2020\/09\/concrebras-associada-sinduscon-joinville.jpg 350w\" sizes=\"auto, (max-width: 250px) 100vw, 250px\" \/>                                                                    <\/a>\n                                                                <\/figure>\n                    \t<div class=\"post-content\">\n\t\t<div class=\"post-content-inner\">\n\n\t\t\t\n\t\t\t<h5 class=\"post-title entry-title\"><a href=\"https:\/\/www.sinduscon-joinville.org.br\/v2021\/associado\/concrebras\/\">Concrebras<\/a><\/h5>\n\t\t\t\n\t\t\t\n\t\t\t        <div class=\"entry-content\">\n\n        \n        <\/div><!-- \/.entry-content -->\n        \n\t\t<\/div>\n\t\t<!-- \/.post-content-inner -->\n\t<\/div>\n\t<!-- \/.post-content -->\n\t\n<\/article>\n<!-- \/.post -->\n<article id=\"post-1908\" class=\"post tf_clearfix post-1908 associado type-associado status-publish has-post-thumbnail hentry has-post-title no-post-date has-post-category has-post-tag has-post-comment has-post-author \">\n\t    \n\t                <figure class=\"post-image tf_clearfix\">\n                                                            <a href=\"https:\/\/www.sinduscon-joinville.org.br\/v2021\/associado\/construtora-cdf\/\">\n                                        <img loading=\"lazy\" decoding=\"async\" src=\"https:\/\/www.sinduscon-joinville.org.br\/v2021\/wp-content\/uploads\/2024\/04\/Construtora-CDF-Associada-ao-Sinduscon-Joinville-250x250.png\" width=\"250\" height=\"250\" class=\"wp-post-image wp-image-1909\" title=\"Construtora CDF - Associada ao Sinduscon Joinville\" alt=\"Construtora CDF - Associada ao Sinduscon Joinville\" srcset=\"https:\/\/www.sinduscon-joinville.org.br\/v2021\/wp-content\/uploads\/2024\/04\/Construtora-CDF-Associada-ao-Sinduscon-Joinville-250x250.png 250w, https:\/\/www.sinduscon-joinville.org.br\/v2021\/wp-content\/uploads\/2024\/04\/Construtora-CDF-Associada-ao-Sinduscon-Joinville-300x300.png 300w, https:\/\/www.sinduscon-joinville.org.br\/v2021\/wp-content\/uploads\/2024\/04\/Construtora-CDF-Associada-ao-Sinduscon-Joinville-150x150.png 150w, https:\/\/www.sinduscon-joinville.org.br\/v2021\/wp-content\/uploads\/2024\/04\/Construtora-CDF-Associada-ao-Sinduscon-Joinville-350x350.png 350w, https:\/\/www.sinduscon-joinville.org.br\/v2021\/wp-content\/uploads\/2024\/04\/Construtora-CDF-Associada-ao-Sinduscon-Joinville.png 501w\" sizes=\"auto, (max-width: 250px) 100vw, 250px\" \/>                                                                    <\/a>\n                                                                <\/figure>\n                    \t<div class=\"post-content\">\n\t\t<div class=\"post-content-inner\">\n\n\t\t\t\n\t\t\t<h5 class=\"post-title entry-title\"><a href=\"https:\/\/www.sinduscon-joinville.org.br\/v2021\/associado\/construtora-cdf\/\">Construtora CDF<\/a><\/h5>\n\t\t\t\n\t\t\t\n\t\t\t        <div class=\"entry-content\">\n\n        \n        <\/div><!-- \/.entry-content -->\n        \n\t\t<\/div>\n\t\t<!-- \/.post-content-inner -->\n\t<\/div>\n\t<!-- \/.post-content -->\n\t\n<\/article>\n<!-- \/.post -->\n<article id=\"post-1910\" class=\"post tf_clearfix post-1910 associado type-associado status-publish has-post-thumbnail hentry has-post-title no-post-date has-post-category has-post-tag has-post-comment has-post-author \">\n\t    \n\t                <figure class=\"post-image tf_clearfix\">\n                                                            <a href=\"https:\/\/www.sinduscon-joinville.org.br\/v2021\/associado\/construtora-hora-certa\/\">\n                                        <img loading=\"lazy\" decoding=\"async\" src=\"https:\/\/www.sinduscon-joinville.org.br\/v2021\/wp-content\/uploads\/2024\/04\/CHCerta--250x250.png\" width=\"250\" height=\"250\" class=\"wp-post-image wp-image-2552\" title=\"CHCerta\" alt=\"CHCerta\" srcset=\"https:\/\/www.sinduscon-joinville.org.br\/v2021\/wp-content\/uploads\/2024\/04\/CHCerta--250x250.png 250w, https:\/\/www.sinduscon-joinville.org.br\/v2021\/wp-content\/uploads\/2024\/04\/CHCerta--300x300.png 300w, https:\/\/www.sinduscon-joinville.org.br\/v2021\/wp-content\/uploads\/2024\/04\/CHCerta--150x150.png 150w, https:\/\/www.sinduscon-joinville.org.br\/v2021\/wp-content\/uploads\/2024\/04\/CHCerta-.png 350w\" sizes=\"auto, (max-width: 250px) 100vw, 250px\" \/>                                                                    <\/a>\n                                                                <\/figure>\n                    \t<div class=\"post-content\">\n\t\t<div class=\"post-content-inner\">\n\n\t\t\t\n\t\t\t<h5 class=\"post-title entry-title\"><a href=\"https:\/\/www.sinduscon-joinville.org.br\/v2021\/associado\/construtora-hora-certa\/\">Construtora HRCerta<\/a><\/h5>\n\t\t\t\n\t\t\t\n\t\t\t        <div class=\"entry-content\">\n\n        \n        <\/div><!-- \/.entry-content -->\n        \n\t\t<\/div>\n\t\t<!-- \/.post-content-inner -->\n\t<\/div>\n\t<!-- \/.post-content -->\n\t\n<\/article>\n<!-- \/.post -->\n<article id=\"post-1911\" class=\"post tf_clearfix post-1911 associado type-associado status-publish has-post-thumbnail hentry has-post-title no-post-date has-post-category has-post-tag has-post-comment has-post-author \">\n\t    \n\t                <figure class=\"post-image tf_clearfix\">\n                                                            <a href=\"https:\/\/www.sinduscon-joinville.org.br\/v2021\/associado\/construtora-richter\/\">\n                                        <img loading=\"lazy\" decoding=\"async\" src=\"https:\/\/www.sinduscon-joinville.org.br\/v2021\/wp-content\/uploads\/2024\/04\/richter-construtora-associada-sinduscon-joinville-300x300-1-250x250.jpg\" width=\"250\" height=\"250\" class=\"wp-post-image wp-image-1978\" title=\"richter-construtora-associada-sinduscon-joinville-300x300\" alt=\"richter-construtora-associada-sinduscon-joinville-300x300\" srcset=\"https:\/\/www.sinduscon-joinville.org.br\/v2021\/wp-content\/uploads\/2024\/04\/richter-construtora-associada-sinduscon-joinville-300x300-1-250x250.jpg 250w, https:\/\/www.sinduscon-joinville.org.br\/v2021\/wp-content\/uploads\/2024\/04\/richter-construtora-associada-sinduscon-joinville-300x300-1-300x300.jpg 300w, https:\/\/www.sinduscon-joinville.org.br\/v2021\/wp-content\/uploads\/2024\/04\/richter-construtora-associada-sinduscon-joinville-300x300-1-150x150.jpg 150w, https:\/\/www.sinduscon-joinville.org.br\/v2021\/wp-content\/uploads\/2024\/04\/richter-construtora-associada-sinduscon-joinville-300x300-1-350x350.jpg 350w, https:\/\/www.sinduscon-joinville.org.br\/v2021\/wp-content\/uploads\/2024\/04\/richter-construtora-associada-sinduscon-joinville-300x300-1.jpg 501w\" sizes=\"auto, (max-width: 250px) 100vw, 250px\" \/>                                                                    <\/a>\n                                                                <\/figure>\n                    \t<div class=\"post-content\">\n\t\t<div class=\"post-content-inner\">\n\n\t\t\t\n\t\t\t<h5 class=\"post-title entry-title\"><a href=\"https:\/\/www.sinduscon-joinville.org.br\/v2021\/associado\/construtora-richter\/\">Construtora Richter<\/a><\/h5>\n\t\t\t\n\t\t\t\n\t\t\t        <div class=\"entry-content\">\n\n        \n        <\/div><!-- \/.entry-content -->\n        \n\t\t<\/div>\n\t\t<!-- \/.post-content-inner -->\n\t<\/div>\n\t<!-- \/.post-content -->\n\t\n<\/article>\n<!-- \/.post -->\n<article id=\"post-1907\" class=\"post tf_clearfix post-1907 associado type-associado status-publish has-post-thumbnail hentry has-post-title no-post-date has-post-category has-post-tag has-post-comment has-post-author \">\n\t    \n\t                <figure class=\"post-image tf_clearfix\">\n                                                            <a href=\"https:\/\/www.sinduscon-joinville.org.br\/v2021\/associado\/convisa\/\">\n                                        <img loading=\"lazy\" decoding=\"async\" src=\"https:\/\/www.sinduscon-joinville.org.br\/v2021\/wp-content\/uploads\/2024\/04\/logos-250x250.png\" width=\"250\" height=\"250\" class=\"wp-post-image wp-image-2553\" title=\"logos\" alt=\"logos\" srcset=\"https:\/\/www.sinduscon-joinville.org.br\/v2021\/wp-content\/uploads\/2024\/04\/logos-250x250.png 250w, https:\/\/www.sinduscon-joinville.org.br\/v2021\/wp-content\/uploads\/2024\/04\/logos-300x300.png 300w, https:\/\/www.sinduscon-joinville.org.br\/v2021\/wp-content\/uploads\/2024\/04\/logos-150x150.png 150w, https:\/\/www.sinduscon-joinville.org.br\/v2021\/wp-content\/uploads\/2024\/04\/logos.png 350w\" sizes=\"auto, (max-width: 250px) 100vw, 250px\" \/>                                                                    <\/a>\n                                                                <\/figure>\n                    \t<div class=\"post-content\">\n\t\t<div class=\"post-content-inner\">\n\n\t\t\t\n\t\t\t<h5 class=\"post-title entry-title\"><a href=\"https:\/\/www.sinduscon-joinville.org.br\/v2021\/associado\/convisa\/\">Convisa<\/a><\/h5>\n\t\t\t\n\t\t\t\n\t\t\t        <div class=\"entry-content\">\n\n        \n        <\/div><!-- \/.entry-content -->\n        \n\t\t<\/div>\n\t\t<!-- \/.post-content-inner -->\n\t<\/div>\n\t<!-- \/.post-content -->\n\t\n<\/article>\n<!-- \/.post -->\n<article id=\"post-1912\" class=\"post tf_clearfix post-1912 associado type-associado status-publish has-post-thumbnail hentry has-post-title no-post-date has-post-category has-post-tag has-post-comment has-post-author \">\n\t    \n\t                <figure class=\"post-image tf_clearfix\">\n                                                            <a href=\"https:\/\/www.sinduscon-joinville.org.br\/v2021\/associado\/cr-fernandes-engenharia\/\">\n                                        <img loading=\"lazy\" decoding=\"async\" src=\"https:\/\/www.sinduscon-joinville.org.br\/v2021\/wp-content\/uploads\/2024\/04\/cr-fernandes-engenharia-associada-sinduscon-joinville-350x350-ok-250x250.jpg\" width=\"250\" height=\"250\" class=\"wp-post-image wp-image-1976\" title=\"cr-fernandes-engenharia-associada-sinduscon-joinville-350x350-ok\" alt=\"cr-fernandes-engenharia-associada-sinduscon-joinville-350x350-ok\" srcset=\"https:\/\/www.sinduscon-joinville.org.br\/v2021\/wp-content\/uploads\/2024\/04\/cr-fernandes-engenharia-associada-sinduscon-joinville-350x350-ok-250x250.jpg 250w, https:\/\/www.sinduscon-joinville.org.br\/v2021\/wp-content\/uploads\/2024\/04\/cr-fernandes-engenharia-associada-sinduscon-joinville-350x350-ok-300x300.jpg 300w, https:\/\/www.sinduscon-joinville.org.br\/v2021\/wp-content\/uploads\/2024\/04\/cr-fernandes-engenharia-associada-sinduscon-joinville-350x350-ok-150x150.jpg 150w, https:\/\/www.sinduscon-joinville.org.br\/v2021\/wp-content\/uploads\/2024\/04\/cr-fernandes-engenharia-associada-sinduscon-joinville-350x350-ok-350x350.jpg 350w, https:\/\/www.sinduscon-joinville.org.br\/v2021\/wp-content\/uploads\/2024\/04\/cr-fernandes-engenharia-associada-sinduscon-joinville-350x350-ok.jpg 501w\" sizes=\"auto, (max-width: 250px) 100vw, 250px\" \/>                                                                    <\/a>\n                                                                <\/figure>\n                    \t<div class=\"post-content\">\n\t\t<div class=\"post-content-inner\">\n\n\t\t\t\n\t\t\t<h5 class=\"post-title entry-title\"><a href=\"https:\/\/www.sinduscon-joinville.org.br\/v2021\/associado\/cr-fernandes-engenharia\/\">CR Fernandes Engenharia<\/a><\/h5>\n\t\t\t\n\t\t\t\n\t\t\t        <div class=\"entry-content\">\n\n        \n        <\/div><!-- \/.entry-content -->\n        \n\t\t<\/div>\n\t\t<!-- \/.post-content-inner -->\n\t<\/div>\n\t<!-- \/.post-content -->\n\t\n<\/article>\n<!-- \/.post -->\n<article id=\"post-1913\" class=\"post tf_clearfix post-1913 associado type-associado status-publish has-post-thumbnail hentry has-post-title no-post-date has-post-category has-post-tag has-post-comment has-post-author \">\n\t    \n\t                <figure class=\"post-image tf_clearfix\">\n                                                            <a href=\"https:\/\/www.sinduscon-joinville.org.br\/v2021\/associado\/daxo-construtora\/\">\n                                        <img loading=\"lazy\" decoding=\"async\" src=\"https:\/\/www.sinduscon-joinville.org.br\/v2021\/wp-content\/uploads\/2020\/07\/daxo-construtora-associada-sinduscon-joinville-250x250.png\" width=\"250\" height=\"250\" class=\"wp-post-image wp-image-218\" title=\"daxo-construtora-associada-sinduscon-joinville\" alt=\"daxo-construtora-associada-sinduscon-joinville\" srcset=\"https:\/\/www.sinduscon-joinville.org.br\/v2021\/wp-content\/uploads\/2020\/07\/daxo-construtora-associada-sinduscon-joinville-250x250.png 250w, https:\/\/www.sinduscon-joinville.org.br\/v2021\/wp-content\/uploads\/2020\/07\/daxo-construtora-associada-sinduscon-joinville-300x300.png 300w, https:\/\/www.sinduscon-joinville.org.br\/v2021\/wp-content\/uploads\/2020\/07\/daxo-construtora-associada-sinduscon-joinville-150x150.png 150w, https:\/\/www.sinduscon-joinville.org.br\/v2021\/wp-content\/uploads\/2020\/07\/daxo-construtora-associada-sinduscon-joinville.png 350w\" sizes=\"auto, (max-width: 250px) 100vw, 250px\" \/>                                                                    <\/a>\n                                                                <\/figure>\n                    \t<div class=\"post-content\">\n\t\t<div class=\"post-content-inner\">\n\n\t\t\t\n\t\t\t<h5 class=\"post-title entry-title\"><a href=\"https:\/\/www.sinduscon-joinville.org.br\/v2021\/associado\/daxo-construtora\/\">Daxo Construtora<\/a><\/h5>\n\t\t\t\n\t\t\t\n\t\t\t        <div class=\"entry-content\">\n\n        \n        <\/div><!-- \/.entry-content -->\n        \n\t\t<\/div>\n\t\t<!-- \/.post-content-inner -->\n\t<\/div>\n\t<!-- \/.post-content -->\n\t\n<\/article>\n<!-- \/.post -->\n<article id=\"post-1914\" class=\"post tf_clearfix post-1914 associado type-associado status-publish has-post-thumbnail hentry has-post-title no-post-date has-post-category has-post-tag has-post-comment has-post-author \">\n\t    \n\t                <figure class=\"post-image tf_clearfix\">\n                                                            <a href=\"https:\/\/www.sinduscon-joinville.org.br\/v2021\/associado\/desemtech-laudos\/\">\n                                        <img loading=\"lazy\" decoding=\"async\" src=\"https:\/\/www.sinduscon-joinville.org.br\/v2021\/wp-content\/uploads\/2024\/04\/Desemtech-Associada-ao-Sinduscon-Joinville-250x250.png\" width=\"250\" height=\"250\" class=\"wp-post-image wp-image-1915\" title=\"Desemtech - Associada ao Sinduscon Joinville\" alt=\"Desemtech - Associada ao Sinduscon Joinville\" srcset=\"https:\/\/www.sinduscon-joinville.org.br\/v2021\/wp-content\/uploads\/2024\/04\/Desemtech-Associada-ao-Sinduscon-Joinville-250x250.png 250w, https:\/\/www.sinduscon-joinville.org.br\/v2021\/wp-content\/uploads\/2024\/04\/Desemtech-Associada-ao-Sinduscon-Joinville-300x300.png 300w, https:\/\/www.sinduscon-joinville.org.br\/v2021\/wp-content\/uploads\/2024\/04\/Desemtech-Associada-ao-Sinduscon-Joinville-150x150.png 150w, https:\/\/www.sinduscon-joinville.org.br\/v2021\/wp-content\/uploads\/2024\/04\/Desemtech-Associada-ao-Sinduscon-Joinville-350x350.png 350w, https:\/\/www.sinduscon-joinville.org.br\/v2021\/wp-content\/uploads\/2024\/04\/Desemtech-Associada-ao-Sinduscon-Joinville.png 501w\" sizes=\"auto, (max-width: 250px) 100vw, 250px\" \/>                                                                    <\/a>\n                                                                <\/figure>\n                    \t<div class=\"post-content\">\n\t\t<div class=\"post-content-inner\">\n\n\t\t\t\n\t\t\t<h5 class=\"post-title entry-title\"><a href=\"https:\/\/www.sinduscon-joinville.org.br\/v2021\/associado\/desemtech-laudos\/\">DESEMTECH Laudos<\/a><\/h5>\n\t\t\t\n\t\t\t\n\t\t\t        <div class=\"entry-content\">\n\n        \n        <\/div><!-- \/.entry-content -->\n        \n\t\t<\/div>\n\t\t<!-- \/.post-content-inner -->\n\t<\/div>\n\t<!-- \/.post-content -->\n\t\n<\/article>\n<!-- \/.post -->\n<article id=\"post-2221\" class=\"post tf_clearfix post-2221 associado type-associado status-publish has-post-thumbnail hentry has-post-title no-post-date has-post-category has-post-tag has-post-comment has-post-author \">\n\t    \n\t                <figure class=\"post-image tf_clearfix\">\n                                                            <a href=\"https:\/\/www.sinduscon-joinville.org.br\/v2021\/associado\/elegance-gesso\/\">\n                                        <img loading=\"lazy\" decoding=\"async\" src=\"https:\/\/www.sinduscon-joinville.org.br\/v2021\/wp-content\/uploads\/2024\/09\/Elegance-Gesso-em-Joinville-associado-Sinduscon-Joinville-250x250.png\" width=\"250\" height=\"250\" class=\"wp-post-image wp-image-2251\" title=\"Elegance Gesso em Joinville - associado Sinduscon Joinville\" alt=\"Elegance Gesso em Joinville - associado Sinduscon Joinville\" srcset=\"https:\/\/www.sinduscon-joinville.org.br\/v2021\/wp-content\/uploads\/2024\/09\/Elegance-Gesso-em-Joinville-associado-Sinduscon-Joinville-250x250.png 250w, https:\/\/www.sinduscon-joinville.org.br\/v2021\/wp-content\/uploads\/2024\/09\/Elegance-Gesso-em-Joinville-associado-Sinduscon-Joinville.png 300w\" sizes=\"auto, (max-width: 250px) 100vw, 250px\" \/>                                                                    <\/a>\n                                                                <\/figure>\n                    \t<div class=\"post-content\">\n\t\t<div class=\"post-content-inner\">\n\n\t\t\t\n\t\t\t<h5 class=\"post-title entry-title\"><a href=\"https:\/\/www.sinduscon-joinville.org.br\/v2021\/associado\/elegance-gesso\/\">Elegance Gesso<\/a><\/h5>\n\t\t\t\n\t\t\t\n\t\t\t        <div class=\"entry-content\">\n\n        \n        <\/div><!-- \/.entry-content -->\n        \n\t\t<\/div>\n\t\t<!-- \/.post-content-inner -->\n\t<\/div>\n\t<!-- \/.post-content -->\n\t\n<\/article>\n<!-- \/.post -->\n<article id=\"post-1917\" class=\"post tf_clearfix post-1917 associado type-associado status-publish has-post-thumbnail hentry has-post-title no-post-date has-post-category has-post-tag has-post-comment has-post-author \">\n\t    \n\t                <figure class=\"post-image tf_clearfix\">\n                                                            <a href=\"https:\/\/www.sinduscon-joinville.org.br\/v2021\/associado\/estrutura-distribuicao\/\">\n                                        <img loading=\"lazy\" decoding=\"async\" src=\"https:\/\/www.sinduscon-joinville.org.br\/v2021\/wp-content\/uploads\/2023\/07\/Estrutura-Distribuicao-Novo-associado-Sinduscon-Joinville-250x250.png\" width=\"250\" height=\"250\" class=\"wp-post-image wp-image-1530\" title=\"Estrutura-Distribui\u00e7\u00e3o---Novo-associado-Sinduscon-Joinville\" alt=\"Estrutura-Distribui\u00e7\u00e3o---Novo-associado-Sinduscon-Joinville\" srcset=\"https:\/\/www.sinduscon-joinville.org.br\/v2021\/wp-content\/uploads\/2023\/07\/Estrutura-Distribuicao-Novo-associado-Sinduscon-Joinville-250x250.png 250w, https:\/\/www.sinduscon-joinville.org.br\/v2021\/wp-content\/uploads\/2023\/07\/Estrutura-Distribuicao-Novo-associado-Sinduscon-Joinville-300x300.png 300w, https:\/\/www.sinduscon-joinville.org.br\/v2021\/wp-content\/uploads\/2023\/07\/Estrutura-Distribuicao-Novo-associado-Sinduscon-Joinville-150x150.png 150w, https:\/\/www.sinduscon-joinville.org.br\/v2021\/wp-content\/uploads\/2023\/07\/Estrutura-Distribuicao-Novo-associado-Sinduscon-Joinville-200x200.png 200w, https:\/\/www.sinduscon-joinville.org.br\/v2021\/wp-content\/uploads\/2023\/07\/Estrutura-Distribuicao-Novo-associado-Sinduscon-Joinville.png 350w\" sizes=\"auto, (max-width: 250px) 100vw, 250px\" \/>                                                                    <\/a>\n                                                                <\/figure>\n                    \t<div class=\"post-content\">\n\t\t<div class=\"post-content-inner\">\n\n\t\t\t\n\t\t\t<h5 class=\"post-title entry-title\"><a href=\"https:\/\/www.sinduscon-joinville.org.br\/v2021\/associado\/estrutura-distribuicao\/\">Estrutura Equipamentos<\/a><\/h5>\n\t\t\t\n\t\t\t\n\t\t\t        <div class=\"entry-content\">\n\n        \n        <\/div><!-- \/.entry-content -->\n        \n\t\t<\/div>\n\t\t<!-- \/.post-content-inner -->\n\t<\/div>\n\t<!-- \/.post-content -->\n\t\n<\/article>\n<!-- \/.post -->\n<article id=\"post-1918\" class=\"post tf_clearfix post-1918 associado type-associado status-publish has-post-thumbnail hentry has-post-title no-post-date has-post-category has-post-tag has-post-comment has-post-author \">\n\t    \n\t                <figure class=\"post-image tf_clearfix\">\n                                                            <a href=\"https:\/\/www.sinduscon-joinville.org.br\/v2021\/associado\/exito-construcoes-e-empreendimentos\/\">\n                                        <img loading=\"lazy\" decoding=\"async\" src=\"https:\/\/www.sinduscon-joinville.org.br\/v2021\/wp-content\/uploads\/2024\/04\/Exito-Construcoes-associado-Sinduscon-Joinville-250x250.png\" width=\"250\" height=\"250\" class=\"wp-post-image wp-image-2247\" title=\"Exito Constru\u00e7\u00f5es - associado Sinduscon Joinville\" alt=\"Exito Constru\u00e7\u00f5es - associado Sinduscon Joinville\" srcset=\"https:\/\/www.sinduscon-joinville.org.br\/v2021\/wp-content\/uploads\/2024\/04\/Exito-Construcoes-associado-Sinduscon-Joinville-250x250.png 250w, https:\/\/www.sinduscon-joinville.org.br\/v2021\/wp-content\/uploads\/2024\/04\/Exito-Construcoes-associado-Sinduscon-Joinville.png 300w\" sizes=\"auto, (max-width: 250px) 100vw, 250px\" \/>                                                                    <\/a>\n                                                                <\/figure>\n                    \t<div class=\"post-content\">\n\t\t<div class=\"post-content-inner\">\n\n\t\t\t\n\t\t\t<h5 class=\"post-title entry-title\"><a href=\"https:\/\/www.sinduscon-joinville.org.br\/v2021\/associado\/exito-construcoes-e-empreendimentos\/\">\u00caxito Constru\u00e7\u00f5es e Empreendimentos<\/a><\/h5>\n\t\t\t\n\t\t\t\n\t\t\t        <div class=\"entry-content\">\n\n        \n        <\/div><!-- \/.entry-content -->\n        \n\t\t<\/div>\n\t\t<!-- \/.post-content-inner -->\n\t<\/div>\n\t<!-- \/.post-content -->\n\t\n<\/article>\n<!-- \/.post -->\n<article id=\"post-2111\" class=\"post tf_clearfix post-2111 associado type-associado status-publish has-post-thumbnail hentry has-post-title no-post-date has-post-category has-post-tag has-post-comment has-post-author \">\n\t    \n\t                <figure class=\"post-image tf_clearfix\">\n                                                            <a href=\"https:\/\/www.sinduscon-joinville.org.br\/v2021\/associado\/eza-motobombas\/\">\n                                        <img loading=\"lazy\" decoding=\"async\" src=\"https:\/\/www.sinduscon-joinville.org.br\/v2021\/wp-content\/uploads\/2024\/05\/Eza-Motobombas-associado-Sinduscon-Joinville-250x250.png\" width=\"250\" height=\"250\" class=\"wp-post-image wp-image-2238\" title=\"Eza Motobombas - associado Sinduscon Joinville\" alt=\"Eza Motobombas - associado Sinduscon Joinville\" srcset=\"https:\/\/www.sinduscon-joinville.org.br\/v2021\/wp-content\/uploads\/2024\/05\/Eza-Motobombas-associado-Sinduscon-Joinville-250x250.png 250w, https:\/\/www.sinduscon-joinville.org.br\/v2021\/wp-content\/uploads\/2024\/05\/Eza-Motobombas-associado-Sinduscon-Joinville.png 300w\" sizes=\"auto, (max-width: 250px) 100vw, 250px\" \/>                                                                    <\/a>\n                                                                <\/figure>\n                    \t<div class=\"post-content\">\n\t\t<div class=\"post-content-inner\">\n\n\t\t\t\n\t\t\t<h5 class=\"post-title entry-title\"><a href=\"https:\/\/www.sinduscon-joinville.org.br\/v2021\/associado\/eza-motobombas\/\">Eza motobombas<\/a><\/h5>\n\t\t\t\n\t\t\t\n\t\t\t        <div class=\"entry-content\">\n\n        \n        <\/div><!-- \/.entry-content -->\n        \n\t\t<\/div>\n\t\t<!-- \/.post-content-inner -->\n\t<\/div>\n\t<!-- \/.post-content -->\n\t\n<\/article>\n<!-- \/.post -->\n<article id=\"post-1919\" class=\"post tf_clearfix post-1919 associado type-associado status-publish has-post-thumbnail hentry has-post-title no-post-date has-post-category has-post-tag has-post-comment has-post-author \">\n\t    \n\t                <figure class=\"post-image tf_clearfix\">\n                                                            <a href=\"https:\/\/www.sinduscon-joinville.org.br\/v2021\/associado\/fator-3-engenharia-e-consultoria\/\">\n                                        <img loading=\"lazy\" decoding=\"async\" src=\"https:\/\/www.sinduscon-joinville.org.br\/v2021\/wp-content\/uploads\/2024\/04\/Fator-3-Engenharia-associado-Sinduscon-Joinville-250x250.png\" width=\"250\" height=\"250\" class=\"wp-post-image wp-image-2243\" title=\"Fator 3 Engenharia - associado Sinduscon Joinville\" alt=\"Fator 3 Engenharia - associado Sinduscon Joinville\" srcset=\"https:\/\/www.sinduscon-joinville.org.br\/v2021\/wp-content\/uploads\/2024\/04\/Fator-3-Engenharia-associado-Sinduscon-Joinville-250x250.png 250w, https:\/\/www.sinduscon-joinville.org.br\/v2021\/wp-content\/uploads\/2024\/04\/Fator-3-Engenharia-associado-Sinduscon-Joinville.png 300w\" sizes=\"auto, (max-width: 250px) 100vw, 250px\" \/>                                                                    <\/a>\n                                                                <\/figure>\n                    \t<div class=\"post-content\">\n\t\t<div class=\"post-content-inner\">\n\n\t\t\t\n\t\t\t<h5 class=\"post-title entry-title\"><a href=\"https:\/\/www.sinduscon-joinville.org.br\/v2021\/associado\/fator-3-engenharia-e-consultoria\/\">Fator 3 Engenharia e Consultoria<\/a><\/h5>\n\t\t\t\n\t\t\t\n\t\t\t        <div class=\"entry-content\">\n\n        \n        <\/div><!-- \/.entry-content -->\n        \n\t\t<\/div>\n\t\t<!-- \/.post-content-inner -->\n\t<\/div>\n\t<!-- \/.post-content -->\n\t\n<\/article>\n<!-- \/.post -->\n<article id=\"post-1920\" class=\"post tf_clearfix post-1920 associado type-associado status-publish has-post-thumbnail hentry has-post-title no-post-date has-post-category has-post-tag has-post-comment has-post-author \">\n\t    \n\t                <figure class=\"post-image tf_clearfix\">\n                                                            <a href=\"https:\/\/www.sinduscon-joinville.org.br\/v2021\/associado\/finanville-servicos-tecnologicos\/\">\n                                        <img loading=\"lazy\" decoding=\"async\" src=\"https:\/\/www.sinduscon-joinville.org.br\/v2021\/wp-content\/uploads\/2024\/01\/Finanville-Servicos-em-Tecnologia-Associado-Sinduscon-Joinville-250x250.png\" width=\"250\" height=\"250\" class=\"wp-post-image wp-image-1761\" title=\"Finanville-Servi\u00e7os-em-Tecnologia---Associado-Sinduscon-Joinville\" alt=\"Finanville-Servi\u00e7os-em-Tecnologia---Associado-Sinduscon-Joinville\" srcset=\"https:\/\/www.sinduscon-joinville.org.br\/v2021\/wp-content\/uploads\/2024\/01\/Finanville-Servicos-em-Tecnologia-Associado-Sinduscon-Joinville-250x250.png 250w, https:\/\/www.sinduscon-joinville.org.br\/v2021\/wp-content\/uploads\/2024\/01\/Finanville-Servicos-em-Tecnologia-Associado-Sinduscon-Joinville-300x300.png 300w, https:\/\/www.sinduscon-joinville.org.br\/v2021\/wp-content\/uploads\/2024\/01\/Finanville-Servicos-em-Tecnologia-Associado-Sinduscon-Joinville-150x150.png 150w, https:\/\/www.sinduscon-joinville.org.br\/v2021\/wp-content\/uploads\/2024\/01\/Finanville-Servicos-em-Tecnologia-Associado-Sinduscon-Joinville-200x200.png 200w, https:\/\/www.sinduscon-joinville.org.br\/v2021\/wp-content\/uploads\/2024\/01\/Finanville-Servicos-em-Tecnologia-Associado-Sinduscon-Joinville.png 350w\" sizes=\"auto, (max-width: 250px) 100vw, 250px\" \/>                                                                    <\/a>\n                                                                <\/figure>\n                    \t<div class=\"post-content\">\n\t\t<div class=\"post-content-inner\">\n\n\t\t\t\n\t\t\t<h5 class=\"post-title entry-title\"><a href=\"https:\/\/www.sinduscon-joinville.org.br\/v2021\/associado\/finanville-servicos-tecnologicos\/\">Finanville Servi\u00e7os Tecnol\u00f3gicos<\/a><\/h5>\n\t\t\t\n\t\t\t\n\t\t\t        <div class=\"entry-content\">\n\n        \n        <\/div><!-- \/.entry-content -->\n        \n\t\t<\/div>\n\t\t<!-- \/.post-content-inner -->\n\t<\/div>\n\t<!-- \/.post-content -->\n\t\n<\/article>\n<!-- \/.post -->\n<article id=\"post-2365\" class=\"post tf_clearfix post-2365 associado type-associado status-publish has-post-thumbnail hentry has-post-title no-post-date has-post-category has-post-tag has-post-comment has-post-author \">\n\t    \n\t                <figure class=\"post-image tf_clearfix\">\n                                                            <a href=\"https:\/\/www.sinduscon-joinville.org.br\/v2021\/associado\/firmaoito\/\">\n                                        <img loading=\"lazy\" decoding=\"async\" src=\"https:\/\/www.sinduscon-joinville.org.br\/v2021\/wp-content\/uploads\/2025\/02\/Firma-8-empreendimentos-imobiliarios-em-Joinville-Associado-Sinduscon-Joinville-250x250.png\" width=\"250\" height=\"250\" class=\"wp-post-image wp-image-2366\" title=\"Firma 8 empreendimentos imobili\u00e1rios em Joinville - Associado Sinduscon Joinville\" alt=\"Firma 8 empreendimentos imobili\u00e1rios em Joinville - Associado Sinduscon Joinville\" srcset=\"https:\/\/www.sinduscon-joinville.org.br\/v2021\/wp-content\/uploads\/2025\/02\/Firma-8-empreendimentos-imobiliarios-em-Joinville-Associado-Sinduscon-Joinville-250x250.png 250w, https:\/\/www.sinduscon-joinville.org.br\/v2021\/wp-content\/uploads\/2025\/02\/Firma-8-empreendimentos-imobiliarios-em-Joinville-Associado-Sinduscon-Joinville-300x300.png 300w, https:\/\/www.sinduscon-joinville.org.br\/v2021\/wp-content\/uploads\/2025\/02\/Firma-8-empreendimentos-imobiliarios-em-Joinville-Associado-Sinduscon-Joinville-150x150.png 150w, https:\/\/www.sinduscon-joinville.org.br\/v2021\/wp-content\/uploads\/2025\/02\/Firma-8-empreendimentos-imobiliarios-em-Joinville-Associado-Sinduscon-Joinville-350x350.png 350w, https:\/\/www.sinduscon-joinville.org.br\/v2021\/wp-content\/uploads\/2025\/02\/Firma-8-empreendimentos-imobiliarios-em-Joinville-Associado-Sinduscon-Joinville.png 500w\" sizes=\"auto, (max-width: 250px) 100vw, 250px\" \/>                                                                    <\/a>\n                                                                <\/figure>\n                    \t<div class=\"post-content\">\n\t\t<div class=\"post-content-inner\">\n\n\t\t\t\n\t\t\t<h5 class=\"post-title entry-title\"><a href=\"https:\/\/www.sinduscon-joinville.org.br\/v2021\/associado\/firmaoito\/\">FirmaOito<\/a><\/h5>\n\t\t\t\n\t\t\t\n\t\t\t        <div class=\"entry-content\">\n\n        \n        <\/div><!-- \/.entry-content -->\n        \n\t\t<\/div>\n\t\t<!-- \/.post-content-inner -->\n\t<\/div>\n\t<!-- \/.post-content -->\n\t\n<\/article>\n<!-- \/.post -->\n<article id=\"post-1921\" class=\"post tf_clearfix post-1921 associado type-associado status-publish has-post-thumbnail hentry has-post-title no-post-date has-post-category has-post-tag has-post-comment has-post-author \">\n\t    \n\t                <figure class=\"post-image tf_clearfix\">\n                                                            <a href=\"https:\/\/www.sinduscon-joinville.org.br\/v2021\/associado\/focus-engenharia\/\">\n                                        <img loading=\"lazy\" decoding=\"async\" src=\"https:\/\/www.sinduscon-joinville.org.br\/v2021\/wp-content\/uploads\/2024\/04\/focus-construtora-associada-sinduscon-joinville-ok-250x250.jpg\" width=\"250\" height=\"250\" class=\"wp-post-image wp-image-1922\" title=\"focus-construtora-associada-sinduscon-joinville-ok\" alt=\"focus-construtora-associada-sinduscon-joinville-ok\" srcset=\"https:\/\/www.sinduscon-joinville.org.br\/v2021\/wp-content\/uploads\/2024\/04\/focus-construtora-associada-sinduscon-joinville-ok-250x250.jpg 250w, https:\/\/www.sinduscon-joinville.org.br\/v2021\/wp-content\/uploads\/2024\/04\/focus-construtora-associada-sinduscon-joinville-ok-300x300.jpg 300w, https:\/\/www.sinduscon-joinville.org.br\/v2021\/wp-content\/uploads\/2024\/04\/focus-construtora-associada-sinduscon-joinville-ok-150x150.jpg 150w, https:\/\/www.sinduscon-joinville.org.br\/v2021\/wp-content\/uploads\/2024\/04\/focus-construtora-associada-sinduscon-joinville-ok-350x350.jpg 350w, https:\/\/www.sinduscon-joinville.org.br\/v2021\/wp-content\/uploads\/2024\/04\/focus-construtora-associada-sinduscon-joinville-ok.jpg 500w\" sizes=\"auto, (max-width: 250px) 100vw, 250px\" \/>                                                                    <\/a>\n                                                                <\/figure>\n                    \t<div class=\"post-content\">\n\t\t<div class=\"post-content-inner\">\n\n\t\t\t\n\t\t\t<h5 class=\"post-title entry-title\"><a href=\"https:\/\/www.sinduscon-joinville.org.br\/v2021\/associado\/focus-engenharia\/\">Focus Engenharia<\/a><\/h5>\n\t\t\t\n\t\t\t\n\t\t\t        <div class=\"entry-content\">\n\n        \n        <\/div><!-- \/.entry-content -->\n        \n\t\t<\/div>\n\t\t<!-- \/.post-content-inner -->\n\t<\/div>\n\t<!-- \/.post-content -->\n\t\n<\/article>\n<!-- \/.post -->\n<article id=\"post-1923\" class=\"post tf_clearfix post-1923 associado type-associado status-publish has-post-thumbnail hentry has-post-title no-post-date has-post-category has-post-tag has-post-comment has-post-author \">\n\t    \n\t                <figure class=\"post-image tf_clearfix\">\n                                                            <a href=\"https:\/\/www.sinduscon-joinville.org.br\/v2021\/associado\/fontana-construtora\/\">\n                                        <img loading=\"lazy\" decoding=\"async\" src=\"https:\/\/www.sinduscon-joinville.org.br\/v2021\/wp-content\/uploads\/2024\/04\/fontana-associada-sinduscon-joinville-300x300-ok-250x250.jpg\" width=\"250\" height=\"250\" class=\"wp-post-image wp-image-1924\" title=\"fontana-associada-sinduscon-joinville-300x300-ok\" alt=\"fontana-associada-sinduscon-joinville-300x300-ok\" srcset=\"https:\/\/www.sinduscon-joinville.org.br\/v2021\/wp-content\/uploads\/2024\/04\/fontana-associada-sinduscon-joinville-300x300-ok-250x250.jpg 250w, https:\/\/www.sinduscon-joinville.org.br\/v2021\/wp-content\/uploads\/2024\/04\/fontana-associada-sinduscon-joinville-300x300-ok-300x300.jpg 300w, https:\/\/www.sinduscon-joinville.org.br\/v2021\/wp-content\/uploads\/2024\/04\/fontana-associada-sinduscon-joinville-300x300-ok-150x150.jpg 150w, https:\/\/www.sinduscon-joinville.org.br\/v2021\/wp-content\/uploads\/2024\/04\/fontana-associada-sinduscon-joinville-300x300-ok-350x350.jpg 350w, https:\/\/www.sinduscon-joinville.org.br\/v2021\/wp-content\/uploads\/2024\/04\/fontana-associada-sinduscon-joinville-300x300-ok.jpg 501w\" sizes=\"auto, (max-width: 250px) 100vw, 250px\" \/>                                                                    <\/a>\n                                                                <\/figure>\n                    \t<div class=\"post-content\">\n\t\t<div class=\"post-content-inner\">\n\n\t\t\t\n\t\t\t<h5 class=\"post-title entry-title\"><a href=\"https:\/\/www.sinduscon-joinville.org.br\/v2021\/associado\/fontana-construtora\/\">Fontana Construtora<\/a><\/h5>\n\t\t\t\n\t\t\t\n\t\t\t        <div class=\"entry-content\">\n\n        \n        <\/div><!-- \/.entry-content -->\n        \n\t\t<\/div>\n\t\t<!-- \/.post-content-inner -->\n\t<\/div>\n\t<!-- \/.post-content -->\n\t\n<\/article>\n<!-- \/.post -->\n<article id=\"post-2363\" class=\"post tf_clearfix post-2363 associado type-associado status-publish has-post-thumbnail hentry has-post-title no-post-date has-post-category has-post-tag has-post-comment has-post-author \">\n\t    \n\t                <figure class=\"post-image tf_clearfix\">\n                                                            <a href=\"https:\/\/www.sinduscon-joinville.org.br\/v2021\/associado\/forinvest\/\">\n                                        <img loading=\"lazy\" decoding=\"async\" src=\"https:\/\/www.sinduscon-joinville.org.br\/v2021\/wp-content\/uploads\/2025\/02\/Forinvest-Solucoes-para-investimentos-em-Joinville-Associado-Sinduscon-Joinville-250x250.png\" width=\"250\" height=\"250\" class=\"wp-post-image wp-image-2364\" title=\"Forinvest Solu\u00e7\u00f5es para investimentos em Joinville - Associado Sinduscon Joinville\" alt=\"Forinvest Solu\u00e7\u00f5es para investimentos em Joinville - Associado Sinduscon Joinville\" srcset=\"https:\/\/www.sinduscon-joinville.org.br\/v2021\/wp-content\/uploads\/2025\/02\/Forinvest-Solucoes-para-investimentos-em-Joinville-Associado-Sinduscon-Joinville-250x250.png 250w, https:\/\/www.sinduscon-joinville.org.br\/v2021\/wp-content\/uploads\/2025\/02\/Forinvest-Solucoes-para-investimentos-em-Joinville-Associado-Sinduscon-Joinville-300x300.png 300w, https:\/\/www.sinduscon-joinville.org.br\/v2021\/wp-content\/uploads\/2025\/02\/Forinvest-Solucoes-para-investimentos-em-Joinville-Associado-Sinduscon-Joinville-150x150.png 150w, https:\/\/www.sinduscon-joinville.org.br\/v2021\/wp-content\/uploads\/2025\/02\/Forinvest-Solucoes-para-investimentos-em-Joinville-Associado-Sinduscon-Joinville-350x350.png 350w, https:\/\/www.sinduscon-joinville.org.br\/v2021\/wp-content\/uploads\/2025\/02\/Forinvest-Solucoes-para-investimentos-em-Joinville-Associado-Sinduscon-Joinville.png 500w\" sizes=\"auto, (max-width: 250px) 100vw, 250px\" \/>                                                                    <\/a>\n                                                                <\/figure>\n                    \t<div class=\"post-content\">\n\t\t<div class=\"post-content-inner\">\n\n\t\t\t\n\t\t\t<h5 class=\"post-title entry-title\"><a href=\"https:\/\/www.sinduscon-joinville.org.br\/v2021\/associado\/forinvest\/\">Forinvest<\/a><\/h5>\n\t\t\t\n\t\t\t\n\t\t\t        <div class=\"entry-content\">\n\n        \n        <\/div><!-- \/.entry-content -->\n        \n\t\t<\/div>\n\t\t<!-- \/.post-content-inner -->\n\t<\/div>\n\t<!-- \/.post-content -->\n\t\n<\/article>\n<!-- \/.post -->\n<article id=\"post-2705\" class=\"post tf_clearfix post-2705 associado type-associado status-publish has-post-thumbnail hentry has-post-title no-post-date has-post-category has-post-tag has-post-comment has-post-author \">\n\t    \n\t                <figure class=\"post-image tf_clearfix\">\n                                                            <a href=\"https:\/\/www.sinduscon-joinville.org.br\/v2021\/associado\/freedom-walls\/\">\n                                        <img loading=\"lazy\" decoding=\"async\" src=\"https:\/\/www.sinduscon-joinville.org.br\/v2021\/wp-content\/uploads\/2026\/01\/Freedom-Walls-jardins-verticais-em-Joinville-associado-Sinduscon-Joinville-250x250.png\" width=\"250\" height=\"250\" class=\"wp-post-image wp-image-2707\" title=\"Freedom Walls - jardins verticais em Joinville - associado Sinduscon Joinville\" alt=\"Freedom Walls - jardins verticais em Joinville - associado Sinduscon Joinville\" srcset=\"https:\/\/www.sinduscon-joinville.org.br\/v2021\/wp-content\/uploads\/2026\/01\/Freedom-Walls-jardins-verticais-em-Joinville-associado-Sinduscon-Joinville-250x250.png 250w, https:\/\/www.sinduscon-joinville.org.br\/v2021\/wp-content\/uploads\/2026\/01\/Freedom-Walls-jardins-verticais-em-Joinville-associado-Sinduscon-Joinville-300x300.png 300w, https:\/\/www.sinduscon-joinville.org.br\/v2021\/wp-content\/uploads\/2026\/01\/Freedom-Walls-jardins-verticais-em-Joinville-associado-Sinduscon-Joinville-150x150.png 150w, https:\/\/www.sinduscon-joinville.org.br\/v2021\/wp-content\/uploads\/2026\/01\/Freedom-Walls-jardins-verticais-em-Joinville-associado-Sinduscon-Joinville-350x350.png 350w, https:\/\/www.sinduscon-joinville.org.br\/v2021\/wp-content\/uploads\/2026\/01\/Freedom-Walls-jardins-verticais-em-Joinville-associado-Sinduscon-Joinville.png 500w\" sizes=\"auto, (max-width: 250px) 100vw, 250px\" \/>                                                                    <\/a>\n                                                                <\/figure>\n                    \t<div class=\"post-content\">\n\t\t<div class=\"post-content-inner\">\n\n\t\t\t\n\t\t\t<h5 class=\"post-title entry-title\"><a href=\"https:\/\/www.sinduscon-joinville.org.br\/v2021\/associado\/freedom-walls\/\">Freedom Walls<\/a><\/h5>\n\t\t\t\n\t\t\t\n\t\t\t        <div class=\"entry-content\">\n\n        \n        <\/div><!-- \/.entry-content -->\n        \n\t\t<\/div>\n\t\t<!-- \/.post-content-inner -->\n\t<\/div>\n\t<!-- \/.post-content -->\n\t\n<\/article>\n<!-- \/.post -->\n<article id=\"post-2223\" class=\"post tf_clearfix post-2223 associado type-associado status-publish has-post-thumbnail hentry has-post-title no-post-date has-post-category has-post-tag has-post-comment has-post-author \">\n\t    \n\t                <figure class=\"post-image tf_clearfix\">\n                                                            <a href=\"https:\/\/www.sinduscon-joinville.org.br\/v2021\/associado\/fundata-engenharia-consultoria\/\">\n                                        <img loading=\"lazy\" decoding=\"async\" src=\"https:\/\/www.sinduscon-joinville.org.br\/v2021\/wp-content\/uploads\/2024\/09\/Fundata-Engenharia-associado-Sinduscon-Joinville-250x250.png\" width=\"250\" height=\"250\" class=\"wp-post-image wp-image-2224\" title=\"Fundata Engenharia - associado Sinduscon Joinville\" alt=\"Fundata Engenharia - associado Sinduscon Joinville\" srcset=\"https:\/\/www.sinduscon-joinville.org.br\/v2021\/wp-content\/uploads\/2024\/09\/Fundata-Engenharia-associado-Sinduscon-Joinville-250x250.png 250w, https:\/\/www.sinduscon-joinville.org.br\/v2021\/wp-content\/uploads\/2024\/09\/Fundata-Engenharia-associado-Sinduscon-Joinville.png 300w\" sizes=\"auto, (max-width: 250px) 100vw, 250px\" \/>                                                                    <\/a>\n                                                                <\/figure>\n                    \t<div class=\"post-content\">\n\t\t<div class=\"post-content-inner\">\n\n\t\t\t\n\t\t\t<h5 class=\"post-title entry-title\"><a href=\"https:\/\/www.sinduscon-joinville.org.br\/v2021\/associado\/fundata-engenharia-consultoria\/\">Fundata Engenharia &#038; Consultoria<\/a><\/h5>\n\t\t\t\n\t\t\t\n\t\t\t        <div class=\"entry-content\">\n\n        \n        <\/div><!-- \/.entry-content -->\n        \n\t\t<\/div>\n\t\t<!-- \/.post-content-inner -->\n\t<\/div>\n\t<!-- \/.post-content -->\n\t\n<\/article>\n<!-- \/.post -->\n<article id=\"post-1925\" class=\"post tf_clearfix post-1925 associado type-associado status-publish has-post-thumbnail hentry has-post-title no-post-date has-post-category has-post-tag has-post-comment has-post-author \">\n\t    \n\t                <figure class=\"post-image tf_clearfix\">\n                                                            <a href=\"https:\/\/www.sinduscon-joinville.org.br\/v2021\/associado\/geoforma-engenharia\/\">\n                                        <img loading=\"lazy\" decoding=\"async\" src=\"https:\/\/www.sinduscon-joinville.org.br\/v2021\/wp-content\/uploads\/2024\/04\/geoforma-engenharia-associada-sinduscon-joinville-300x300-ok-250x250.jpg\" width=\"250\" height=\"250\" class=\"wp-post-image wp-image-1926\" title=\"geoforma-engenharia-associada-sinduscon-joinville-300x300-ok\" alt=\"geoforma-engenharia-associada-sinduscon-joinville-300x300-ok\" srcset=\"https:\/\/www.sinduscon-joinville.org.br\/v2021\/wp-content\/uploads\/2024\/04\/geoforma-engenharia-associada-sinduscon-joinville-300x300-ok-250x250.jpg 250w, https:\/\/www.sinduscon-joinville.org.br\/v2021\/wp-content\/uploads\/2024\/04\/geoforma-engenharia-associada-sinduscon-joinville-300x300-ok-300x300.jpg 300w, https:\/\/www.sinduscon-joinville.org.br\/v2021\/wp-content\/uploads\/2024\/04\/geoforma-engenharia-associada-sinduscon-joinville-300x300-ok-150x150.jpg 150w, https:\/\/www.sinduscon-joinville.org.br\/v2021\/wp-content\/uploads\/2024\/04\/geoforma-engenharia-associada-sinduscon-joinville-300x300-ok-350x350.jpg 350w, https:\/\/www.sinduscon-joinville.org.br\/v2021\/wp-content\/uploads\/2024\/04\/geoforma-engenharia-associada-sinduscon-joinville-300x300-ok.jpg 501w\" sizes=\"auto, (max-width: 250px) 100vw, 250px\" \/>                                                                    <\/a>\n                                                                <\/figure>\n                    \t<div class=\"post-content\">\n\t\t<div class=\"post-content-inner\">\n\n\t\t\t\n\t\t\t<h5 class=\"post-title entry-title\"><a href=\"https:\/\/www.sinduscon-joinville.org.br\/v2021\/associado\/geoforma-engenharia\/\">Geoforma Engenharia<\/a><\/h5>\n\t\t\t\n\t\t\t\n\t\t\t        <div class=\"entry-content\">\n\n        \n        <\/div><!-- \/.entry-content -->\n        \n\t\t<\/div>\n\t\t<!-- \/.post-content-inner -->\n\t<\/div>\n\t<!-- \/.post-content -->\n\t\n<\/article>\n<!-- \/.post -->\n<article id=\"post-1927\" class=\"post tf_clearfix post-1927 associado type-associado status-publish has-post-thumbnail hentry has-post-title no-post-date has-post-category has-post-tag has-post-comment has-post-author \">\n\t    \n\t                <figure class=\"post-image tf_clearfix\">\n                                                            <a href=\"https:\/\/www.sinduscon-joinville.org.br\/v2021\/associado\/grupo-estrutura\/\">\n                                        <img loading=\"lazy\" decoding=\"async\" src=\"https:\/\/www.sinduscon-joinville.org.br\/v2021\/wp-content\/uploads\/2024\/04\/Grupo-Estrutura-Construtora-associado-Sinduscon-Joinville-250x250.png\" width=\"250\" height=\"250\" class=\"wp-post-image wp-image-2218\" title=\"Grupo Estrutura Construtora - associado Sinduscon Joinville\" alt=\"Grupo Estrutura Construtora - associado Sinduscon Joinville\" srcset=\"https:\/\/www.sinduscon-joinville.org.br\/v2021\/wp-content\/uploads\/2024\/04\/Grupo-Estrutura-Construtora-associado-Sinduscon-Joinville-250x250.png 250w, https:\/\/www.sinduscon-joinville.org.br\/v2021\/wp-content\/uploads\/2024\/04\/Grupo-Estrutura-Construtora-associado-Sinduscon-Joinville.png 300w\" sizes=\"auto, (max-width: 250px) 100vw, 250px\" \/>                                                                    <\/a>\n                                                                <\/figure>\n                    \t<div class=\"post-content\">\n\t\t<div class=\"post-content-inner\">\n\n\t\t\t\n\t\t\t<h5 class=\"post-title entry-title\"><a href=\"https:\/\/www.sinduscon-joinville.org.br\/v2021\/associado\/grupo-estrutura\/\">Grupo Estrutura<\/a><\/h5>\n\t\t\t\n\t\t\t\n\t\t\t        <div class=\"entry-content\">\n\n        \n        <\/div><!-- \/.entry-content -->\n        \n\t\t<\/div>\n\t\t<!-- \/.post-content-inner -->\n\t<\/div>\n\t<!-- \/.post-content -->\n\t\n<\/article>\n<!-- \/.post -->\n<article id=\"post-1929\" class=\"post tf_clearfix post-1929 associado type-associado status-publish has-post-thumbnail hentry has-post-title no-post-date has-post-category has-post-tag has-post-comment has-post-author \">\n\t    \n\t                <figure class=\"post-image tf_clearfix\">\n                                                            <a href=\"https:\/\/www.sinduscon-joinville.org.br\/v2021\/associado\/gv-empreendimentos\/\">\n                                        <img loading=\"lazy\" decoding=\"async\" src=\"https:\/\/www.sinduscon-joinville.org.br\/v2021\/wp-content\/uploads\/2020\/09\/gv-empreendimentos-associada-sinduscon-joinville-250x250.jpg\" width=\"250\" height=\"250\" class=\"wp-post-image wp-image-530\" title=\"gv-empreendimentos-associada-sinduscon-joinville\" alt=\"gv-empreendimentos-associada-sinduscon-joinville\" srcset=\"https:\/\/www.sinduscon-joinville.org.br\/v2021\/wp-content\/uploads\/2020\/09\/gv-empreendimentos-associada-sinduscon-joinville-250x250.jpg 250w, https:\/\/www.sinduscon-joinville.org.br\/v2021\/wp-content\/uploads\/2020\/09\/gv-empreendimentos-associada-sinduscon-joinville-300x300.jpg 300w, https:\/\/www.sinduscon-joinville.org.br\/v2021\/wp-content\/uploads\/2020\/09\/gv-empreendimentos-associada-sinduscon-joinville-150x150.jpg 150w, https:\/\/www.sinduscon-joinville.org.br\/v2021\/wp-content\/uploads\/2020\/09\/gv-empreendimentos-associada-sinduscon-joinville-200x200.jpg 200w, https:\/\/www.sinduscon-joinville.org.br\/v2021\/wp-content\/uploads\/2020\/09\/gv-empreendimentos-associada-sinduscon-joinville.jpg 350w\" sizes=\"auto, (max-width: 250px) 100vw, 250px\" \/>                                                                    <\/a>\n                                                                <\/figure>\n                    \t<div class=\"post-content\">\n\t\t<div class=\"post-content-inner\">\n\n\t\t\t\n\t\t\t<h5 class=\"post-title entry-title\"><a href=\"https:\/\/www.sinduscon-joinville.org.br\/v2021\/associado\/gv-empreendimentos\/\">GV Empreendimentos<\/a><\/h5>\n\t\t\t\n\t\t\t\n\t\t\t        <div class=\"entry-content\">\n\n        \n        <\/div><!-- \/.entry-content -->\n        \n\t\t<\/div>\n\t\t<!-- \/.post-content-inner -->\n\t<\/div>\n\t<!-- \/.post-content -->\n\t\n<\/article>\n<!-- \/.post -->\n<article id=\"post-1930\" class=\"post tf_clearfix post-1930 associado type-associado status-publish has-post-thumbnail hentry has-post-title no-post-date has-post-category has-post-tag has-post-comment has-post-author \">\n\t    \n\t                <figure class=\"post-image tf_clearfix\">\n                                                            <a href=\"https:\/\/www.sinduscon-joinville.org.br\/v2021\/associado\/h-marcato-empreendimentos\/\">\n                                        <img loading=\"lazy\" decoding=\"async\" src=\"https:\/\/www.sinduscon-joinville.org.br\/v2021\/wp-content\/uploads\/2024\/01\/H.-Marcato-250x250.png\" width=\"250\" height=\"250\" class=\"wp-post-image wp-image-1772\" title=\"H. Marcato\" alt=\"H. Marcato\" srcset=\"https:\/\/www.sinduscon-joinville.org.br\/v2021\/wp-content\/uploads\/2024\/01\/H.-Marcato-250x250.png 250w, https:\/\/www.sinduscon-joinville.org.br\/v2021\/wp-content\/uploads\/2024\/01\/H.-Marcato-300x300.png 300w, https:\/\/www.sinduscon-joinville.org.br\/v2021\/wp-content\/uploads\/2024\/01\/H.-Marcato-150x150.png 150w, https:\/\/www.sinduscon-joinville.org.br\/v2021\/wp-content\/uploads\/2024\/01\/H.-Marcato.png 350w\" sizes=\"auto, (max-width: 250px) 100vw, 250px\" \/>                                                                    <\/a>\n                                                                <\/figure>\n                    \t<div class=\"post-content\">\n\t\t<div class=\"post-content-inner\">\n\n\t\t\t\n\t\t\t<h5 class=\"post-title entry-title\"><a href=\"https:\/\/www.sinduscon-joinville.org.br\/v2021\/associado\/h-marcato-empreendimentos\/\">H.Marcato Empreendimentos<\/a><\/h5>\n\t\t\t\n\t\t\t\n\t\t\t        <div class=\"entry-content\">\n\n        \n        <\/div><!-- \/.entry-content -->\n        \n\t\t<\/div>\n\t\t<!-- \/.post-content-inner -->\n\t<\/div>\n\t<!-- \/.post-content -->\n\t\n<\/article>\n<!-- \/.post -->\n<article id=\"post-1932\" class=\"post tf_clearfix post-1932 associado type-associado status-publish has-post-thumbnail hentry has-post-title no-post-date has-post-category has-post-tag has-post-comment has-post-author \">\n\t    \n\t                <figure class=\"post-image tf_clearfix\">\n                                                            <a href=\"https:\/\/www.sinduscon-joinville.org.br\/v2021\/associado\/hacasa-administracao-e-empreendimentos\/\">\n                                        <img loading=\"lazy\" decoding=\"async\" src=\"https:\/\/www.sinduscon-joinville.org.br\/v2021\/wp-content\/uploads\/2024\/01\/Hacasa-1024x1024-250x250.jpeg\" width=\"250\" height=\"250\" class=\"wp-post-image wp-image-1779\" title=\"Hacasa\" alt=\"Hacasa\" srcset=\"https:\/\/www.sinduscon-joinville.org.br\/v2021\/wp-content\/uploads\/2024\/01\/Hacasa-1024x1024-250x250.jpeg 250w, https:\/\/www.sinduscon-joinville.org.br\/v2021\/wp-content\/uploads\/2024\/01\/Hacasa-300x300.jpeg 300w, https:\/\/www.sinduscon-joinville.org.br\/v2021\/wp-content\/uploads\/2024\/01\/Hacasa-1024x1024.jpeg 1024w, https:\/\/www.sinduscon-joinville.org.br\/v2021\/wp-content\/uploads\/2024\/01\/Hacasa-150x150.jpeg 150w, https:\/\/www.sinduscon-joinville.org.br\/v2021\/wp-content\/uploads\/2024\/01\/Hacasa-768x768.jpeg 768w, https:\/\/www.sinduscon-joinville.org.br\/v2021\/wp-content\/uploads\/2024\/01\/Hacasa-1024x1024-200x200.jpeg 200w, https:\/\/www.sinduscon-joinville.org.br\/v2021\/wp-content\/uploads\/2024\/01\/Hacasa-1024x1024-350x350.jpeg 350w, https:\/\/www.sinduscon-joinville.org.br\/v2021\/wp-content\/uploads\/2024\/01\/Hacasa.jpeg 1080w\" sizes=\"auto, (max-width: 250px) 100vw, 250px\" \/>                                                                    <\/a>\n                                                                <\/figure>\n                    \t<div class=\"post-content\">\n\t\t<div class=\"post-content-inner\">\n\n\t\t\t\n\t\t\t<h5 class=\"post-title entry-title\"><a href=\"https:\/\/www.sinduscon-joinville.org.br\/v2021\/associado\/hacasa-administracao-e-empreendimentos\/\">Hacasa Administra\u00e7\u00e3o e Empreendimentos<\/a><\/h5>\n\t\t\t\n\t\t\t\n\t\t\t        <div class=\"entry-content\">\n\n        \n        <\/div><!-- \/.entry-content -->\n        \n\t\t<\/div>\n\t\t<!-- \/.post-content-inner -->\n\t<\/div>\n\t<!-- \/.post-content -->\n\t\n<\/article>\n<!-- \/.post -->\n<article id=\"post-1933\" class=\"post tf_clearfix post-1933 associado type-associado status-publish has-post-thumbnail hentry has-post-title no-post-date has-post-category has-post-tag has-post-comment has-post-author \">\n\t    \n\t                <figure class=\"post-image tf_clearfix\">\n                                                            <a href=\"https:\/\/www.sinduscon-joinville.org.br\/v2021\/associado\/henz-engenharia\/\">\n                                        <img loading=\"lazy\" decoding=\"async\" src=\"https:\/\/www.sinduscon-joinville.org.br\/v2021\/wp-content\/uploads\/2020\/09\/henz-engenharia-associada-sinduscon-joinville-250x250.jpg\" width=\"250\" height=\"250\" class=\"wp-post-image wp-image-532\" title=\"henz-engenharia-associada-sinduscon-joinville\" alt=\"henz-engenharia-associada-sinduscon-joinville\" srcset=\"https:\/\/www.sinduscon-joinville.org.br\/v2021\/wp-content\/uploads\/2020\/09\/henz-engenharia-associada-sinduscon-joinville-250x250.jpg 250w, https:\/\/www.sinduscon-joinville.org.br\/v2021\/wp-content\/uploads\/2020\/09\/henz-engenharia-associada-sinduscon-joinville-300x300.jpg 300w, https:\/\/www.sinduscon-joinville.org.br\/v2021\/wp-content\/uploads\/2020\/09\/henz-engenharia-associada-sinduscon-joinville-150x150.jpg 150w, https:\/\/www.sinduscon-joinville.org.br\/v2021\/wp-content\/uploads\/2020\/09\/henz-engenharia-associada-sinduscon-joinville-200x200.jpg 200w, https:\/\/www.sinduscon-joinville.org.br\/v2021\/wp-content\/uploads\/2020\/09\/henz-engenharia-associada-sinduscon-joinville.jpg 350w\" sizes=\"auto, (max-width: 250px) 100vw, 250px\" \/>                                                                    <\/a>\n                                                                <\/figure>\n                    \t<div class=\"post-content\">\n\t\t<div class=\"post-content-inner\">\n\n\t\t\t\n\t\t\t<h5 class=\"post-title entry-title\"><a href=\"https:\/\/www.sinduscon-joinville.org.br\/v2021\/associado\/henz-engenharia\/\">Henz Engenharia<\/a><\/h5>\n\t\t\t\n\t\t\t\n\t\t\t        <div class=\"entry-content\">\n\n        \n        <\/div><!-- \/.entry-content -->\n        \n\t\t<\/div>\n\t\t<!-- \/.post-content-inner -->\n\t<\/div>\n\t<!-- \/.post-content -->\n\t\n<\/article>\n<!-- \/.post -->\n<article id=\"post-1934\" class=\"post tf_clearfix post-1934 associado type-associado status-publish has-post-thumbnail hentry has-post-title no-post-date has-post-category has-post-tag has-post-comment has-post-author \">\n\t    \n\t                <figure class=\"post-image tf_clearfix\">\n                                                            <a href=\"https:\/\/www.sinduscon-joinville.org.br\/v2021\/associado\/incorposul-empreendimentos-e-participacoes\/\">\n                                        <img loading=\"lazy\" decoding=\"async\" src=\"https:\/\/www.sinduscon-joinville.org.br\/v2021\/wp-content\/uploads\/2020\/09\/incorposul-empreendimentos-associada-sinduscon-joinville-250x250.jpg\" width=\"250\" height=\"250\" class=\"wp-post-image wp-image-533\" title=\"incorposul-empreendimentos-associada-sinduscon-joinville\" alt=\"incorposul-empreendimentos-associada-sinduscon-joinville\" srcset=\"https:\/\/www.sinduscon-joinville.org.br\/v2021\/wp-content\/uploads\/2020\/09\/incorposul-empreendimentos-associada-sinduscon-joinville-250x250.jpg 250w, https:\/\/www.sinduscon-joinville.org.br\/v2021\/wp-content\/uploads\/2020\/09\/incorposul-empreendimentos-associada-sinduscon-joinville-300x300.jpg 300w, https:\/\/www.sinduscon-joinville.org.br\/v2021\/wp-content\/uploads\/2020\/09\/incorposul-empreendimentos-associada-sinduscon-joinville-150x150.jpg 150w, https:\/\/www.sinduscon-joinville.org.br\/v2021\/wp-content\/uploads\/2020\/09\/incorposul-empreendimentos-associada-sinduscon-joinville-200x200.jpg 200w, https:\/\/www.sinduscon-joinville.org.br\/v2021\/wp-content\/uploads\/2020\/09\/incorposul-empreendimentos-associada-sinduscon-joinville.jpg 350w\" sizes=\"auto, (max-width: 250px) 100vw, 250px\" \/>                                                                    <\/a>\n                                                                <\/figure>\n                    \t<div class=\"post-content\">\n\t\t<div class=\"post-content-inner\">\n\n\t\t\t\n\t\t\t<h5 class=\"post-title entry-title\"><a href=\"https:\/\/www.sinduscon-joinville.org.br\/v2021\/associado\/incorposul-empreendimentos-e-participacoes\/\">Incorposul Empreendimentos e Participa\u00e7\u00f5es<\/a><\/h5>\n\t\t\t\n\t\t\t\n\t\t\t        <div class=\"entry-content\">\n\n        \n        <\/div><!-- \/.entry-content -->\n        \n\t\t<\/div>\n\t\t<!-- \/.post-content-inner -->\n\t<\/div>\n\t<!-- \/.post-content -->\n\t\n<\/article>\n<!-- \/.post -->\n<article id=\"post-1935\" class=\"post tf_clearfix post-1935 associado type-associado status-publish has-post-thumbnail hentry has-post-title no-post-date has-post-category has-post-tag has-post-comment has-post-author \">\n\t    \n\t                <figure class=\"post-image tf_clearfix\">\n                                                            <a href=\"https:\/\/www.sinduscon-joinville.org.br\/v2021\/associado\/infraville-engenharia\/\">\n                                        <img loading=\"lazy\" decoding=\"async\" src=\"https:\/\/www.sinduscon-joinville.org.br\/v2021\/wp-content\/uploads\/2024\/04\/infraville-associada-sinduscon-joinville-300x300-1-250x250.jpg\" width=\"250\" height=\"250\" class=\"wp-post-image wp-image-1936\" title=\"infraville-associada-sinduscon-joinville-300x300\" alt=\"infraville-associada-sinduscon-joinville-300x300\" srcset=\"https:\/\/www.sinduscon-joinville.org.br\/v2021\/wp-content\/uploads\/2024\/04\/infraville-associada-sinduscon-joinville-300x300-1-250x250.jpg 250w, https:\/\/www.sinduscon-joinville.org.br\/v2021\/wp-content\/uploads\/2024\/04\/infraville-associada-sinduscon-joinville-300x300-1-300x300.jpg 300w, https:\/\/www.sinduscon-joinville.org.br\/v2021\/wp-content\/uploads\/2024\/04\/infraville-associada-sinduscon-joinville-300x300-1-150x150.jpg 150w, https:\/\/www.sinduscon-joinville.org.br\/v2021\/wp-content\/uploads\/2024\/04\/infraville-associada-sinduscon-joinville-300x300-1-350x350.jpg 350w, https:\/\/www.sinduscon-joinville.org.br\/v2021\/wp-content\/uploads\/2024\/04\/infraville-associada-sinduscon-joinville-300x300-1.jpg 501w\" sizes=\"auto, (max-width: 250px) 100vw, 250px\" \/>                                                                    <\/a>\n                                                                <\/figure>\n                    \t<div class=\"post-content\">\n\t\t<div class=\"post-content-inner\">\n\n\t\t\t\n\t\t\t<h5 class=\"post-title entry-title\"><a href=\"https:\/\/www.sinduscon-joinville.org.br\/v2021\/associado\/infraville-engenharia\/\">Infraville Engenharia<\/a><\/h5>\n\t\t\t\n\t\t\t\n\t\t\t        <div class=\"entry-content\">\n\n        \n        <\/div><!-- \/.entry-content -->\n        \n\t\t<\/div>\n\t\t<!-- \/.post-content-inner -->\n\t<\/div>\n\t<!-- \/.post-content -->\n\t\n<\/article>\n<!-- \/.post -->\n<article id=\"post-1937\" class=\"post tf_clearfix post-1937 associado type-associado status-publish has-post-thumbnail hentry has-post-title no-post-date has-post-category has-post-tag has-post-comment has-post-author \">\n\t    \n\t                <figure class=\"post-image tf_clearfix\">\n                                                            <a href=\"https:\/\/www.sinduscon-joinville.org.br\/v2021\/associado\/inovar-habitacional\/\">\n                                        <img loading=\"lazy\" decoding=\"async\" src=\"https:\/\/www.sinduscon-joinville.org.br\/v2021\/wp-content\/uploads\/2024\/04\/Inovar-Habitacional-Construtora-associado-Sinduscon-Joinville-250x250.png\" width=\"250\" height=\"250\" class=\"wp-post-image wp-image-2220\" title=\"Inovar Habitacional Construtora - associado Sinduscon Joinville\" alt=\"Inovar Habitacional Construtora - associado Sinduscon Joinville\" srcset=\"https:\/\/www.sinduscon-joinville.org.br\/v2021\/wp-content\/uploads\/2024\/04\/Inovar-Habitacional-Construtora-associado-Sinduscon-Joinville-250x250.png 250w, https:\/\/www.sinduscon-joinville.org.br\/v2021\/wp-content\/uploads\/2024\/04\/Inovar-Habitacional-Construtora-associado-Sinduscon-Joinville.png 300w\" sizes=\"auto, (max-width: 250px) 100vw, 250px\" \/>                                                                    <\/a>\n                                                                <\/figure>\n                    \t<div class=\"post-content\">\n\t\t<div class=\"post-content-inner\">\n\n\t\t\t\n\t\t\t<h5 class=\"post-title entry-title\"><a href=\"https:\/\/www.sinduscon-joinville.org.br\/v2021\/associado\/inovar-habitacional\/\">Inovar Habitacional<\/a><\/h5>\n\t\t\t\n\t\t\t\n\t\t\t        <div class=\"entry-content\">\n\n        \n        <\/div><!-- \/.entry-content -->\n        \n\t\t<\/div>\n\t\t<!-- \/.post-content-inner -->\n\t<\/div>\n\t<!-- \/.post-content -->\n\t\n<\/article>\n<!-- \/.post -->\n<article id=\"post-1938\" class=\"post tf_clearfix post-1938 associado type-associado status-publish has-post-thumbnail hentry has-post-title no-post-date has-post-category has-post-tag has-post-comment has-post-author \">\n\t    \n\t                <figure class=\"post-image tf_clearfix\">\n                                                            <a href=\"https:\/\/www.sinduscon-joinville.org.br\/v2021\/associado\/investcorp-empreendimentos\/\">\n                                        <img loading=\"lazy\" decoding=\"async\" src=\"https:\/\/www.sinduscon-joinville.org.br\/v2021\/wp-content\/uploads\/2024\/01\/Halsten-250x250.png\" width=\"250\" height=\"250\" class=\"wp-post-image wp-image-1775\" title=\"Halsten\" alt=\"Halsten\" srcset=\"https:\/\/www.sinduscon-joinville.org.br\/v2021\/wp-content\/uploads\/2024\/01\/Halsten-250x250.png 250w, https:\/\/www.sinduscon-joinville.org.br\/v2021\/wp-content\/uploads\/2024\/01\/Halsten-300x300.png 300w, https:\/\/www.sinduscon-joinville.org.br\/v2021\/wp-content\/uploads\/2024\/01\/Halsten-150x150.png 150w, https:\/\/www.sinduscon-joinville.org.br\/v2021\/wp-content\/uploads\/2024\/01\/Halsten-200x200.png 200w, https:\/\/www.sinduscon-joinville.org.br\/v2021\/wp-content\/uploads\/2024\/01\/Halsten.png 350w\" sizes=\"auto, (max-width: 250px) 100vw, 250px\" \/>                                                                    <\/a>\n                                                                <\/figure>\n                    \t<div class=\"post-content\">\n\t\t<div class=\"post-content-inner\">\n\n\t\t\t\n\t\t\t<h5 class=\"post-title entry-title\"><a href=\"https:\/\/www.sinduscon-joinville.org.br\/v2021\/associado\/investcorp-empreendimentos\/\">Halsten<\/a><\/h5>\n\t\t\t\n\t\t\t\n\t\t\t        <div class=\"entry-content\">\n\n        \n        <\/div><!-- \/.entry-content -->\n        \n\t\t<\/div>\n\t\t<!-- \/.post-content-inner -->\n\t<\/div>\n\t<!-- \/.post-content -->\n\t\n<\/article>\n<!-- \/.post -->\n<article id=\"post-1939\" class=\"post tf_clearfix post-1939 associado type-associado status-publish has-post-thumbnail hentry has-post-title no-post-date has-post-category has-post-tag has-post-comment has-post-author \">\n\t    \n\t                <figure class=\"post-image tf_clearfix\">\n                                                            <a href=\"https:\/\/www.sinduscon-joinville.org.br\/v2021\/associado\/irineu-imoveis\/\">\n                                        <img loading=\"lazy\" decoding=\"async\" src=\"https:\/\/www.sinduscon-joinville.org.br\/v2021\/wp-content\/uploads\/2024\/04\/Irineu-Imoveis-associado-Sinduscon-Joinville-250x250.png\" width=\"250\" height=\"250\" class=\"wp-post-image wp-image-2244\" title=\"Irineu Im\u00f3veis- associado Sinduscon Joinville\" alt=\"Irineu Im\u00f3veis- associado Sinduscon Joinville\" srcset=\"https:\/\/www.sinduscon-joinville.org.br\/v2021\/wp-content\/uploads\/2024\/04\/Irineu-Imoveis-associado-Sinduscon-Joinville-250x250.png 250w, https:\/\/www.sinduscon-joinville.org.br\/v2021\/wp-content\/uploads\/2024\/04\/Irineu-Imoveis-associado-Sinduscon-Joinville.png 300w\" sizes=\"auto, (max-width: 250px) 100vw, 250px\" \/>                                                                    <\/a>\n                                                                <\/figure>\n                    \t<div class=\"post-content\">\n\t\t<div class=\"post-content-inner\">\n\n\t\t\t\n\t\t\t<h5 class=\"post-title entry-title\"><a href=\"https:\/\/www.sinduscon-joinville.org.br\/v2021\/associado\/irineu-imoveis\/\">Irineu Im\u00f3veis<\/a><\/h5>\n\t\t\t\n\t\t\t\n\t\t\t        <div class=\"entry-content\">\n\n        \n        <\/div><!-- \/.entry-content -->\n        \n\t\t<\/div>\n\t\t<!-- \/.post-content-inner -->\n\t<\/div>\n\t<!-- \/.post-content -->\n\t\n<\/article>\n<!-- \/.post -->\n<article id=\"post-1941\" class=\"post tf_clearfix post-1941 associado type-associado status-publish has-post-thumbnail hentry has-post-title no-post-date has-post-category has-post-tag has-post-comment has-post-author \">\n\t    \n\t                <figure class=\"post-image tf_clearfix\">\n                                                            <a href=\"https:\/\/www.sinduscon-joinville.org.br\/v2021\/associado\/jorsa-engenharia\/\">\n                                        <img loading=\"lazy\" decoding=\"async\" src=\"https:\/\/www.sinduscon-joinville.org.br\/v2021\/wp-content\/uploads\/2024\/04\/Jorsa-Engenharia-associado-Sinduscon-Joinville-250x250.png\" width=\"250\" height=\"250\" class=\"wp-post-image wp-image-2250\" title=\"Jors\u00e1 Engenharia - associado Sinduscon Joinville\" alt=\"Jors\u00e1 Engenharia - associado Sinduscon Joinville\" srcset=\"https:\/\/www.sinduscon-joinville.org.br\/v2021\/wp-content\/uploads\/2024\/04\/Jorsa-Engenharia-associado-Sinduscon-Joinville-250x250.png 250w, https:\/\/www.sinduscon-joinville.org.br\/v2021\/wp-content\/uploads\/2024\/04\/Jorsa-Engenharia-associado-Sinduscon-Joinville.png 300w\" sizes=\"auto, (max-width: 250px) 100vw, 250px\" \/>                                                                    <\/a>\n                                                                <\/figure>\n                    \t<div class=\"post-content\">\n\t\t<div class=\"post-content-inner\">\n\n\t\t\t\n\t\t\t<h5 class=\"post-title entry-title\"><a href=\"https:\/\/www.sinduscon-joinville.org.br\/v2021\/associado\/jorsa-engenharia\/\">Jors\u00e1 Engenharia<\/a><\/h5>\n\t\t\t\n\t\t\t\n\t\t\t        <div class=\"entry-content\">\n\n        \n        <\/div><!-- \/.entry-content -->\n        \n\t\t<\/div>\n\t\t<!-- \/.post-content-inner -->\n\t<\/div>\n\t<!-- \/.post-content -->\n\t\n<\/article>\n<!-- \/.post -->\n<article id=\"post-2098\" class=\"post tf_clearfix post-2098 associado type-associado status-publish has-post-thumbnail hentry has-post-title no-post-date has-post-category has-post-tag has-post-comment has-post-author \">\n\t    \n\t                <figure class=\"post-image tf_clearfix\">\n                                                            <a href=\"https:\/\/www.sinduscon-joinville.org.br\/v2021\/associado\/kawa-empreendimentos\/\">\n                                        <img loading=\"lazy\" decoding=\"async\" src=\"https:\/\/www.sinduscon-joinville.org.br\/v2021\/wp-content\/uploads\/2024\/04\/Kawa-Empreendimentos-associado-Sinduscon-Joinville-250x250.png\" width=\"250\" height=\"250\" class=\"wp-post-image wp-image-2237\" title=\"Kawa Empreendimentos - associado Sinduscon Joinville\" alt=\"Kawa Empreendimentos - associado Sinduscon Joinville\" srcset=\"https:\/\/www.sinduscon-joinville.org.br\/v2021\/wp-content\/uploads\/2024\/04\/Kawa-Empreendimentos-associado-Sinduscon-Joinville-250x250.png 250w, https:\/\/www.sinduscon-joinville.org.br\/v2021\/wp-content\/uploads\/2024\/04\/Kawa-Empreendimentos-associado-Sinduscon-Joinville.png 300w\" sizes=\"auto, (max-width: 250px) 100vw, 250px\" \/>                                                                    <\/a>\n                                                                <\/figure>\n                    \t<div class=\"post-content\">\n\t\t<div class=\"post-content-inner\">\n\n\t\t\t\n\t\t\t<h5 class=\"post-title entry-title\"><a href=\"https:\/\/www.sinduscon-joinville.org.br\/v2021\/associado\/kawa-empreendimentos\/\">Kawa Empreendimentos<\/a><\/h5>\n\t\t\t\n\t\t\t\n\t\t\t        <div class=\"entry-content\">\n\n        \n        <\/div><!-- \/.entry-content -->\n        \n\t\t<\/div>\n\t\t<!-- \/.post-content-inner -->\n\t<\/div>\n\t<!-- \/.post-content -->\n\t\n<\/article>\n<!-- \/.post -->\n<article id=\"post-2494\" class=\"post tf_clearfix post-2494 associado type-associado status-publish has-post-thumbnail hentry has-post-title no-post-date has-post-category has-post-tag has-post-comment has-post-author \">\n\t    \n\t                <figure class=\"post-image tf_clearfix\">\n                                                            <a href=\"https:\/\/www.sinduscon-joinville.org.br\/v2021\/associado\/kurchaki-terraplanagem-e-loc-de-maquinas\/\">\n                                        <img loading=\"lazy\" decoding=\"async\" src=\"https:\/\/www.sinduscon-joinville.org.br\/v2021\/wp-content\/uploads\/2025\/07\/Asscociado-Sinduscon-Joinville-Terraplenagem-Kurchaki-250x250.png\" width=\"250\" height=\"250\" class=\"wp-post-image wp-image-2495\" title=\"Asscociado Sinduscon Joinville - Terraplenagem Kurchaki\" alt=\"Asscociado Sinduscon Joinville - Terraplenagem Kurchaki\" srcset=\"https:\/\/www.sinduscon-joinville.org.br\/v2021\/wp-content\/uploads\/2025\/07\/Asscociado-Sinduscon-Joinville-Terraplenagem-Kurchaki-250x250.png 250w, https:\/\/www.sinduscon-joinville.org.br\/v2021\/wp-content\/uploads\/2025\/07\/Asscociado-Sinduscon-Joinville-Terraplenagem-Kurchaki-300x300.png 300w, https:\/\/www.sinduscon-joinville.org.br\/v2021\/wp-content\/uploads\/2025\/07\/Asscociado-Sinduscon-Joinville-Terraplenagem-Kurchaki-150x150.png 150w, https:\/\/www.sinduscon-joinville.org.br\/v2021\/wp-content\/uploads\/2025\/07\/Asscociado-Sinduscon-Joinville-Terraplenagem-Kurchaki-350x350.png 350w, https:\/\/www.sinduscon-joinville.org.br\/v2021\/wp-content\/uploads\/2025\/07\/Asscociado-Sinduscon-Joinville-Terraplenagem-Kurchaki.png 500w\" sizes=\"auto, (max-width: 250px) 100vw, 250px\" \/>                                                                    <\/a>\n                                                                <\/figure>\n                    \t<div class=\"post-content\">\n\t\t<div class=\"post-content-inner\">\n\n\t\t\t\n\t\t\t<h5 class=\"post-title entry-title\"><a href=\"https:\/\/www.sinduscon-joinville.org.br\/v2021\/associado\/kurchaki-terraplanagem-e-loc-de-maquinas\/\">KURCHAKI Terraplanagem e Loc. de M\u00e1quinas<\/a><\/h5>\n\t\t\t\n\t\t\t\n\t\t\t        <div class=\"entry-content\">\n\n        \n        <\/div><!-- \/.entry-content -->\n        \n\t\t<\/div>\n\t\t<!-- \/.post-content-inner -->\n\t<\/div>\n\t<!-- \/.post-content -->\n\t\n<\/article>\n<!-- \/.post -->\n<article id=\"post-2225\" class=\"post tf_clearfix post-2225 associado type-associado status-publish has-post-thumbnail hentry has-post-title no-post-date has-post-category has-post-tag has-post-comment has-post-author \">\n\t    \n\t                <figure class=\"post-image tf_clearfix\">\n                                                            <a href=\"https:\/\/www.sinduscon-joinville.org.br\/v2021\/associado\/leroy-merlin\/\">\n                                        <img loading=\"lazy\" decoding=\"async\" src=\"https:\/\/www.sinduscon-joinville.org.br\/v2021\/wp-content\/uploads\/2024\/09\/Leroy-Merlin-associado-Sinduscon-Joinville-250x250.png\" width=\"250\" height=\"250\" class=\"wp-post-image wp-image-2226\" title=\"Leroy Merlin - associado Sinduscon Joinville\" alt=\"Leroy Merlin - associado Sinduscon Joinville\" srcset=\"https:\/\/www.sinduscon-joinville.org.br\/v2021\/wp-content\/uploads\/2024\/09\/Leroy-Merlin-associado-Sinduscon-Joinville-250x250.png 250w, https:\/\/www.sinduscon-joinville.org.br\/v2021\/wp-content\/uploads\/2024\/09\/Leroy-Merlin-associado-Sinduscon-Joinville.png 300w\" sizes=\"auto, (max-width: 250px) 100vw, 250px\" \/>                                                                    <\/a>\n                                                                <\/figure>\n                    \t<div class=\"post-content\">\n\t\t<div class=\"post-content-inner\">\n\n\t\t\t\n\t\t\t<h5 class=\"post-title entry-title\"><a href=\"https:\/\/www.sinduscon-joinville.org.br\/v2021\/associado\/leroy-merlin\/\">Leroy Merlin<\/a><\/h5>\n\t\t\t\n\t\t\t\n\t\t\t        <div class=\"entry-content\">\n\n        \n        <\/div><!-- \/.entry-content -->\n        \n\t\t<\/div>\n\t\t<!-- \/.post-content-inner -->\n\t<\/div>\n\t<!-- \/.post-content -->\n\t\n<\/article>\n<!-- \/.post -->\n<article id=\"post-1942\" class=\"post tf_clearfix post-1942 associado type-associado status-publish has-post-thumbnail hentry has-post-title no-post-date has-post-category has-post-tag has-post-comment has-post-author \">\n\t    \n\t                <figure class=\"post-image tf_clearfix\">\n                                                            <a href=\"https:\/\/www.sinduscon-joinville.org.br\/v2021\/associado\/lhw-engenharia\/\">\n                                        <img loading=\"lazy\" decoding=\"async\" src=\"https:\/\/www.sinduscon-joinville.org.br\/v2021\/wp-content\/uploads\/2024\/04\/LHW-Engenharia-associado-Sinduscon-Joinville-250x250.png\" width=\"250\" height=\"250\" class=\"wp-post-image wp-image-2239\" title=\"LHW Engenharia - associado Sinduscon Joinville\" alt=\"LHW Engenharia - associado Sinduscon Joinville\" srcset=\"https:\/\/www.sinduscon-joinville.org.br\/v2021\/wp-content\/uploads\/2024\/04\/LHW-Engenharia-associado-Sinduscon-Joinville-250x250.png 250w, https:\/\/www.sinduscon-joinville.org.br\/v2021\/wp-content\/uploads\/2024\/04\/LHW-Engenharia-associado-Sinduscon-Joinville.png 300w\" sizes=\"auto, (max-width: 250px) 100vw, 250px\" \/>                                                                    <\/a>\n                                                                <\/figure>\n                    \t<div class=\"post-content\">\n\t\t<div class=\"post-content-inner\">\n\n\t\t\t\n\t\t\t<h5 class=\"post-title entry-title\"><a href=\"https:\/\/www.sinduscon-joinville.org.br\/v2021\/associado\/lhw-engenharia\/\">LHW Engenharia<\/a><\/h5>\n\t\t\t\n\t\t\t\n\t\t\t        <div class=\"entry-content\">\n\n        \n        <\/div><!-- \/.entry-content -->\n        \n\t\t<\/div>\n\t\t<!-- \/.post-content-inner -->\n\t<\/div>\n\t<!-- \/.post-content -->\n\t\n<\/article>\n<!-- \/.post -->\n<article id=\"post-1943\" class=\"post tf_clearfix post-1943 associado type-associado status-publish has-post-thumbnail hentry has-post-title no-post-date has-post-category has-post-tag has-post-comment has-post-author \">\n\t    \n\t                <figure class=\"post-image tf_clearfix\">\n                                                            <a href=\"https:\/\/www.sinduscon-joinville.org.br\/v2021\/associado\/luzville\/\">\n                                        <img loading=\"lazy\" decoding=\"async\" src=\"https:\/\/www.sinduscon-joinville.org.br\/v2021\/wp-content\/uploads\/2024\/03\/logo-apn-6-250x250.png\" width=\"250\" height=\"250\" class=\"wp-post-image wp-image-1842\" title=\"logo apn (6)\" alt=\"logo apn (6)\" srcset=\"https:\/\/www.sinduscon-joinville.org.br\/v2021\/wp-content\/uploads\/2024\/03\/logo-apn-6-250x250.png 250w, https:\/\/www.sinduscon-joinville.org.br\/v2021\/wp-content\/uploads\/2024\/03\/logo-apn-6-300x300.png 300w, https:\/\/www.sinduscon-joinville.org.br\/v2021\/wp-content\/uploads\/2024\/03\/logo-apn-6-150x150.png 150w, https:\/\/www.sinduscon-joinville.org.br\/v2021\/wp-content\/uploads\/2024\/03\/logo-apn-6.png 350w\" sizes=\"auto, (max-width: 250px) 100vw, 250px\" \/>                                                                    <\/a>\n                                                                <\/figure>\n                    \t<div class=\"post-content\">\n\t\t<div class=\"post-content-inner\">\n\n\t\t\t\n\t\t\t<h5 class=\"post-title entry-title\"><a href=\"https:\/\/www.sinduscon-joinville.org.br\/v2021\/associado\/luzville\/\">Luzville<\/a><\/h5>\n\t\t\t\n\t\t\t\n\t\t\t        <div class=\"entry-content\">\n\n        \n        <\/div><!-- \/.entry-content -->\n        \n\t\t<\/div>\n\t\t<!-- \/.post-content-inner -->\n\t<\/div>\n\t<!-- \/.post-content -->\n\t\n<\/article>\n<!-- \/.post -->\n<article id=\"post-2161\" class=\"post tf_clearfix post-2161 associado type-associado status-publish has-post-thumbnail hentry has-post-title no-post-date has-post-category has-post-tag has-post-comment has-post-author \">\n\t    \n\t                <figure class=\"post-image tf_clearfix\">\n                                                            <a href=\"https:\/\/www.sinduscon-joinville.org.br\/v2021\/associado\/marschell-construtora\/\">\n                                        <img loading=\"lazy\" decoding=\"async\" src=\"https:\/\/www.sinduscon-joinville.org.br\/v2021\/wp-content\/uploads\/2024\/06\/Marschel-Construtora-e-Incorporadora-associado-Sinduscon-Joinville-250x250.png\" width=\"250\" height=\"250\" class=\"wp-post-image wp-image-2242\" title=\"Marschel Construtora e Incorporadora - associado Sinduscon Joinville\" alt=\"Marschel Construtora e Incorporadora - associado Sinduscon Joinville\" srcset=\"https:\/\/www.sinduscon-joinville.org.br\/v2021\/wp-content\/uploads\/2024\/06\/Marschel-Construtora-e-Incorporadora-associado-Sinduscon-Joinville-250x250.png 250w, https:\/\/www.sinduscon-joinville.org.br\/v2021\/wp-content\/uploads\/2024\/06\/Marschel-Construtora-e-Incorporadora-associado-Sinduscon-Joinville.png 300w\" sizes=\"auto, (max-width: 250px) 100vw, 250px\" \/>                                                                    <\/a>\n                                                                <\/figure>\n                    \t<div class=\"post-content\">\n\t\t<div class=\"post-content-inner\">\n\n\t\t\t\n\t\t\t<h5 class=\"post-title entry-title\"><a href=\"https:\/\/www.sinduscon-joinville.org.br\/v2021\/associado\/marschell-construtora\/\">Marschell Construtora<\/a><\/h5>\n\t\t\t\n\t\t\t\n\t\t\t        <div class=\"entry-content\">\n\n        \n        <\/div><!-- \/.entry-content -->\n        \n\t\t<\/div>\n\t\t<!-- \/.post-content-inner -->\n\t<\/div>\n\t<!-- \/.post-content -->\n\t\n<\/article>\n<!-- \/.post -->\n<article id=\"post-1916\" class=\"post tf_clearfix post-1916 associado type-associado status-publish has-post-thumbnail hentry has-post-title no-post-date has-post-category has-post-tag has-post-comment has-post-author \">\n\t    \n\t                <figure class=\"post-image tf_clearfix\">\n                                                            <a href=\"https:\/\/www.sinduscon-joinville.org.br\/v2021\/associado\/massa-dundun\/\">\n                                        <img loading=\"lazy\" decoding=\"async\" src=\"https:\/\/www.sinduscon-joinville.org.br\/v2021\/wp-content\/uploads\/2024\/01\/Massa-DunDun-Associado-Sinduscon-Joinville-250x250.png\" width=\"250\" height=\"250\" class=\"wp-post-image wp-image-1754\" title=\"Massa-DunDun---Associado-Sinduscon-Joinville\" alt=\"Massa-DunDun---Associado-Sinduscon-Joinville\" srcset=\"https:\/\/www.sinduscon-joinville.org.br\/v2021\/wp-content\/uploads\/2024\/01\/Massa-DunDun-Associado-Sinduscon-Joinville-250x250.png 250w, https:\/\/www.sinduscon-joinville.org.br\/v2021\/wp-content\/uploads\/2024\/01\/Massa-DunDun-Associado-Sinduscon-Joinville-300x300.png 300w, https:\/\/www.sinduscon-joinville.org.br\/v2021\/wp-content\/uploads\/2024\/01\/Massa-DunDun-Associado-Sinduscon-Joinville-150x150.png 150w, https:\/\/www.sinduscon-joinville.org.br\/v2021\/wp-content\/uploads\/2024\/01\/Massa-DunDun-Associado-Sinduscon-Joinville-200x200.png 200w, https:\/\/www.sinduscon-joinville.org.br\/v2021\/wp-content\/uploads\/2024\/01\/Massa-DunDun-Associado-Sinduscon-Joinville.png 350w\" sizes=\"auto, (max-width: 250px) 100vw, 250px\" \/>                                                                    <\/a>\n                                                                <\/figure>\n                    \t<div class=\"post-content\">\n\t\t<div class=\"post-content-inner\">\n\n\t\t\t\n\t\t\t<h5 class=\"post-title entry-title\"><a href=\"https:\/\/www.sinduscon-joinville.org.br\/v2021\/associado\/massa-dundun\/\">Massa DunDun<\/a><\/h5>\n\t\t\t\n\t\t\t\n\t\t\t        <div class=\"entry-content\">\n\n        \n        <\/div><!-- \/.entry-content -->\n        \n\t\t<\/div>\n\t\t<!-- \/.post-content-inner -->\n\t<\/div>\n\t<!-- \/.post-content -->\n\t\n<\/article>\n<!-- \/.post -->\n<article id=\"post-2496\" class=\"post tf_clearfix post-2496 associado type-associado status-publish has-post-thumbnail hentry has-post-title no-post-date has-post-category has-post-tag has-post-comment has-post-author \">\n\t    \n\t                <figure class=\"post-image tf_clearfix\">\n                                                            <a href=\"https:\/\/www.sinduscon-joinville.org.br\/v2021\/associado\/maste-inteligencia-em-obras\/\">\n                                        <img loading=\"lazy\" decoding=\"async\" src=\"https:\/\/www.sinduscon-joinville.org.br\/v2021\/wp-content\/uploads\/2025\/07\/Asscociado-Sinduscon-Joinville-Maste-Inteligencia-em-Obras-250x250.png\" width=\"250\" height=\"250\" class=\"wp-post-image wp-image-2497\" title=\"Asscociado Sinduscon Joinville - Maste Intelig\u00eancia em Obras\" alt=\"Asscociado Sinduscon Joinville - Maste Intelig\u00eancia em Obras\" srcset=\"https:\/\/www.sinduscon-joinville.org.br\/v2021\/wp-content\/uploads\/2025\/07\/Asscociado-Sinduscon-Joinville-Maste-Inteligencia-em-Obras-250x250.png 250w, https:\/\/www.sinduscon-joinville.org.br\/v2021\/wp-content\/uploads\/2025\/07\/Asscociado-Sinduscon-Joinville-Maste-Inteligencia-em-Obras-300x300.png 300w, https:\/\/www.sinduscon-joinville.org.br\/v2021\/wp-content\/uploads\/2025\/07\/Asscociado-Sinduscon-Joinville-Maste-Inteligencia-em-Obras-150x150.png 150w, https:\/\/www.sinduscon-joinville.org.br\/v2021\/wp-content\/uploads\/2025\/07\/Asscociado-Sinduscon-Joinville-Maste-Inteligencia-em-Obras-350x350.png 350w, https:\/\/www.sinduscon-joinville.org.br\/v2021\/wp-content\/uploads\/2025\/07\/Asscociado-Sinduscon-Joinville-Maste-Inteligencia-em-Obras.png 500w\" sizes=\"auto, (max-width: 250px) 100vw, 250px\" \/>                                                                    <\/a>\n                                                                <\/figure>\n                    \t<div class=\"post-content\">\n\t\t<div class=\"post-content-inner\">\n\n\t\t\t\n\t\t\t<h5 class=\"post-title entry-title\"><a href=\"https:\/\/www.sinduscon-joinville.org.br\/v2021\/associado\/maste-inteligencia-em-obras\/\">MASTE Intelig\u00eancia em Obras<\/a><\/h5>\n\t\t\t\n\t\t\t\n\t\t\t        <div class=\"entry-content\">\n\n        \n        <\/div><!-- \/.entry-content -->\n        \n\t\t<\/div>\n\t\t<!-- \/.post-content-inner -->\n\t<\/div>\n\t<!-- \/.post-content -->\n\t\n<\/article>\n<!-- \/.post -->\n<article id=\"post-1944\" class=\"post tf_clearfix post-1944 associado type-associado status-publish has-post-thumbnail hentry has-post-title no-post-date has-post-category has-post-tag has-post-comment has-post-author \">\n\t    \n\t                <figure class=\"post-image tf_clearfix\">\n                                                            <a href=\"https:\/\/www.sinduscon-joinville.org.br\/v2021\/associado\/mrv-engenharia\/\">\n                                        <img loading=\"lazy\" decoding=\"async\" src=\"https:\/\/www.sinduscon-joinville.org.br\/v2021\/wp-content\/uploads\/2020\/09\/mrv-associada-sinduscon-joinville-250x250.jpg\" width=\"250\" height=\"250\" class=\"wp-post-image wp-image-539\" title=\"mrv-associada-sinduscon-joinville\" alt=\"mrv-associada-sinduscon-joinville\" srcset=\"https:\/\/www.sinduscon-joinville.org.br\/v2021\/wp-content\/uploads\/2020\/09\/mrv-associada-sinduscon-joinville-250x250.jpg 250w, https:\/\/www.sinduscon-joinville.org.br\/v2021\/wp-content\/uploads\/2020\/09\/mrv-associada-sinduscon-joinville-300x300.jpg 300w, https:\/\/www.sinduscon-joinville.org.br\/v2021\/wp-content\/uploads\/2020\/09\/mrv-associada-sinduscon-joinville-150x150.jpg 150w, https:\/\/www.sinduscon-joinville.org.br\/v2021\/wp-content\/uploads\/2020\/09\/mrv-associada-sinduscon-joinville-200x200.jpg 200w, https:\/\/www.sinduscon-joinville.org.br\/v2021\/wp-content\/uploads\/2020\/09\/mrv-associada-sinduscon-joinville.jpg 350w\" sizes=\"auto, (max-width: 250px) 100vw, 250px\" \/>                                                                    <\/a>\n                                                                <\/figure>\n                    \t<div class=\"post-content\">\n\t\t<div class=\"post-content-inner\">\n\n\t\t\t\n\t\t\t<h5 class=\"post-title entry-title\"><a href=\"https:\/\/www.sinduscon-joinville.org.br\/v2021\/associado\/mrv-engenharia\/\">MRV Engenharia<\/a><\/h5>\n\t\t\t\n\t\t\t\n\t\t\t        <div class=\"entry-content\">\n\n        \n        <\/div><!-- \/.entry-content -->\n        \n\t\t<\/div>\n\t\t<!-- \/.post-content-inner -->\n\t<\/div>\n\t<!-- \/.post-content -->\n\t\n<\/article>\n<!-- \/.post -->\n<article id=\"post-1945\" class=\"post tf_clearfix post-1945 associado type-associado status-publish has-post-thumbnail hentry has-post-title no-post-date has-post-category has-post-tag has-post-comment has-post-author \">\n\t    \n\t                <figure class=\"post-image tf_clearfix\">\n                                                            <a href=\"https:\/\/www.sinduscon-joinville.org.br\/v2021\/associado\/naldo-construtora\/\">\n                                        <img loading=\"lazy\" decoding=\"async\" src=\"https:\/\/www.sinduscon-joinville.org.br\/v2021\/wp-content\/uploads\/2024\/02\/Naldo-Construtora-Associado-Sinduscon-Joinville-250x250.jpg\" width=\"250\" height=\"250\" class=\"wp-post-image wp-image-1811\" title=\"Naldo Construtora - Associado Sinduscon Joinville\" alt=\"Naldo Construtora - Associado Sinduscon Joinville\" srcset=\"https:\/\/www.sinduscon-joinville.org.br\/v2021\/wp-content\/uploads\/2024\/02\/Naldo-Construtora-Associado-Sinduscon-Joinville-250x250.jpg 250w, https:\/\/www.sinduscon-joinville.org.br\/v2021\/wp-content\/uploads\/2024\/02\/Naldo-Construtora-Associado-Sinduscon-Joinville-300x300.jpg 300w, https:\/\/www.sinduscon-joinville.org.br\/v2021\/wp-content\/uploads\/2024\/02\/Naldo-Construtora-Associado-Sinduscon-Joinville-150x150.jpg 150w, https:\/\/www.sinduscon-joinville.org.br\/v2021\/wp-content\/uploads\/2024\/02\/Naldo-Construtora-Associado-Sinduscon-Joinville-200x200.jpg 200w, https:\/\/www.sinduscon-joinville.org.br\/v2021\/wp-content\/uploads\/2024\/02\/Naldo-Construtora-Associado-Sinduscon-Joinville.jpg 350w\" sizes=\"auto, (max-width: 250px) 100vw, 250px\" \/>                                                                    <\/a>\n                                                                <\/figure>\n                    \t<div class=\"post-content\">\n\t\t<div class=\"post-content-inner\">\n\n\t\t\t\n\t\t\t<h5 class=\"post-title entry-title\"><a href=\"https:\/\/www.sinduscon-joinville.org.br\/v2021\/associado\/naldo-construtora\/\">Naldo Construtora<\/a><\/h5>\n\t\t\t\n\t\t\t\n\t\t\t        <div class=\"entry-content\">\n\n        \n        <\/div><!-- \/.entry-content -->\n        \n\t\t<\/div>\n\t\t<!-- \/.post-content-inner -->\n\t<\/div>\n\t<!-- \/.post-content -->\n\t\n<\/article>\n<!-- \/.post -->\n<article id=\"post-1946\" class=\"post tf_clearfix post-1946 associado type-associado status-publish has-post-thumbnail hentry has-post-title no-post-date has-post-category has-post-tag has-post-comment has-post-author \">\n\t    \n\t                <figure class=\"post-image tf_clearfix\">\n                                                            <a href=\"https:\/\/www.sinduscon-joinville.org.br\/v2021\/associado\/ogliari-construtora\/\">\n                                        <img loading=\"lazy\" decoding=\"async\" src=\"https:\/\/www.sinduscon-joinville.org.br\/v2021\/wp-content\/uploads\/2024\/04\/Ogliari-Construtora-associado-Sinduscon-Joinville-250x250.png\" width=\"250\" height=\"250\" class=\"wp-post-image wp-image-2252\" title=\"Ogliari Construtora - associado Sinduscon Joinville\" alt=\"Ogliari Construtora - associado Sinduscon Joinville\" srcset=\"https:\/\/www.sinduscon-joinville.org.br\/v2021\/wp-content\/uploads\/2024\/04\/Ogliari-Construtora-associado-Sinduscon-Joinville-250x250.png 250w, https:\/\/www.sinduscon-joinville.org.br\/v2021\/wp-content\/uploads\/2024\/04\/Ogliari-Construtora-associado-Sinduscon-Joinville.png 300w\" sizes=\"auto, (max-width: 250px) 100vw, 250px\" \/>                                                                    <\/a>\n                                                                <\/figure>\n                    \t<div class=\"post-content\">\n\t\t<div class=\"post-content-inner\">\n\n\t\t\t\n\t\t\t<h5 class=\"post-title entry-title\"><a href=\"https:\/\/www.sinduscon-joinville.org.br\/v2021\/associado\/ogliari-construtora\/\">Ogliari Construtora<\/a><\/h5>\n\t\t\t\n\t\t\t\n\t\t\t        <div class=\"entry-content\">\n\n        \n        <\/div><!-- \/.entry-content -->\n        \n\t\t<\/div>\n\t\t<!-- \/.post-content-inner -->\n\t<\/div>\n\t<!-- \/.post-content -->\n\t\n<\/article>\n<!-- \/.post -->\n<article id=\"post-2492\" class=\"post tf_clearfix post-2492 associado type-associado status-publish has-post-thumbnail hentry has-post-title no-post-date has-post-category has-post-tag has-post-comment has-post-author \">\n\t    \n\t                <figure class=\"post-image tf_clearfix\">\n                                                            <a href=\"https:\/\/www.sinduscon-joinville.org.br\/v2021\/associado\/oren-empreendimentos\/\">\n                                        <img loading=\"lazy\" decoding=\"async\" src=\"https:\/\/www.sinduscon-joinville.org.br\/v2021\/wp-content\/uploads\/2025\/07\/Asscociado-Sinduscon-Joinville-Oren-Empreendimentos-250x250.png\" width=\"250\" height=\"250\" class=\"wp-post-image wp-image-2493\" title=\"Asscociado Sinduscon Joinville - Oren Empreendimentos\" alt=\"Asscociado Sinduscon Joinville - Oren Empreendimentos\" srcset=\"https:\/\/www.sinduscon-joinville.org.br\/v2021\/wp-content\/uploads\/2025\/07\/Asscociado-Sinduscon-Joinville-Oren-Empreendimentos-250x250.png 250w, https:\/\/www.sinduscon-joinville.org.br\/v2021\/wp-content\/uploads\/2025\/07\/Asscociado-Sinduscon-Joinville-Oren-Empreendimentos-300x300.png 300w, https:\/\/www.sinduscon-joinville.org.br\/v2021\/wp-content\/uploads\/2025\/07\/Asscociado-Sinduscon-Joinville-Oren-Empreendimentos-150x150.png 150w, https:\/\/www.sinduscon-joinville.org.br\/v2021\/wp-content\/uploads\/2025\/07\/Asscociado-Sinduscon-Joinville-Oren-Empreendimentos-350x350.png 350w, https:\/\/www.sinduscon-joinville.org.br\/v2021\/wp-content\/uploads\/2025\/07\/Asscociado-Sinduscon-Joinville-Oren-Empreendimentos.png 500w\" sizes=\"auto, (max-width: 250px) 100vw, 250px\" \/>                                                                    <\/a>\n                                                                <\/figure>\n                    \t<div class=\"post-content\">\n\t\t<div class=\"post-content-inner\">\n\n\t\t\t\n\t\t\t<h5 class=\"post-title entry-title\"><a href=\"https:\/\/www.sinduscon-joinville.org.br\/v2021\/associado\/oren-empreendimentos\/\">Oren Empreendimentos<\/a><\/h5>\n\t\t\t\n\t\t\t\n\t\t\t        <div class=\"entry-content\">\n\n        \n        <\/div><!-- \/.entry-content -->\n        \n\t\t<\/div>\n\t\t<!-- \/.post-content-inner -->\n\t<\/div>\n\t<!-- \/.post-content -->\n\t\n<\/article>\n<!-- \/.post -->\n<article id=\"post-2227\" class=\"post tf_clearfix post-2227 associado type-associado status-publish has-post-thumbnail hentry has-post-title no-post-date has-post-category has-post-tag has-post-comment has-post-author \">\n\t    \n\t                <figure class=\"post-image tf_clearfix\">\n                                                            <a href=\"https:\/\/www.sinduscon-joinville.org.br\/v2021\/associado\/paleta-engenharia-e-construcoes\/\">\n                                        <img loading=\"lazy\" decoding=\"async\" src=\"https:\/\/www.sinduscon-joinville.org.br\/v2021\/wp-content\/uploads\/2024\/09\/Paleta-Engenharia-e-Construcoes-associado-Sinduscon-Joinville-250x250.png\" width=\"250\" height=\"250\" class=\"wp-post-image wp-image-2228\" title=\"Paleta Engenharia e Constru\u00e7\u00f5es - associado Sinduscon Joinville\" alt=\"Paleta Engenharia e Constru\u00e7\u00f5es - associado Sinduscon Joinville\" srcset=\"https:\/\/www.sinduscon-joinville.org.br\/v2021\/wp-content\/uploads\/2024\/09\/Paleta-Engenharia-e-Construcoes-associado-Sinduscon-Joinville-250x250.png 250w, https:\/\/www.sinduscon-joinville.org.br\/v2021\/wp-content\/uploads\/2024\/09\/Paleta-Engenharia-e-Construcoes-associado-Sinduscon-Joinville.png 300w\" sizes=\"auto, (max-width: 250px) 100vw, 250px\" \/>                                                                    <\/a>\n                                                                <\/figure>\n                    \t<div class=\"post-content\">\n\t\t<div class=\"post-content-inner\">\n\n\t\t\t\n\t\t\t<h5 class=\"post-title entry-title\"><a href=\"https:\/\/www.sinduscon-joinville.org.br\/v2021\/associado\/paleta-engenharia-e-construcoes\/\">Paleta Engenharia e Constru\u00e7\u00f5es<\/a><\/h5>\n\t\t\t\n\t\t\t\n\t\t\t        <div class=\"entry-content\">\n\n        \n        <\/div><!-- \/.entry-content -->\n        \n\t\t<\/div>\n\t\t<!-- \/.post-content-inner -->\n\t<\/div>\n\t<!-- \/.post-content -->\n\t\n<\/article>\n<!-- \/.post -->\n<article id=\"post-1948\" class=\"post tf_clearfix post-1948 associado type-associado status-publish has-post-thumbnail hentry has-post-title no-post-date has-post-category has-post-tag has-post-comment has-post-author \">\n\t    \n\t                <figure class=\"post-image tf_clearfix\">\n                                                            <a href=\"https:\/\/www.sinduscon-joinville.org.br\/v2021\/associado\/peec-engenharia\/\">\n                                        <img loading=\"lazy\" decoding=\"async\" src=\"https:\/\/www.sinduscon-joinville.org.br\/v2021\/wp-content\/uploads\/2024\/04\/Peec-Engenharia-associado-Sinduscon-Joinville-250x250.png\" width=\"250\" height=\"250\" class=\"wp-post-image wp-image-2236\" title=\"Peec Engenharia - associado Sinduscon Joinville\" alt=\"Peec Engenharia - associado Sinduscon Joinville\" srcset=\"https:\/\/www.sinduscon-joinville.org.br\/v2021\/wp-content\/uploads\/2024\/04\/Peec-Engenharia-associado-Sinduscon-Joinville-250x250.png 250w, https:\/\/www.sinduscon-joinville.org.br\/v2021\/wp-content\/uploads\/2024\/04\/Peec-Engenharia-associado-Sinduscon-Joinville.png 300w\" sizes=\"auto, (max-width: 250px) 100vw, 250px\" \/>                                                                    <\/a>\n                                                                <\/figure>\n                    \t<div class=\"post-content\">\n\t\t<div class=\"post-content-inner\">\n\n\t\t\t\n\t\t\t<h5 class=\"post-title entry-title\"><a href=\"https:\/\/www.sinduscon-joinville.org.br\/v2021\/associado\/peec-engenharia\/\">PEEC Engenharia<\/a><\/h5>\n\t\t\t\n\t\t\t\n\t\t\t        <div class=\"entry-content\">\n\n        \n        <\/div><!-- \/.entry-content -->\n        \n\t\t<\/div>\n\t\t<!-- \/.post-content-inner -->\n\t<\/div>\n\t<!-- \/.post-content -->\n\t\n<\/article>\n<!-- \/.post -->\n<article id=\"post-1949\" class=\"post tf_clearfix post-1949 associado type-associado status-publish has-post-thumbnail hentry has-post-title no-post-date has-post-category has-post-tag has-post-comment has-post-author \">\n\t    \n\t                <figure class=\"post-image tf_clearfix\">\n                                                            <a href=\"https:\/\/www.sinduscon-joinville.org.br\/v2021\/associado\/perville-sistemas-construtivos-inteligentes\/\">\n                                        <img loading=\"lazy\" decoding=\"async\" src=\"https:\/\/www.sinduscon-joinville.org.br\/v2021\/wp-content\/uploads\/2024\/04\/Perville-associado-Sinduscon-Joinville-250x250.png\" width=\"250\" height=\"250\" class=\"wp-post-image wp-image-2246\" title=\"Perville - associado Sinduscon Joinville\" alt=\"Perville - associado Sinduscon Joinville\" srcset=\"https:\/\/www.sinduscon-joinville.org.br\/v2021\/wp-content\/uploads\/2024\/04\/Perville-associado-Sinduscon-Joinville-250x250.png 250w, https:\/\/www.sinduscon-joinville.org.br\/v2021\/wp-content\/uploads\/2024\/04\/Perville-associado-Sinduscon-Joinville.png 300w\" sizes=\"auto, (max-width: 250px) 100vw, 250px\" \/>                                                                    <\/a>\n                                                                <\/figure>\n                    \t<div class=\"post-content\">\n\t\t<div class=\"post-content-inner\">\n\n\t\t\t\n\t\t\t<h5 class=\"post-title entry-title\"><a href=\"https:\/\/www.sinduscon-joinville.org.br\/v2021\/associado\/perville-sistemas-construtivos-inteligentes\/\">Perville Sistemas Construtivos Inteligentes<\/a><\/h5>\n\t\t\t\n\t\t\t\n\t\t\t        <div class=\"entry-content\">\n\n        \n        <\/div><!-- \/.entry-content -->\n        \n\t\t<\/div>\n\t\t<!-- \/.post-content-inner -->\n\t<\/div>\n\t<!-- \/.post-content -->\n\t\n<\/article>\n<!-- \/.post -->\n<article id=\"post-2229\" class=\"post tf_clearfix post-2229 associado type-associado status-publish has-post-thumbnail hentry has-post-title no-post-date has-post-category has-post-tag has-post-comment has-post-author \">\n\t    \n\t                <figure class=\"post-image tf_clearfix\">\n                                                            <a href=\"https:\/\/www.sinduscon-joinville.org.br\/v2021\/associado\/pinturas-rafael\/\">\n                                        <img loading=\"lazy\" decoding=\"async\" src=\"https:\/\/www.sinduscon-joinville.org.br\/v2021\/wp-content\/uploads\/2024\/09\/Pinturas-Rafael-associado-Sinduscon-Joinville-250x250.png\" width=\"250\" height=\"250\" class=\"wp-post-image wp-image-2230\" title=\"Pinturas Rafael - associado Sinduscon Joinville\" alt=\"Pinturas Rafael - associado Sinduscon Joinville\" srcset=\"https:\/\/www.sinduscon-joinville.org.br\/v2021\/wp-content\/uploads\/2024\/09\/Pinturas-Rafael-associado-Sinduscon-Joinville-250x250.png 250w, https:\/\/www.sinduscon-joinville.org.br\/v2021\/wp-content\/uploads\/2024\/09\/Pinturas-Rafael-associado-Sinduscon-Joinville.png 300w\" sizes=\"auto, (max-width: 250px) 100vw, 250px\" \/>                                                                    <\/a>\n                                                                <\/figure>\n                    \t<div class=\"post-content\">\n\t\t<div class=\"post-content-inner\">\n\n\t\t\t\n\t\t\t<h5 class=\"post-title entry-title\"><a href=\"https:\/\/www.sinduscon-joinville.org.br\/v2021\/associado\/pinturas-rafael\/\">Pinturas Rafael<\/a><\/h5>\n\t\t\t\n\t\t\t\n\t\t\t        <div class=\"entry-content\">\n\n        \n        <\/div><!-- \/.entry-content -->\n        \n\t\t<\/div>\n\t\t<!-- \/.post-content-inner -->\n\t<\/div>\n\t<!-- \/.post-content -->\n\t\n<\/article>\n<!-- \/.post -->\n<article id=\"post-2231\" class=\"post tf_clearfix post-2231 associado type-associado status-publish has-post-thumbnail hentry has-post-title no-post-date has-post-category has-post-tag has-post-comment has-post-author \">\n\t    \n\t                <figure class=\"post-image tf_clearfix\">\n                                                            <a href=\"https:\/\/www.sinduscon-joinville.org.br\/v2021\/associado\/plax-engenharia\/\">\n                                        <img loading=\"lazy\" decoding=\"async\" src=\"https:\/\/www.sinduscon-joinville.org.br\/v2021\/wp-content\/uploads\/2024\/09\/Plax-Engenhsaria-associado-Sinduscon-Joinville-logotipo-novo-250x250.png\" width=\"250\" height=\"250\" class=\"wp-post-image wp-image-2256\" title=\"Plax Engenhsaria - associado Sinduscon Joinville - logotipo novo\" alt=\"Plax Engenhsaria - associado Sinduscon Joinville - logotipo novo\" srcset=\"https:\/\/www.sinduscon-joinville.org.br\/v2021\/wp-content\/uploads\/2024\/09\/Plax-Engenhsaria-associado-Sinduscon-Joinville-logotipo-novo-250x250.png 250w, https:\/\/www.sinduscon-joinville.org.br\/v2021\/wp-content\/uploads\/2024\/09\/Plax-Engenhsaria-associado-Sinduscon-Joinville-logotipo-novo.png 300w\" sizes=\"auto, (max-width: 250px) 100vw, 250px\" \/>                                                                    <\/a>\n                                                                <\/figure>\n                    \t<div class=\"post-content\">\n\t\t<div class=\"post-content-inner\">\n\n\t\t\t\n\t\t\t<h5 class=\"post-title entry-title\"><a href=\"https:\/\/www.sinduscon-joinville.org.br\/v2021\/associado\/plax-engenharia\/\">Plax Engenharia<\/a><\/h5>\n\t\t\t\n\t\t\t\n\t\t\t        <div class=\"entry-content\">\n\n        \n        <\/div><!-- \/.entry-content -->\n        \n\t\t<\/div>\n\t\t<!-- \/.post-content-inner -->\n\t<\/div>\n\t<!-- \/.post-content -->\n\t\n<\/article>\n<!-- \/.post -->\n<article id=\"post-2448\" class=\"post tf_clearfix post-2448 associado type-associado status-publish has-post-thumbnail hentry has-post-title no-post-date has-post-category has-post-tag has-post-comment has-post-author \">\n\t    \n\t                <figure class=\"post-image tf_clearfix\">\n                                                            <a href=\"https:\/\/www.sinduscon-joinville.org.br\/v2021\/associado\/rd-solucoes-eletricas\/\">\n                                        <img loading=\"lazy\" decoding=\"async\" src=\"https:\/\/www.sinduscon-joinville.org.br\/v2021\/wp-content\/uploads\/2025\/05\/RD-Solucoes-Eletricas-associado-ao-Sinduscon-Joinville-250x250.png\" width=\"250\" height=\"250\" class=\"wp-post-image wp-image-2449\" title=\"RD Solu\u00e7\u00f5es El\u00e9tricas - associado ao Sinduscon Joinville\" alt=\"RD Solu\u00e7\u00f5es El\u00e9tricas - associado ao Sinduscon Joinville\" srcset=\"https:\/\/www.sinduscon-joinville.org.br\/v2021\/wp-content\/uploads\/2025\/05\/RD-Solucoes-Eletricas-associado-ao-Sinduscon-Joinville-250x250.png 250w, https:\/\/www.sinduscon-joinville.org.br\/v2021\/wp-content\/uploads\/2025\/05\/RD-Solucoes-Eletricas-associado-ao-Sinduscon-Joinville-300x300.png 300w, https:\/\/www.sinduscon-joinville.org.br\/v2021\/wp-content\/uploads\/2025\/05\/RD-Solucoes-Eletricas-associado-ao-Sinduscon-Joinville-150x150.png 150w, https:\/\/www.sinduscon-joinville.org.br\/v2021\/wp-content\/uploads\/2025\/05\/RD-Solucoes-Eletricas-associado-ao-Sinduscon-Joinville.png 350w\" sizes=\"auto, (max-width: 250px) 100vw, 250px\" \/>                                                                    <\/a>\n                                                                <\/figure>\n                    \t<div class=\"post-content\">\n\t\t<div class=\"post-content-inner\">\n\n\t\t\t\n\t\t\t<h5 class=\"post-title entry-title\"><a href=\"https:\/\/www.sinduscon-joinville.org.br\/v2021\/associado\/rd-solucoes-eletricas\/\">RD Solu\u00e7\u00f5es El\u00e9tricas<\/a><\/h5>\n\t\t\t\n\t\t\t\n\t\t\t        <div class=\"entry-content\">\n\n        \n        <\/div><!-- \/.entry-content -->\n        \n\t\t<\/div>\n\t\t<!-- \/.post-content-inner -->\n\t<\/div>\n\t<!-- \/.post-content -->\n\t\n<\/article>\n<!-- \/.post -->\n<article id=\"post-1951\" class=\"post tf_clearfix post-1951 associado type-associado status-publish has-post-thumbnail hentry has-post-title no-post-date has-post-category has-post-tag has-post-comment has-post-author \">\n\t    \n\t                <figure class=\"post-image tf_clearfix\">\n                                                            <a href=\"https:\/\/www.sinduscon-joinville.org.br\/v2021\/associado\/rogga-construtora\/\">\n                                        <img loading=\"lazy\" decoding=\"async\" src=\"https:\/\/www.sinduscon-joinville.org.br\/v2021\/wp-content\/uploads\/2020\/10\/associado-sinduscon-joinville-rogga-empreendimentos-novo-logo-250x250.jpg\" width=\"250\" height=\"250\" class=\"wp-post-image wp-image-654\" title=\"associado-sinduscon-joinville-rogga-empreendimentos-novo-logo\" alt=\"associado-sinduscon-joinville-rogga-empreendimentos-novo-logo\" srcset=\"https:\/\/www.sinduscon-joinville.org.br\/v2021\/wp-content\/uploads\/2020\/10\/associado-sinduscon-joinville-rogga-empreendimentos-novo-logo-250x250.jpg 250w, https:\/\/www.sinduscon-joinville.org.br\/v2021\/wp-content\/uploads\/2020\/10\/associado-sinduscon-joinville-rogga-empreendimentos-novo-logo-300x300.jpg 300w, https:\/\/www.sinduscon-joinville.org.br\/v2021\/wp-content\/uploads\/2020\/10\/associado-sinduscon-joinville-rogga-empreendimentos-novo-logo-150x150.jpg 150w, https:\/\/www.sinduscon-joinville.org.br\/v2021\/wp-content\/uploads\/2020\/10\/associado-sinduscon-joinville-rogga-empreendimentos-novo-logo.jpg 350w, https:\/\/www.sinduscon-joinville.org.br\/v2021\/wp-content\/uploads\/2020\/10\/associado-sinduscon-joinville-rogga-empreendimentos-novo-logo-200x200.jpg 200w\" sizes=\"auto, (max-width: 250px) 100vw, 250px\" \/>                                                                    <\/a>\n                                                                <\/figure>\n                    \t<div class=\"post-content\">\n\t\t<div class=\"post-content-inner\">\n\n\t\t\t\n\t\t\t<h5 class=\"post-title entry-title\"><a href=\"https:\/\/www.sinduscon-joinville.org.br\/v2021\/associado\/rogga-construtora\/\">R\u00f4gga Construtora<\/a><\/h5>\n\t\t\t\n\t\t\t\n\t\t\t        <div class=\"entry-content\">\n\n        \n        <\/div><!-- \/.entry-content -->\n        \n\t\t<\/div>\n\t\t<!-- \/.post-content-inner -->\n\t<\/div>\n\t<!-- \/.post-content -->\n\t\n<\/article>\n<!-- \/.post -->\n<article id=\"post-1952\" class=\"post tf_clearfix post-1952 associado type-associado status-publish has-post-thumbnail hentry has-post-title no-post-date has-post-category has-post-tag has-post-comment has-post-author \">\n\t    \n\t                <figure class=\"post-image tf_clearfix\">\n                                                            <a href=\"https:\/\/www.sinduscon-joinville.org.br\/v2021\/associado\/roma-construtora\/\">\n                                        <img loading=\"lazy\" decoding=\"async\" src=\"https:\/\/www.sinduscon-joinville.org.br\/v2021\/wp-content\/uploads\/2024\/04\/roma-construtora-associada-sinduscon-joinville-300x300-ok-250x250.jpg\" width=\"250\" height=\"250\" class=\"wp-post-image wp-image-1953\" title=\"roma-construtora-associada-sinduscon-joinville-300x300-ok\" alt=\"roma-construtora-associada-sinduscon-joinville-300x300-ok\" srcset=\"https:\/\/www.sinduscon-joinville.org.br\/v2021\/wp-content\/uploads\/2024\/04\/roma-construtora-associada-sinduscon-joinville-300x300-ok-250x250.jpg 250w, https:\/\/www.sinduscon-joinville.org.br\/v2021\/wp-content\/uploads\/2024\/04\/roma-construtora-associada-sinduscon-joinville-300x300-ok-300x300.jpg 300w, https:\/\/www.sinduscon-joinville.org.br\/v2021\/wp-content\/uploads\/2024\/04\/roma-construtora-associada-sinduscon-joinville-300x300-ok-150x150.jpg 150w, https:\/\/www.sinduscon-joinville.org.br\/v2021\/wp-content\/uploads\/2024\/04\/roma-construtora-associada-sinduscon-joinville-300x300-ok-350x350.jpg 350w, https:\/\/www.sinduscon-joinville.org.br\/v2021\/wp-content\/uploads\/2024\/04\/roma-construtora-associada-sinduscon-joinville-300x300-ok.jpg 501w\" sizes=\"auto, (max-width: 250px) 100vw, 250px\" \/>                                                                    <\/a>\n                                                                <\/figure>\n                    \t<div class=\"post-content\">\n\t\t<div class=\"post-content-inner\">\n\n\t\t\t\n\t\t\t<h5 class=\"post-title entry-title\"><a href=\"https:\/\/www.sinduscon-joinville.org.br\/v2021\/associado\/roma-construtora\/\">Roma Construtora<\/a><\/h5>\n\t\t\t\n\t\t\t\n\t\t\t        <div class=\"entry-content\">\n\n        \n        <\/div><!-- \/.entry-content -->\n        \n\t\t<\/div>\n\t\t<!-- \/.post-content-inner -->\n\t<\/div>\n\t<!-- \/.post-content -->\n\t\n<\/article>\n<!-- \/.post -->\n<article id=\"post-1954\" class=\"post tf_clearfix post-1954 associado type-associado status-publish has-post-thumbnail hentry has-post-title no-post-date has-post-category has-post-tag has-post-comment has-post-author \">\n\t    \n\t                <figure class=\"post-image tf_clearfix\">\n                                                            <a href=\"https:\/\/www.sinduscon-joinville.org.br\/v2021\/associado\/rottas-construtora-e-incorporadora\/\">\n                                        <img loading=\"lazy\" decoding=\"async\" src=\"https:\/\/www.sinduscon-joinville.org.br\/v2021\/wp-content\/uploads\/2023\/07\/Rottas-Construtora-e-Incorporadora-Novo-associado-Sinduscon-Joinville-250x250.png\" width=\"250\" height=\"250\" class=\"wp-post-image wp-image-1536\" title=\"Rottas-Construtora-e-Incorporadora---Novo-associado-Sinduscon-Joinville\" alt=\"Rottas-Construtora-e-Incorporadora---Novo-associado-Sinduscon-Joinville\" srcset=\"https:\/\/www.sinduscon-joinville.org.br\/v2021\/wp-content\/uploads\/2023\/07\/Rottas-Construtora-e-Incorporadora-Novo-associado-Sinduscon-Joinville-250x250.png 250w, https:\/\/www.sinduscon-joinville.org.br\/v2021\/wp-content\/uploads\/2023\/07\/Rottas-Construtora-e-Incorporadora-Novo-associado-Sinduscon-Joinville-300x300.png 300w, https:\/\/www.sinduscon-joinville.org.br\/v2021\/wp-content\/uploads\/2023\/07\/Rottas-Construtora-e-Incorporadora-Novo-associado-Sinduscon-Joinville-150x150.png 150w, https:\/\/www.sinduscon-joinville.org.br\/v2021\/wp-content\/uploads\/2023\/07\/Rottas-Construtora-e-Incorporadora-Novo-associado-Sinduscon-Joinville-200x200.png 200w, https:\/\/www.sinduscon-joinville.org.br\/v2021\/wp-content\/uploads\/2023\/07\/Rottas-Construtora-e-Incorporadora-Novo-associado-Sinduscon-Joinville.png 350w\" sizes=\"auto, (max-width: 250px) 100vw, 250px\" \/>                                                                    <\/a>\n                                                                <\/figure>\n                    \t<div class=\"post-content\">\n\t\t<div class=\"post-content-inner\">\n\n\t\t\t\n\t\t\t<h5 class=\"post-title entry-title\"><a href=\"https:\/\/www.sinduscon-joinville.org.br\/v2021\/associado\/rottas-construtora-e-incorporadora\/\">Rottas Construtora e Incorporadora<\/a><\/h5>\n\t\t\t\n\t\t\t\n\t\t\t        <div class=\"entry-content\">\n\n        \n        <\/div><!-- \/.entry-content -->\n        \n\t\t<\/div>\n\t\t<!-- \/.post-content-inner -->\n\t<\/div>\n\t<!-- \/.post-content -->\n\t\n<\/article>\n<!-- \/.post -->\n<article id=\"post-1955\" class=\"post tf_clearfix post-1955 associado type-associado status-publish has-post-thumbnail hentry has-post-title no-post-date has-post-category has-post-tag has-post-comment has-post-author \">\n\t    \n\t                <figure class=\"post-image tf_clearfix\">\n                                                            <a href=\"https:\/\/www.sinduscon-joinville.org.br\/v2021\/associado\/rv-empreendimentos\/\">\n                                        <img loading=\"lazy\" decoding=\"async\" src=\"https:\/\/www.sinduscon-joinville.org.br\/v2021\/wp-content\/uploads\/2020\/09\/rv-empreendimentos-associada-sinduscon-joinville-250x250.jpg\" width=\"250\" height=\"250\" class=\"wp-post-image wp-image-545\" title=\"rv-empreendimentos-associada-sinduscon-joinville\" alt=\"rv-empreendimentos-associada-sinduscon-joinville\" srcset=\"https:\/\/www.sinduscon-joinville.org.br\/v2021\/wp-content\/uploads\/2020\/09\/rv-empreendimentos-associada-sinduscon-joinville-250x250.jpg 250w, https:\/\/www.sinduscon-joinville.org.br\/v2021\/wp-content\/uploads\/2020\/09\/rv-empreendimentos-associada-sinduscon-joinville-300x300.jpg 300w, https:\/\/www.sinduscon-joinville.org.br\/v2021\/wp-content\/uploads\/2020\/09\/rv-empreendimentos-associada-sinduscon-joinville-150x150.jpg 150w, https:\/\/www.sinduscon-joinville.org.br\/v2021\/wp-content\/uploads\/2020\/09\/rv-empreendimentos-associada-sinduscon-joinville-200x200.jpg 200w, https:\/\/www.sinduscon-joinville.org.br\/v2021\/wp-content\/uploads\/2020\/09\/rv-empreendimentos-associada-sinduscon-joinville.jpg 350w\" sizes=\"auto, (max-width: 250px) 100vw, 250px\" \/>                                                                    <\/a>\n                                                                <\/figure>\n                    \t<div class=\"post-content\">\n\t\t<div class=\"post-content-inner\">\n\n\t\t\t\n\t\t\t<h5 class=\"post-title entry-title\"><a href=\"https:\/\/www.sinduscon-joinville.org.br\/v2021\/associado\/rv-empreendimentos\/\">RV Empreendimentos<\/a><\/h5>\n\t\t\t\n\t\t\t\n\t\t\t        <div class=\"entry-content\">\n\n        \n        <\/div><!-- \/.entry-content -->\n        \n\t\t<\/div>\n\t\t<!-- \/.post-content-inner -->\n\t<\/div>\n\t<!-- \/.post-content -->\n\t\n<\/article>\n<!-- \/.post -->\n<article id=\"post-1956\" class=\"post tf_clearfix post-1956 associado type-associado status-publish has-post-thumbnail hentry has-post-title no-post-date has-post-category has-post-tag has-post-comment has-post-author \">\n\t    \n\t                <figure class=\"post-image tf_clearfix\">\n                                                            <a href=\"https:\/\/www.sinduscon-joinville.org.br\/v2021\/associado\/sanretech\/\">\n                                        <img loading=\"lazy\" decoding=\"async\" src=\"https:\/\/www.sinduscon-joinville.org.br\/v2021\/wp-content\/uploads\/2024\/04\/sanretech-associada-sinduscon-joinville-300x300-1-250x250.jpg\" width=\"250\" height=\"250\" class=\"wp-post-image wp-image-1957\" title=\"sanretech-associada-sinduscon-joinville-300x300\" alt=\"sanretech-associada-sinduscon-joinville-300x300\" srcset=\"https:\/\/www.sinduscon-joinville.org.br\/v2021\/wp-content\/uploads\/2024\/04\/sanretech-associada-sinduscon-joinville-300x300-1-250x250.jpg 250w, https:\/\/www.sinduscon-joinville.org.br\/v2021\/wp-content\/uploads\/2024\/04\/sanretech-associada-sinduscon-joinville-300x300-1-300x300.jpg 300w, https:\/\/www.sinduscon-joinville.org.br\/v2021\/wp-content\/uploads\/2024\/04\/sanretech-associada-sinduscon-joinville-300x300-1-150x150.jpg 150w, https:\/\/www.sinduscon-joinville.org.br\/v2021\/wp-content\/uploads\/2024\/04\/sanretech-associada-sinduscon-joinville-300x300-1-350x350.jpg 350w, https:\/\/www.sinduscon-joinville.org.br\/v2021\/wp-content\/uploads\/2024\/04\/sanretech-associada-sinduscon-joinville-300x300-1.jpg 501w\" sizes=\"auto, (max-width: 250px) 100vw, 250px\" \/>                                                                    <\/a>\n                                                                <\/figure>\n                    \t<div class=\"post-content\">\n\t\t<div class=\"post-content-inner\">\n\n\t\t\t\n\t\t\t<h5 class=\"post-title entry-title\"><a href=\"https:\/\/www.sinduscon-joinville.org.br\/v2021\/associado\/sanretech\/\">SANRETECH<\/a><\/h5>\n\t\t\t\n\t\t\t\n\t\t\t        <div class=\"entry-content\">\n\n        \n        <\/div><!-- \/.entry-content -->\n        \n\t\t<\/div>\n\t\t<!-- \/.post-content-inner -->\n\t<\/div>\n\t<!-- \/.post-content -->\n\t\n<\/article>\n<!-- \/.post -->\n<article id=\"post-2233\" class=\"post tf_clearfix post-2233 associado type-associado status-publish has-post-thumbnail hentry has-post-title no-post-date has-post-category has-post-tag has-post-comment has-post-author \">\n\t    \n\t                <figure class=\"post-image tf_clearfix\">\n                                                            <a href=\"https:\/\/www.sinduscon-joinville.org.br\/v2021\/associado\/sartori-lima-engenharia\/\">\n                                        <img loading=\"lazy\" decoding=\"async\" src=\"https:\/\/www.sinduscon-joinville.org.br\/v2021\/wp-content\/uploads\/2024\/09\/Sartori-e-Lima-Engenharia-associado-Sinduscon-Joinville-vertical-250x250.png\" width=\"250\" height=\"250\" class=\"wp-post-image wp-image-2255\" title=\"Sartori e Lima Engenharia - associado Sinduscon Joinville - vertical\" alt=\"Sartori e Lima Engenharia - associado Sinduscon Joinville - vertical\" srcset=\"https:\/\/www.sinduscon-joinville.org.br\/v2021\/wp-content\/uploads\/2024\/09\/Sartori-e-Lima-Engenharia-associado-Sinduscon-Joinville-vertical-250x250.png 250w, https:\/\/www.sinduscon-joinville.org.br\/v2021\/wp-content\/uploads\/2024\/09\/Sartori-e-Lima-Engenharia-associado-Sinduscon-Joinville-vertical.png 300w\" sizes=\"auto, (max-width: 250px) 100vw, 250px\" \/>                                                                    <\/a>\n                                                                <\/figure>\n                    \t<div class=\"post-content\">\n\t\t<div class=\"post-content-inner\">\n\n\t\t\t\n\t\t\t<h5 class=\"post-title entry-title\"><a href=\"https:\/\/www.sinduscon-joinville.org.br\/v2021\/associado\/sartori-lima-engenharia\/\">Sartori &#038; Lima Engenharia<\/a><\/h5>\n\t\t\t\n\t\t\t\n\t\t\t        <div class=\"entry-content\">\n\n        \n        <\/div><!-- \/.entry-content -->\n        \n\t\t<\/div>\n\t\t<!-- \/.post-content-inner -->\n\t<\/div>\n\t<!-- \/.post-content -->\n\t\n<\/article>\n<!-- \/.post -->\n<article id=\"post-1958\" class=\"post tf_clearfix post-1958 associado type-associado status-publish has-post-thumbnail hentry has-post-title no-post-date has-post-category has-post-tag has-post-comment has-post-author \">\n\t    \n\t                <figure class=\"post-image tf_clearfix\">\n                                                            <a href=\"https:\/\/www.sinduscon-joinville.org.br\/v2021\/associado\/solucao-credito-imobiliario-2\/\">\n                                        <img loading=\"lazy\" decoding=\"async\" src=\"https:\/\/www.sinduscon-joinville.org.br\/v2021\/wp-content\/uploads\/2024\/02\/Solucao-Credito-Imobiliario-associado-Sinduscon-Joinville-sc-250x250.jpg\" width=\"250\" height=\"250\" class=\"wp-post-image wp-image-1821\" title=\"Solu\u00e7\u00e3o Cr\u00e9dito Imobili\u00e1rio - associado Sinduscon Joinville sc\" alt=\"Solu\u00e7\u00e3o Cr\u00e9dito Imobili\u00e1rio - associado Sinduscon Joinville sc\" srcset=\"https:\/\/www.sinduscon-joinville.org.br\/v2021\/wp-content\/uploads\/2024\/02\/Solucao-Credito-Imobiliario-associado-Sinduscon-Joinville-sc-250x250.jpg 250w, https:\/\/www.sinduscon-joinville.org.br\/v2021\/wp-content\/uploads\/2024\/02\/Solucao-Credito-Imobiliario-associado-Sinduscon-Joinville-sc-300x300.jpg 300w, https:\/\/www.sinduscon-joinville.org.br\/v2021\/wp-content\/uploads\/2024\/02\/Solucao-Credito-Imobiliario-associado-Sinduscon-Joinville-sc-150x150.jpg 150w, https:\/\/www.sinduscon-joinville.org.br\/v2021\/wp-content\/uploads\/2024\/02\/Solucao-Credito-Imobiliario-associado-Sinduscon-Joinville-sc-200x200.jpg 200w, https:\/\/www.sinduscon-joinville.org.br\/v2021\/wp-content\/uploads\/2024\/02\/Solucao-Credito-Imobiliario-associado-Sinduscon-Joinville-sc-350x350.jpg 350w, https:\/\/www.sinduscon-joinville.org.br\/v2021\/wp-content\/uploads\/2024\/02\/Solucao-Credito-Imobiliario-associado-Sinduscon-Joinville-sc.jpg 352w\" sizes=\"auto, (max-width: 250px) 100vw, 250px\" \/>                                                                    <\/a>\n                                                                <\/figure>\n                    \t<div class=\"post-content\">\n\t\t<div class=\"post-content-inner\">\n\n\t\t\t\n\t\t\t<h5 class=\"post-title entry-title\"><a href=\"https:\/\/www.sinduscon-joinville.org.br\/v2021\/associado\/solucao-credito-imobiliario-2\/\">Solu\u00e7\u00e3o Cr\u00e9dito Imobili\u00e1rio<\/a><\/h5>\n\t\t\t\n\t\t\t\n\t\t\t        <div class=\"entry-content\">\n\n        \n        <\/div><!-- \/.entry-content -->\n        \n\t\t<\/div>\n\t\t<!-- \/.post-content-inner -->\n\t<\/div>\n\t<!-- \/.post-content -->\n\t\n<\/article>\n<!-- \/.post -->\n<article id=\"post-2361\" class=\"post tf_clearfix post-2361 associado type-associado status-publish has-post-thumbnail hentry has-post-title no-post-date has-post-category has-post-tag has-post-comment has-post-author \">\n\t    \n\t                <figure class=\"post-image tf_clearfix\">\n                                                            <a href=\"https:\/\/www.sinduscon-joinville.org.br\/v2021\/associado\/steel-o\/\">\n                                        <img loading=\"lazy\" decoding=\"async\" src=\"https:\/\/www.sinduscon-joinville.org.br\/v2021\/wp-content\/uploads\/2025\/02\/Steel-o-Solucoes-Construtivas-em-Joinville-Associado-Sinduscon-Joinville-250x250.png\" width=\"250\" height=\"250\" class=\"wp-post-image wp-image-2362\" title=\"Steel-o Solu\u00e7\u00f5es Construtivas em Joinville - Associado Sinduscon Joinville\" alt=\"Steel-o Solu\u00e7\u00f5es Construtivas em Joinville - Associado Sinduscon Joinville\" srcset=\"https:\/\/www.sinduscon-joinville.org.br\/v2021\/wp-content\/uploads\/2025\/02\/Steel-o-Solucoes-Construtivas-em-Joinville-Associado-Sinduscon-Joinville-250x250.png 250w, https:\/\/www.sinduscon-joinville.org.br\/v2021\/wp-content\/uploads\/2025\/02\/Steel-o-Solucoes-Construtivas-em-Joinville-Associado-Sinduscon-Joinville-300x300.png 300w, https:\/\/www.sinduscon-joinville.org.br\/v2021\/wp-content\/uploads\/2025\/02\/Steel-o-Solucoes-Construtivas-em-Joinville-Associado-Sinduscon-Joinville-150x150.png 150w, https:\/\/www.sinduscon-joinville.org.br\/v2021\/wp-content\/uploads\/2025\/02\/Steel-o-Solucoes-Construtivas-em-Joinville-Associado-Sinduscon-Joinville-350x350.png 350w, https:\/\/www.sinduscon-joinville.org.br\/v2021\/wp-content\/uploads\/2025\/02\/Steel-o-Solucoes-Construtivas-em-Joinville-Associado-Sinduscon-Joinville.png 500w\" sizes=\"auto, (max-width: 250px) 100vw, 250px\" \/>                                                                    <\/a>\n                                                                <\/figure>\n                    \t<div class=\"post-content\">\n\t\t<div class=\"post-content-inner\">\n\n\t\t\t\n\t\t\t<h5 class=\"post-title entry-title\"><a href=\"https:\/\/www.sinduscon-joinville.org.br\/v2021\/associado\/steel-o\/\">Steel-o<\/a><\/h5>\n\t\t\t\n\t\t\t\n\t\t\t        <div class=\"entry-content\">\n\n        \n        <\/div><!-- \/.entry-content -->\n        \n\t\t<\/div>\n\t\t<!-- \/.post-content-inner -->\n\t<\/div>\n\t<!-- \/.post-content -->\n\t\n<\/article>\n<!-- \/.post -->\n<article id=\"post-1959\" class=\"post tf_clearfix post-1959 associado type-associado status-publish has-post-thumbnail hentry has-post-title no-post-date has-post-category has-post-tag has-post-comment has-post-author \">\n\t    \n\t                <figure class=\"post-image tf_clearfix\">\n                                                            <a href=\"https:\/\/www.sinduscon-joinville.org.br\/v2021\/associado\/supremo-secil-cimento\/\">\n                                        <img loading=\"lazy\" decoding=\"async\" src=\"https:\/\/www.sinduscon-joinville.org.br\/v2021\/wp-content\/uploads\/2020\/09\/supremo-associada-sinduscon-joinville-250x250.jpg\" width=\"250\" height=\"250\" class=\"wp-post-image wp-image-546\" title=\"supremo-associada-sinduscon-joinville\" alt=\"supremo-associada-sinduscon-joinville\" srcset=\"https:\/\/www.sinduscon-joinville.org.br\/v2021\/wp-content\/uploads\/2020\/09\/supremo-associada-sinduscon-joinville-250x250.jpg 250w, https:\/\/www.sinduscon-joinville.org.br\/v2021\/wp-content\/uploads\/2020\/09\/supremo-associada-sinduscon-joinville-300x300.jpg 300w, https:\/\/www.sinduscon-joinville.org.br\/v2021\/wp-content\/uploads\/2020\/09\/supremo-associada-sinduscon-joinville-150x150.jpg 150w, https:\/\/www.sinduscon-joinville.org.br\/v2021\/wp-content\/uploads\/2020\/09\/supremo-associada-sinduscon-joinville-200x200.jpg 200w, https:\/\/www.sinduscon-joinville.org.br\/v2021\/wp-content\/uploads\/2020\/09\/supremo-associada-sinduscon-joinville.jpg 350w\" sizes=\"auto, (max-width: 250px) 100vw, 250px\" \/>                                                                    <\/a>\n                                                                <\/figure>\n                    \t<div class=\"post-content\">\n\t\t<div class=\"post-content-inner\">\n\n\t\t\t\n\t\t\t<h5 class=\"post-title entry-title\"><a href=\"https:\/\/www.sinduscon-joinville.org.br\/v2021\/associado\/supremo-secil-cimento\/\">Supremo Secil Cimento<\/a><\/h5>\n\t\t\t\n\t\t\t\n\t\t\t        <div class=\"entry-content\">\n\n        \n        <\/div><!-- \/.entry-content -->\n        \n\t\t<\/div>\n\t\t<!-- \/.post-content-inner -->\n\t<\/div>\n\t<!-- \/.post-content -->\n\t\n<\/article>\n<!-- \/.post -->\n<article id=\"post-2092\" class=\"post tf_clearfix post-2092 associado type-associado status-publish has-post-thumbnail hentry has-post-title no-post-date has-post-category has-post-tag has-post-comment has-post-author \">\n\t    \n\t                <figure class=\"post-image tf_clearfix\">\n                                                            <a href=\"https:\/\/www.sinduscon-joinville.org.br\/v2021\/associado\/tha-servicos\/\">\n                                        <img loading=\"lazy\" decoding=\"async\" src=\"https:\/\/www.sinduscon-joinville.org.br\/v2021\/wp-content\/uploads\/2024\/04\/Tha-Construtora-associado-Sinduscon-Joinville-250x250.png\" width=\"250\" height=\"250\" class=\"wp-post-image wp-image-2235\" title=\"Tha Construtora - associado Sinduscon Joinville\" alt=\"Tha Construtora - associado Sinduscon Joinville\" srcset=\"https:\/\/www.sinduscon-joinville.org.br\/v2021\/wp-content\/uploads\/2024\/04\/Tha-Construtora-associado-Sinduscon-Joinville-250x250.png 250w, https:\/\/www.sinduscon-joinville.org.br\/v2021\/wp-content\/uploads\/2024\/04\/Tha-Construtora-associado-Sinduscon-Joinville.png 300w\" sizes=\"auto, (max-width: 250px) 100vw, 250px\" \/>                                                                    <\/a>\n                                                                <\/figure>\n                    \t<div class=\"post-content\">\n\t\t<div class=\"post-content-inner\">\n\n\t\t\t\n\t\t\t<h5 class=\"post-title entry-title\"><a href=\"https:\/\/www.sinduscon-joinville.org.br\/v2021\/associado\/tha-servicos\/\">Th\u00e1 Servi\u00e7os<\/a><\/h5>\n\t\t\t\n\t\t\t\n\t\t\t        <div class=\"entry-content\">\n\n        \n        <\/div><!-- \/.entry-content -->\n        \n\t\t<\/div>\n\t\t<!-- \/.post-content-inner -->\n\t<\/div>\n\t<!-- \/.post-content -->\n\t\n<\/article>\n<!-- \/.post -->\n<article id=\"post-1960\" class=\"post tf_clearfix post-1960 associado type-associado status-publish has-post-thumbnail hentry has-post-title no-post-date has-post-category has-post-tag has-post-comment has-post-author \">\n\t    \n\t                <figure class=\"post-image tf_clearfix\">\n                                                            <a href=\"https:\/\/www.sinduscon-joinville.org.br\/v2021\/associado\/top-hd-incorporacao\/\">\n                                        <img loading=\"lazy\" decoding=\"async\" src=\"https:\/\/www.sinduscon-joinville.org.br\/v2021\/wp-content\/uploads\/2024\/04\/topHD-construtora-associada-sinduscon-joinville-300x300-1-250x250.jpg\" width=\"250\" height=\"250\" class=\"wp-post-image wp-image-1961\" title=\"topHD-construtora-associada-sinduscon-joinville-300x300\" alt=\"topHD-construtora-associada-sinduscon-joinville-300x300\" srcset=\"https:\/\/www.sinduscon-joinville.org.br\/v2021\/wp-content\/uploads\/2024\/04\/topHD-construtora-associada-sinduscon-joinville-300x300-1-250x250.jpg 250w, https:\/\/www.sinduscon-joinville.org.br\/v2021\/wp-content\/uploads\/2024\/04\/topHD-construtora-associada-sinduscon-joinville-300x300-1-300x300.jpg 300w, https:\/\/www.sinduscon-joinville.org.br\/v2021\/wp-content\/uploads\/2024\/04\/topHD-construtora-associada-sinduscon-joinville-300x300-1-150x150.jpg 150w, https:\/\/www.sinduscon-joinville.org.br\/v2021\/wp-content\/uploads\/2024\/04\/topHD-construtora-associada-sinduscon-joinville-300x300-1-350x350.jpg 350w, https:\/\/www.sinduscon-joinville.org.br\/v2021\/wp-content\/uploads\/2024\/04\/topHD-construtora-associada-sinduscon-joinville-300x300-1.jpg 501w\" sizes=\"auto, (max-width: 250px) 100vw, 250px\" \/>                                                                    <\/a>\n                                                                <\/figure>\n                    \t<div class=\"post-content\">\n\t\t<div class=\"post-content-inner\">\n\n\t\t\t\n\t\t\t<h5 class=\"post-title entry-title\"><a href=\"https:\/\/www.sinduscon-joinville.org.br\/v2021\/associado\/top-hd-incorporacao\/\">Top HD Incorpora\u00e7\u00e3o<\/a><\/h5>\n\t\t\t\n\t\t\t\n\t\t\t        <div class=\"entry-content\">\n\n        \n        <\/div><!-- \/.entry-content -->\n        \n\t\t<\/div>\n\t\t<!-- \/.post-content-inner -->\n\t<\/div>\n\t<!-- \/.post-content -->\n\t\n<\/article>\n<!-- \/.post -->\n<article id=\"post-2108\" class=\"post tf_clearfix post-2108 associado type-associado status-publish has-post-thumbnail hentry has-post-title no-post-date has-post-category has-post-tag has-post-comment has-post-author \">\n\t    \n\t                <figure class=\"post-image tf_clearfix\">\n                                                            <a href=\"https:\/\/www.sinduscon-joinville.org.br\/v2021\/associado\/totvs\/\">\n                                        <img loading=\"lazy\" decoding=\"async\" src=\"https:\/\/www.sinduscon-joinville.org.br\/v2021\/wp-content\/uploads\/2024\/05\/totvs-1-1024x1024-250x250.png\" width=\"250\" height=\"250\" class=\"wp-post-image wp-image-2110\" title=\"totvs\" alt=\"totvs\" srcset=\"https:\/\/www.sinduscon-joinville.org.br\/v2021\/wp-content\/uploads\/2024\/05\/totvs-1-1024x1024-250x250.png 250w, https:\/\/www.sinduscon-joinville.org.br\/v2021\/wp-content\/uploads\/2024\/05\/totvs-1-300x300.png 300w, https:\/\/www.sinduscon-joinville.org.br\/v2021\/wp-content\/uploads\/2024\/05\/totvs-1-1024x1024.png 1024w, https:\/\/www.sinduscon-joinville.org.br\/v2021\/wp-content\/uploads\/2024\/05\/totvs-1-150x150.png 150w, https:\/\/www.sinduscon-joinville.org.br\/v2021\/wp-content\/uploads\/2024\/05\/totvs-1-768x768.png 768w, https:\/\/www.sinduscon-joinville.org.br\/v2021\/wp-content\/uploads\/2024\/05\/totvs-1-1536x1536.png 1536w, https:\/\/www.sinduscon-joinville.org.br\/v2021\/wp-content\/uploads\/2024\/05\/totvs-1-1024x1024-350x350.png 350w, https:\/\/www.sinduscon-joinville.org.br\/v2021\/wp-content\/uploads\/2024\/05\/totvs-1.png 1771w\" sizes=\"auto, (max-width: 250px) 100vw, 250px\" \/>                                                                    <\/a>\n                                                                <\/figure>\n                    \t<div class=\"post-content\">\n\t\t<div class=\"post-content-inner\">\n\n\t\t\t\n\t\t\t<h5 class=\"post-title entry-title\"><a href=\"https:\/\/www.sinduscon-joinville.org.br\/v2021\/associado\/totvs\/\">Totvs<\/a><\/h5>\n\t\t\t\n\t\t\t\n\t\t\t        <div class=\"entry-content\">\n\n        \n        <\/div><!-- \/.entry-content -->\n        \n\t\t<\/div>\n\t\t<!-- \/.post-content-inner -->\n\t<\/div>\n\t<!-- \/.post-content -->\n\t\n<\/article>\n<!-- \/.post -->\n<article id=\"post-1962\" class=\"post tf_clearfix post-1962 associado type-associado status-publish has-post-thumbnail hentry has-post-title no-post-date has-post-category has-post-tag has-post-comment has-post-author \">\n\t    \n\t                <figure class=\"post-image tf_clearfix\">\n                                                            <a href=\"https:\/\/www.sinduscon-joinville.org.br\/v2021\/associado\/trapp-ferreira-construtora\/\">\n                                        <img loading=\"lazy\" decoding=\"async\" src=\"https:\/\/www.sinduscon-joinville.org.br\/v2021\/wp-content\/uploads\/2024\/04\/trap-ferreira-construtora-associada-sinduscon-joinville-300x300-1-250x250.jpg\" width=\"250\" height=\"250\" class=\"wp-post-image wp-image-1963\" title=\"trap-ferreira-construtora-associada-sinduscon-joinville-300x300\" alt=\"trap-ferreira-construtora-associada-sinduscon-joinville-300x300\" srcset=\"https:\/\/www.sinduscon-joinville.org.br\/v2021\/wp-content\/uploads\/2024\/04\/trap-ferreira-construtora-associada-sinduscon-joinville-300x300-1-250x250.jpg 250w, https:\/\/www.sinduscon-joinville.org.br\/v2021\/wp-content\/uploads\/2024\/04\/trap-ferreira-construtora-associada-sinduscon-joinville-300x300-1-300x300.jpg 300w, https:\/\/www.sinduscon-joinville.org.br\/v2021\/wp-content\/uploads\/2024\/04\/trap-ferreira-construtora-associada-sinduscon-joinville-300x300-1-150x150.jpg 150w, https:\/\/www.sinduscon-joinville.org.br\/v2021\/wp-content\/uploads\/2024\/04\/trap-ferreira-construtora-associada-sinduscon-joinville-300x300-1-350x350.jpg 350w, https:\/\/www.sinduscon-joinville.org.br\/v2021\/wp-content\/uploads\/2024\/04\/trap-ferreira-construtora-associada-sinduscon-joinville-300x300-1.jpg 501w\" sizes=\"auto, (max-width: 250px) 100vw, 250px\" \/>                                                                    <\/a>\n                                                                <\/figure>\n                    \t<div class=\"post-content\">\n\t\t<div class=\"post-content-inner\">\n\n\t\t\t\n\t\t\t<h5 class=\"post-title entry-title\"><a href=\"https:\/\/www.sinduscon-joinville.org.br\/v2021\/associado\/trapp-ferreira-construtora\/\">Trapp Ferreira Construtora<\/a><\/h5>\n\t\t\t\n\t\t\t\n\t\t\t        <div class=\"entry-content\">\n\n        \n        <\/div><!-- \/.entry-content -->\n        \n\t\t<\/div>\n\t\t<!-- \/.post-content-inner -->\n\t<\/div>\n\t<!-- \/.post-content -->\n\t\n<\/article>\n<!-- \/.post -->\n<article id=\"post-1964\" class=\"post tf_clearfix post-1964 associado type-associado status-publish has-post-thumbnail hentry has-post-title no-post-date has-post-category has-post-tag has-post-comment has-post-author \">\n\t    \n\t                <figure class=\"post-image tf_clearfix\">\n                                                            <a href=\"https:\/\/www.sinduscon-joinville.org.br\/v2021\/associado\/vanguard\/\">\n                                        <img loading=\"lazy\" decoding=\"async\" src=\"https:\/\/www.sinduscon-joinville.org.br\/v2021\/wp-content\/uploads\/2024\/04\/Vanguard-Home-associado-Sinduscon-Joinville-250x250.png\" width=\"250\" height=\"250\" class=\"wp-post-image wp-image-2248\" title=\"Vanguard Home - associado Sinduscon Joinville\" alt=\"Vanguard Home - associado Sinduscon Joinville\" srcset=\"https:\/\/www.sinduscon-joinville.org.br\/v2021\/wp-content\/uploads\/2024\/04\/Vanguard-Home-associado-Sinduscon-Joinville-250x250.png 250w, https:\/\/www.sinduscon-joinville.org.br\/v2021\/wp-content\/uploads\/2024\/04\/Vanguard-Home-associado-Sinduscon-Joinville.png 300w\" sizes=\"auto, (max-width: 250px) 100vw, 250px\" \/>                                                                    <\/a>\n                                                                <\/figure>\n                    \t<div class=\"post-content\">\n\t\t<div class=\"post-content-inner\">\n\n\t\t\t\n\t\t\t<h5 class=\"post-title entry-title\"><a href=\"https:\/\/www.sinduscon-joinville.org.br\/v2021\/associado\/vanguard\/\">Vanguard<\/a><\/h5>\n\t\t\t\n\t\t\t\n\t\t\t        <div class=\"entry-content\">\n\n        \n        <\/div><!-- \/.entry-content -->\n        \n\t\t<\/div>\n\t\t<!-- \/.post-content-inner -->\n\t<\/div>\n\t<!-- \/.post-content -->\n\t\n<\/article>\n<!-- \/.post -->\n<article id=\"post-1965\" class=\"post tf_clearfix post-1965 associado type-associado status-publish has-post-thumbnail hentry has-post-title no-post-date has-post-category has-post-tag has-post-comment has-post-author \">\n\t    \n\t                <figure class=\"post-image tf_clearfix\">\n                                                            <a href=\"https:\/\/www.sinduscon-joinville.org.br\/v2021\/associado\/veja-construcoes\/\">\n                                        <img loading=\"lazy\" decoding=\"async\" src=\"https:\/\/www.sinduscon-joinville.org.br\/v2021\/wp-content\/uploads\/2020\/07\/veja-construtora-associada-sinduscon-joinville-250x250.png\" width=\"250\" height=\"250\" class=\"wp-post-image wp-image-199\" title=\"veja-construtora-associada-sinduscon-joinville\" alt=\"veja-construtora-associada-sinduscon-joinville\" srcset=\"https:\/\/www.sinduscon-joinville.org.br\/v2021\/wp-content\/uploads\/2020\/07\/veja-construtora-associada-sinduscon-joinville-250x250.png 250w, https:\/\/www.sinduscon-joinville.org.br\/v2021\/wp-content\/uploads\/2020\/07\/veja-construtora-associada-sinduscon-joinville-300x300.png 300w, https:\/\/www.sinduscon-joinville.org.br\/v2021\/wp-content\/uploads\/2020\/07\/veja-construtora-associada-sinduscon-joinville-150x150.png 150w, https:\/\/www.sinduscon-joinville.org.br\/v2021\/wp-content\/uploads\/2020\/07\/veja-construtora-associada-sinduscon-joinville.png 350w, https:\/\/www.sinduscon-joinville.org.br\/v2021\/wp-content\/uploads\/2020\/07\/veja-construtora-associada-sinduscon-joinville-200x200.png 200w\" sizes=\"auto, (max-width: 250px) 100vw, 250px\" \/>                                                                    <\/a>\n                                                                <\/figure>\n                    \t<div class=\"post-content\">\n\t\t<div class=\"post-content-inner\">\n\n\t\t\t\n\t\t\t<h5 class=\"post-title entry-title\"><a href=\"https:\/\/www.sinduscon-joinville.org.br\/v2021\/associado\/veja-construcoes\/\">Veja Constru\u00e7\u00f5es<\/a><\/h5>\n\t\t\t\n\t\t\t\n\t\t\t        <div class=\"entry-content\">\n\n        \n        <\/div><!-- \/.entry-content -->\n        \n\t\t<\/div>\n\t\t<!-- \/.post-content-inner -->\n\t<\/div>\n\t<!-- \/.post-content -->\n\t\n<\/article>\n<!-- \/.post -->\n<article id=\"post-2288\" class=\"post tf_clearfix post-2288 associado type-associado status-publish has-post-thumbnail hentry has-post-title no-post-date has-post-category has-post-tag has-post-comment has-post-author \">\n\t    \n\t                <figure class=\"post-image tf_clearfix\">\n                                                            <a href=\"https:\/\/www.sinduscon-joinville.org.br\/v2021\/associado\/velocita-engenharia-e-construcoes\/\">\n                                        <img loading=\"lazy\" decoding=\"async\" src=\"https:\/\/www.sinduscon-joinville.org.br\/v2021\/wp-content\/uploads\/2025\/01\/Velocita-Engenharia-e-Construcoes-em-Joinville-250x250.png\" width=\"250\" height=\"250\" class=\"wp-post-image wp-image-2289\" title=\"Velocita Engenharia e Constru\u00e7\u00f5es em Joinville\" alt=\"Velocita Engenharia e Constru\u00e7\u00f5es em Joinville\" srcset=\"https:\/\/www.sinduscon-joinville.org.br\/v2021\/wp-content\/uploads\/2025\/01\/Velocita-Engenharia-e-Construcoes-em-Joinville-250x250.png 250w, https:\/\/www.sinduscon-joinville.org.br\/v2021\/wp-content\/uploads\/2025\/01\/Velocita-Engenharia-e-Construcoes-em-Joinville-300x300.png 300w, https:\/\/www.sinduscon-joinville.org.br\/v2021\/wp-content\/uploads\/2025\/01\/Velocita-Engenharia-e-Construcoes-em-Joinville-150x150.png 150w, https:\/\/www.sinduscon-joinville.org.br\/v2021\/wp-content\/uploads\/2025\/01\/Velocita-Engenharia-e-Construcoes-em-Joinville-350x350.png 350w, https:\/\/www.sinduscon-joinville.org.br\/v2021\/wp-content\/uploads\/2025\/01\/Velocita-Engenharia-e-Construcoes-em-Joinville.png 500w\" sizes=\"auto, (max-width: 250px) 100vw, 250px\" \/>                                                                    <\/a>\n                                                                <\/figure>\n                    \t<div class=\"post-content\">\n\t\t<div class=\"post-content-inner\">\n\n\t\t\t\n\t\t\t<h5 class=\"post-title entry-title\"><a href=\"https:\/\/www.sinduscon-joinville.org.br\/v2021\/associado\/velocita-engenharia-e-construcoes\/\">Velocit\u00e1 Engenharia e Constru\u00e7\u00f5es<\/a><\/h5>\n\t\t\t\n\t\t\t\n\t\t\t        <div class=\"entry-content\">\n\n        \n        <\/div><!-- \/.entry-content -->\n        \n\t\t<\/div>\n\t\t<!-- \/.post-content-inner -->\n\t<\/div>\n\t<!-- \/.post-content -->\n\t\n<\/article>\n<!-- \/.post -->\n<article id=\"post-1966\" class=\"post tf_clearfix post-1966 associado type-associado status-publish has-post-thumbnail hentry has-post-title no-post-date has-post-category has-post-tag has-post-comment has-post-author \">\n\t    \n\t                <figure class=\"post-image tf_clearfix\">\n                                                            <a href=\"https:\/\/www.sinduscon-joinville.org.br\/v2021\/associado\/versatil-andaimes\/\">\n                                        <img loading=\"lazy\" decoding=\"async\" src=\"https:\/\/www.sinduscon-joinville.org.br\/v2021\/wp-content\/uploads\/2024\/04\/versatil-andaimes-associada-sinduscon-joinville-300x300-1-250x250.jpg\" width=\"250\" height=\"250\" class=\"wp-post-image wp-image-1967\" title=\"versatil-andaimes-associada-sinduscon-joinville-300x300\" alt=\"versatil-andaimes-associada-sinduscon-joinville-300x300\" srcset=\"https:\/\/www.sinduscon-joinville.org.br\/v2021\/wp-content\/uploads\/2024\/04\/versatil-andaimes-associada-sinduscon-joinville-300x300-1-250x250.jpg 250w, https:\/\/www.sinduscon-joinville.org.br\/v2021\/wp-content\/uploads\/2024\/04\/versatil-andaimes-associada-sinduscon-joinville-300x300-1-300x300.jpg 300w, https:\/\/www.sinduscon-joinville.org.br\/v2021\/wp-content\/uploads\/2024\/04\/versatil-andaimes-associada-sinduscon-joinville-300x300-1-150x150.jpg 150w, https:\/\/www.sinduscon-joinville.org.br\/v2021\/wp-content\/uploads\/2024\/04\/versatil-andaimes-associada-sinduscon-joinville-300x300-1-350x350.jpg 350w, https:\/\/www.sinduscon-joinville.org.br\/v2021\/wp-content\/uploads\/2024\/04\/versatil-andaimes-associada-sinduscon-joinville-300x300-1.jpg 501w\" sizes=\"auto, (max-width: 250px) 100vw, 250px\" \/>                                                                    <\/a>\n                                                                <\/figure>\n                    \t<div class=\"post-content\">\n\t\t<div class=\"post-content-inner\">\n\n\t\t\t\n\t\t\t<h5 class=\"post-title entry-title\"><a href=\"https:\/\/www.sinduscon-joinville.org.br\/v2021\/associado\/versatil-andaimes\/\">Vers\u00e1til Andaimes<\/a><\/h5>\n\t\t\t\n\t\t\t\n\t\t\t        <div class=\"entry-content\">\n\n        \n        <\/div><!-- \/.entry-content -->\n        \n\t\t<\/div>\n\t\t<!-- \/.post-content-inner -->\n\t<\/div>\n\t<!-- \/.post-content -->\n\t\n<\/article>\n<!-- \/.post -->\n<article id=\"post-1968\" class=\"post tf_clearfix post-1968 associado type-associado status-publish has-post-thumbnail hentry has-post-title no-post-date has-post-category has-post-tag has-post-comment has-post-author \">\n\t    \n\t                <figure class=\"post-image tf_clearfix\">\n                                                            <a href=\"https:\/\/www.sinduscon-joinville.org.br\/v2021\/associado\/viplan-engenharia\/\">\n                                        <img loading=\"lazy\" decoding=\"async\" src=\"https:\/\/www.sinduscon-joinville.org.br\/v2021\/wp-content\/uploads\/2024\/04\/viplan-construtora-associada-sinduscon-joinville-300x300-1-250x250.jpg\" width=\"250\" height=\"250\" class=\"wp-post-image wp-image-1969\" title=\"viplan-construtora-associada-sinduscon-joinville-300x300\" alt=\"viplan-construtora-associada-sinduscon-joinville-300x300\" srcset=\"https:\/\/www.sinduscon-joinville.org.br\/v2021\/wp-content\/uploads\/2024\/04\/viplan-construtora-associada-sinduscon-joinville-300x300-1-250x250.jpg 250w, https:\/\/www.sinduscon-joinville.org.br\/v2021\/wp-content\/uploads\/2024\/04\/viplan-construtora-associada-sinduscon-joinville-300x300-1-300x300.jpg 300w, https:\/\/www.sinduscon-joinville.org.br\/v2021\/wp-content\/uploads\/2024\/04\/viplan-construtora-associada-sinduscon-joinville-300x300-1-150x150.jpg 150w, https:\/\/www.sinduscon-joinville.org.br\/v2021\/wp-content\/uploads\/2024\/04\/viplan-construtora-associada-sinduscon-joinville-300x300-1-350x350.jpg 350w, https:\/\/www.sinduscon-joinville.org.br\/v2021\/wp-content\/uploads\/2024\/04\/viplan-construtora-associada-sinduscon-joinville-300x300-1.jpg 501w\" sizes=\"auto, (max-width: 250px) 100vw, 250px\" \/>                                                                    <\/a>\n                                                                <\/figure>\n                    \t<div class=\"post-content\">\n\t\t<div class=\"post-content-inner\">\n\n\t\t\t\n\t\t\t<h5 class=\"post-title entry-title\"><a href=\"https:\/\/www.sinduscon-joinville.org.br\/v2021\/associado\/viplan-engenharia\/\">Viplan Engenharia<\/a><\/h5>\n\t\t\t\n\t\t\t\n\t\t\t        <div class=\"entry-content\">\n\n        \n        <\/div><!-- \/.entry-content -->\n        \n\t\t<\/div>\n\t\t<!-- \/.post-content-inner -->\n\t<\/div>\n\t<!-- \/.post-content -->\n\t\n<\/article>\n<!-- \/.post -->\n<article id=\"post-1970\" class=\"post tf_clearfix post-1970 associado type-associado status-publish has-post-thumbnail hentry has-post-title no-post-date has-post-category has-post-tag has-post-comment has-post-author \">\n\t    \n\t                <figure class=\"post-image tf_clearfix\">\n                                                            <a href=\"https:\/\/www.sinduscon-joinville.org.br\/v2021\/associado\/wecon-empreendimentos\/\">\n                                        <img loading=\"lazy\" decoding=\"async\" src=\"https:\/\/www.sinduscon-joinville.org.br\/v2021\/wp-content\/uploads\/2024\/04\/wecon-empreendimentos-associada-sinduscon-joinville-300x300-1-250x250.jpg\" width=\"250\" height=\"250\" class=\"wp-post-image wp-image-1971\" title=\"wecon-empreendimentos-associada-sinduscon-joinville-300x300\" alt=\"wecon-empreendimentos-associada-sinduscon-joinville-300x300\" srcset=\"https:\/\/www.sinduscon-joinville.org.br\/v2021\/wp-content\/uploads\/2024\/04\/wecon-empreendimentos-associada-sinduscon-joinville-300x300-1-250x250.jpg 250w, https:\/\/www.sinduscon-joinville.org.br\/v2021\/wp-content\/uploads\/2024\/04\/wecon-empreendimentos-associada-sinduscon-joinville-300x300-1-300x300.jpg 300w, https:\/\/www.sinduscon-joinville.org.br\/v2021\/wp-content\/uploads\/2024\/04\/wecon-empreendimentos-associada-sinduscon-joinville-300x300-1-150x150.jpg 150w, https:\/\/www.sinduscon-joinville.org.br\/v2021\/wp-content\/uploads\/2024\/04\/wecon-empreendimentos-associada-sinduscon-joinville-300x300-1-350x350.jpg 350w, https:\/\/www.sinduscon-joinville.org.br\/v2021\/wp-content\/uploads\/2024\/04\/wecon-empreendimentos-associada-sinduscon-joinville-300x300-1.jpg 501w\" sizes=\"auto, (max-width: 250px) 100vw, 250px\" \/>                                                                    <\/a>\n                                                                <\/figure>\n                    \t<div class=\"post-content\">\n\t\t<div class=\"post-content-inner\">\n\n\t\t\t\n\t\t\t<h5 class=\"post-title entry-title\"><a href=\"https:\/\/www.sinduscon-joinville.org.br\/v2021\/associado\/wecon-empreendimentos\/\">Wecon Empreendimentos<\/a><\/h5>\n\t\t\t\n\t\t\t\n\t\t\t        <div class=\"entry-content\">\n\n        \n        <\/div><!-- \/.entry-content -->\n        \n\t\t<\/div>\n\t\t<!-- \/.post-content-inner -->\n\t<\/div>\n\t<!-- \/.post-content -->\n\t\n<\/article>\n<!-- \/.post -->\n    <\/div><!-- .builder-posts-wrap -->\n            <\/div>\n<!-- \/module post -->\n            <\/div>\n                        <\/div>\n        <\/div>\n        <\/div>\n<!--\/themify_builder_content-->","protected":false},"excerpt":{"rendered":"<p>Nossos Associados<\/p>\n","protected":false},"author":1,"featured_media":0,"parent":0,"menu_order":0,"comment_status":"closed","ping_status":"closed","template":"","meta":{"footnotes":""},"class_list":["post-1888","page","type-page","status-publish","hentry","has-post-title","has-post-date","has-post-category","has-post-tag","has-post-comment","has-post-author",""],"_links":{"self":[{"href":"https:\/\/www.sinduscon-joinville.org.br\/v2021\/wp-json\/wp\/v2\/pages\/1888","targetHints":{"allow":["GET"]}}],"collection":[{"href":"https:\/\/www.sinduscon-joinville.org.br\/v2021\/wp-json\/wp\/v2\/pages"}],"about":[{"href":"https:\/\/www.sinduscon-joinville.org.br\/v2021\/wp-json\/wp\/v2\/types\/page"}],"author":[{"embeddable":true,"href":"https:\/\/www.sinduscon-joinville.org.br\/v2021\/wp-json\/wp\/v2\/users\/1"}],"replies":[{"embeddable":true,"href":"https:\/\/www.sinduscon-joinville.org.br\/v2021\/wp-json\/wp\/v2\/comments?post=1888"}],"version-history":[{"count":27,"href":"https:\/\/www.sinduscon-joinville.org.br\/v2021\/wp-json\/wp\/v2\/pages\/1888\/revisions"}],"predecessor-version":[{"id":2554,"href":"https:\/\/www.sinduscon-joinville.org.br\/v2021\/wp-json\/wp\/v2\/pages\/1888\/revisions\/2554"}],"wp:attachment":[{"href":"https:\/\/www.sinduscon-joinville.org.br\/v2021\/wp-json\/wp\/v2\/media?parent=1888"}],"curies":[{"name":"wp","href":"https:\/\/api.w.org\/{rel}","templated":true}]}}