{"id":21,"date":"2019-11-12T13:53:25","date_gmt":"2019-11-12T13:53:25","guid":{"rendered":"https:\/\/themify.me\/demo\/themes\/ultra-construction\/?page_id=184"},"modified":"2024-06-05T17:06:44","modified_gmt":"2024-06-05T20:06:44","slug":"institucional","status":"publish","type":"page","link":"https:\/\/www.sinduscon-joinville.org.br\/v2021\/institucional\/","title":{"rendered":"INSTITUCIONAL"},"content":{"rendered":"<!--themify_builder_content-->\n<div id=\"themify_builder_content-21\" data-postid=\"21\" class=\"themify_builder_content themify_builder_content-21 themify_builder tf_clear\">\n                    <div  data-lazy=\"1\" class=\"module_row themify_builder_row tb_0are602 tb_first tf_w\">\n            <span  class=\"builder_row_cover tf_abs\" data-lazy=\"1\"><\/span>            <div class=\"row_inner col_align_top tb_col_count_2 tf_box tf_rel\">\n                        <div  data-lazy=\"1\" class=\"module_column tb-column col3-2 tb_g7y7603 first\">\n                    <!-- module text -->\n<div  class=\"module module-text tb_ka8q603   \" data-lazy=\"1\">\n        <div  class=\"tb_text_wrap\">\n        <h1>Sobre o Sinduscon<\/h1>    <\/div>\n<\/div>\n<!-- \/module text -->        <\/div>\n                    <div  data-lazy=\"1\" class=\"module_column tb-column col3-1 tb_lzlm604 last\">\n                            <\/div>\n                        <\/div>\n        <\/div>\n                        <div  data-lazy=\"1\" class=\"module_row themify_builder_row tb_8tv2756 tf_w\">\n                        <div class=\"row_inner col_align_top tb_col_count_1 tf_box tf_rel\">\n                        <div  data-lazy=\"1\" class=\"module_column tb-column col-full tb_6zb1758 first\">\n                    <!-- module fancy heading -->\n<div  class=\"module module-fancy-heading tb_8v37891 \" data-lazy=\"1\">\n        <h3 class=\"fancy-heading tf_textc\">\n    <span class=\"main-head tf_block\">\n                    O SINDUSCON            <\/span>\n\n    \n    <span class=\"sub-head tf_block tf_rel\">\n                    O mais antigo sindicato da constru\u00e7\u00e3o do Estado            <\/span>\n    <\/h3>\n<\/div>\n<!-- \/module fancy heading -->\n        <div  data-lazy=\"1\" class=\"module_subrow themify_builder_sub_row tf_w col_align_top tb_col_count_2 tb_2c7l361\">\n                <div  data-lazy=\"1\" class=\"module_column sub_column tb_k5z4362 first\">\n                    <!-- module text -->\n<div  class=\"module module-text tb_uabu583   \" data-lazy=\"1\">\n        <div  class=\"tb_text_wrap\">\n        <p>\u00c9 a entidade representativa da categoria econ\u00f4mica, conforme enquadramento sindical (art. 577 da CLT), na regi\u00e3o de Joinville e re\u00fane as empresas organizadas do ramo da constru\u00e7\u00e3o civil. Instalado desde 1948, o Sinduscon Joinville \u00e9 o mais antigo sindicato da constru\u00e7\u00e3o do Estado e tem por base da sua atua\u00e7\u00e3o:<\/p>\n<ul>\n<li><strong>O apoio ao desenvolvimento das empresas associadas<\/strong><\/li>\n<li><strong>A melhoria da qualidade de vida dos trabalhadores<\/strong><\/li>\n<li><strong>O respeito e conserva\u00e7\u00e3o do meio ambiente natural e constru\u00eddo<\/strong><\/li>\n<\/ul>\n<p>O Sindicato presta servi\u00e7os de coordena\u00e7\u00e3o e assessoria em diversas \u00e1reas \u00e0s empresas associadas. Tem como fun\u00e7\u00e3o legal a representa\u00e7\u00e3o, perante as autoridades administrativas e judici\u00e1rias, dos interesses gerais da categoria ou individuais de suas associadas. Suas prerrogativas legais e estatut\u00e1rias s\u00e3o:<\/p>    <\/div>\n<\/div>\n<!-- \/module text -->        <\/div>\n                    <div  data-lazy=\"1\" class=\"module_column sub_column tb_khp3362 last\">\n                    <!-- module text -->\n<div  class=\"module module-text tb_qdm9883   \" data-lazy=\"1\">\n        <div  class=\"tb_text_wrap\">\n        <ul>\n<li style=\"list-style-type: none;\">\n<ul>\n<li><b>Celebrar contratos coletivos de trabalho<\/b><\/li>\n<li><strong>Eleger os representantes da categoria<\/strong><\/li>\n<li><strong>Nos termos da legisla\u00e7\u00e3o em vigor, arbitrar contribui\u00e7\u00f5es a todos aqueles que pertencerem \u00e0 categoria<\/strong><\/li>\n<\/ul>\n<\/li>\n<\/ul>\n<p>O Sinduscon refor\u00e7a seu compromisso com o setor, focando suas a\u00e7\u00f5es cada vez mais no crescimento e desenvolvimento de seus associados e de toda a cidade. Por isso, as portas da entidade estar\u00e3o sempre abertas e estaremos \u00e0 disposi\u00e7\u00e3o de todos aqueles que contam com nosso trabalho para ajudar a impulsionar os neg\u00f3cios.<\/p>    <\/div>\n<\/div>\n<!-- \/module text -->        <\/div>\n                    <\/div>\n                <\/div>\n                        <\/div>\n        <\/div>\n                        <div  data-anchor=\"missao\" data-lazy=\"1\" class=\"module_row themify_builder_row tb_has_section tb_section-missao tb_xdxa119 tf_w\">\n                        <div class=\"row_inner col_align_top tb_col_count_2 tf_box tf_rel\">\n                        <div  data-lazy=\"1\" class=\"module_column tb-column col4-2 tb_pebs121 first\">\n                    <!-- module fancy heading -->\n<div  class=\"module module-fancy-heading tb_10se889 \" data-lazy=\"1\">\n        <h3 class=\"fancy-heading tf_textc\">\n    <span class=\"main-head tf_block\">\n                    MISS\u00c3O            <\/span>\n\n    \n    <span class=\"sub-head tf_block tf_rel\">\n                                <\/span>\n    <\/h3>\n<\/div>\n<!-- \/module fancy heading -->\n<!-- module text -->\n<div  class=\"module module-text tb_bojb455   \" data-lazy=\"1\">\n        <div  class=\"tb_text_wrap\">\n        <p>O Sinduscon de Joinville tem por miss\u00e3o representar o setor da constru\u00e7\u00e3o civil e influenciar na pol\u00edtica p\u00fablica para o desenvolvimento setorial promovendo a \u00e9tica e a legalidade e, contribuindo com o bem-estar da sociedade.<\/p>\n    <\/div>\n<\/div>\n<!-- \/module text -->        <\/div>\n                    <div  data-lazy=\"1\" class=\"module_column tb-column col4-2 tb_wvkr965 last\">\n                    <!-- module fancy heading -->\n<div  class=\"module module-fancy-heading tb_dvo8186 \" data-lazy=\"1\">\n        <h3 class=\"fancy-heading tf_textc\">\n    <span class=\"main-head tf_block\">\n                    VIS\u00c3O            <\/span>\n\n    \n    <span class=\"sub-head tf_block tf_rel\">\n                                <\/span>\n    <\/h3>\n<\/div>\n<!-- \/module fancy heading -->\n<!-- module text -->\n<div  class=\"module module-text tb_zvwt959   \" data-lazy=\"1\">\n        <div  class=\"tb_text_wrap\">\n        <p>O Sinduscon de Joinville quer alcan\u00e7ar reconhecimento p\u00fablico da sua representatividade e ser refer\u00eancia na promo\u00e7\u00e3o de a\u00e7\u00f5es para que as empresas alcancem excel\u00eancia nas suas atividades.<\/p>\n<p>A atual gest\u00e3o tem como prioridade o desenvolvimento da ind\u00fastria da constru\u00e7\u00e3o civil, a qualifica\u00e7\u00e3o profissional e o aumento da seguran\u00e7a e sa\u00fade dos trabalhadores.<\/p>\n<p>Entre seus compromissos de gest\u00e3o, a diretoria do SINDUSCON Joinville visa continuar promovendo a maior aproxima\u00e7\u00e3o entre as empresas associadas, por meio de um processo de comunica\u00e7\u00e3o e relacionamento estruturados, que garantam sinergia entre construtoras, incorporadoras e prestadores de servi\u00e7os.<\/p>\n    <\/div>\n<\/div>\n<!-- \/module text -->        <\/div>\n                        <\/div>\n        <\/div>\n                        <div  data-anchor=\"diretoria\" data-lazy=\"1\" class=\"module_row themify_builder_row tb_has_section tb_section-diretoria tb_tko7527 tf_w\">\n                        <div class=\"row_inner col_align_top tb_col_count_1 tf_box tf_rel\">\n                        <div  data-lazy=\"1\" class=\"module_column tb-column col-full tb_1z0e528 first\">\n                    <!-- module fancy heading -->\n<div  class=\"module module-fancy-heading tb_f4uu529 \" data-lazy=\"1\">\n        <h3 class=\"fancy-heading tf_textc\">\n    <span class=\"main-head tf_block\">\n                    DIRETORIA            <\/span>\n\n    \n    <span class=\"sub-head tf_block tf_rel\">\n                    Gest\u00e3o 2024\/2026            <\/span>\n    <\/h3>\n<\/div>\n<!-- \/module fancy heading -->\n        <div  data-lazy=\"1\" class=\"module_subrow themify_builder_sub_row tf_w col_align_top tb_col_count_2 tb_azbv530\">\n                <div  data-lazy=\"1\" class=\"module_column sub_column tb_aqb0530 first\">\n                    <!-- module text -->\n<div  class=\"module module-text tb_grq6530   \" data-lazy=\"1\">\n        <div  class=\"tb_text_wrap\">\n        <p><b><strong>Presidente<\/strong><\/b> \u2013 Ana Rita Vieira<br><b><strong>Vice-Presidente<\/strong><\/b> \u2013 Ren\u00e9rio Elias Leite Neto<br><b><strong>Diretor Administrativo e Financeiro<\/strong><\/b> \u2013 Fernanda Baumer Wolf<br><b><strong>Diretor de Economia e Estat\u00edstica<\/strong><\/b> \u2013 Gustavo Rischbeck Todescat<br><b><strong>Diretor de Rela\u00e7\u00f5es Trabalhistas e Sindicais<\/strong><\/b> \u2013 Vilson Buss<br><b><strong>Diretor da Ind\u00fastria Imobili\u00e1ria<\/strong><\/b>\u00a0\u2013\u00a0Carlos Manuel Carvalho Lopes<br><b><strong>Diretor de Obras P\u00fablicas e Servi\u00e7os<\/strong><\/b> \u2013 Emerson Siqueira,<br><b><strong>Diretor de Rela\u00e7\u00f5es Institucionais<\/strong><\/b> \u2013 Bruno Freitas Cauduro de Oliveira<br><b><strong>Diretor de Meio Ambiente<\/strong><\/b> \u2013 Renan Gon\u00e7alves de Oliveira<br><b><strong>Suplente de Diretor<\/strong><\/b> \u2013 Marco Antonio Corsini<\/p>\n<h3><strong>CONSELHO FISCAL<\/strong><\/h3>\n<p><b><strong>EFETIVOS<br><\/strong><\/b>Thiago Borba<br>Mario Cezar Castro de Aguiar<br>Francisco Mauricio Jauregui Paz<\/p>\n<p><b><strong>SUPLENTE<br><\/strong><\/b>Oscar Puhl Filho\u00a0<\/p>    <\/div>\n<\/div>\n<!-- \/module text -->        <\/div>\n                    <div  data-lazy=\"1\" class=\"module_column sub_column tb_1264531 last\">\n                    <!-- module text -->\n<div  class=\"module module-text tb_94sd531   \" data-lazy=\"1\">\n        <div  class=\"tb_text_wrap\">\n        <h3><strong>REPRESENTANTES JUNTO \u00c0 FIESC<\/strong><\/h3>\n<p><b><strong>EFETIVOS<\/strong><\/b><\/p>\n<p>Ana Rita Vieira<br>Mario Cezar de Aguia<\/p>\n<p><b><strong>SUPLENTE<\/strong><\/b><\/p>\n<p>Marco Antonio Corsini<br>Jorge Luiz Correia de S\u00e1<\/p>\n<h3><strong>CONSELHO DE EX-PRESIDENTES<\/strong><\/h3>\n<p>Mario Cezar de Aguiar \u2013 1990\/1992 \u2013 2016\/2018<\/p>\n<p>Ant\u00f4nio Carlos Wolf \u2013 1992\/1994<\/p>\n<p>Jorge Luiz Correia de S\u00e1 \u2013 1996\/1998<\/p>\n<p>Pierre Marie Bernard de Richter \u2013 2000\/2002<\/p>\n<p>Dieter Neermann \u2013 2004\/2006<\/p>\n<p>Francisco Mauricio Jauregui Paz\u00a0 \u2013 2008-2010<\/p>\n<p>Luis Carlos Presente \u2013 2010\/2012<\/p>\n<p>Marco Antonio Corsini \u2013 2012\/2014<\/p>\n<p>Vanderlei Buffon \u2013 2014\/2016<\/p>\n<p>Vilson Buss \u2013 2018\/2020<\/p>\n<p>Bruno Freitas Cauduro de Oliveira \u2013 2020\/2022<\/p>\n<p>Carlos Manuel Carvalho Lopes &#8211; 2022\/2024<\/p>    <\/div>\n<\/div>\n<!-- \/module text -->        <\/div>\n                    <\/div>\n                <\/div>\n                        <\/div>\n        <\/div>\n                        <div  data-anchor=\"diretrizes\" data-lazy=\"1\" class=\"module_row themify_builder_row tb_has_section tb_section-diretrizes tb_nmg8413 tf_w\">\n            <span  class=\"builder_row_cover tf_abs\" data-lazy=\"1\"><\/span>            <div class=\"row_inner col_align_top tb_col_count_2 tf_box tf_rel\">\n                        <div  data-lazy=\"1\" class=\"module_column tb-column col3-2 tb_z6lh414 first\">\n                    <!-- module text -->\n<div  class=\"module module-text tb_aijd414   \" data-lazy=\"1\">\n        <div  class=\"tb_text_wrap\">\n        <h1>N\u00f3s constru\u00edmos Joinville<br \/><br \/><\/h1>\n<ul>\n<li>Representar, perante \u00e0s autoridades, os interesses do setor da constru\u00e7\u00e3o civil;<\/li>\n<li>Fortalecer as marcas das empresas associadas;<\/li>\n<li>Contribuir para o fomento dos neg\u00f3cios das incorporadoras, construtoras e prestadores de servi\u00e7os;<\/li>\n<li>Estimular a atua\u00e7\u00e3o empresarial de forma \u00e9tica e respons\u00e1vel, respeitando o meio ambiente e o ambiente constru\u00eddo e valorizando as pessoas;<\/li>\n<li>Buscar a melhoria cont\u00ednua da qualidade de vida do trabalhador e das condi\u00e7\u00f5es de seguran\u00e7a no ambiente da obra.<\/li>\n<\/ul>\n<p>Com a certeza de que o associativismo e a \u00e9tica t\u00eam participa\u00e7\u00e3o fundamental nos resultados positivos e no sucesso das empresas, o Sinduscon Joinville busca cada vez mais aproximar seus associados e estreitar os la\u00e7os com a administra\u00e7\u00e3o p\u00fablica municipal e a sociedade.<\/p>\n<p>Al\u00e9m disso, como sindicato, atua na sua raz\u00e3o de existir, que \u00e9 representar a categoria patronal frente \u00e0s negocia\u00e7\u00f5es com os trabalhadores da constru\u00e7\u00e3o civil.<\/p>    <\/div>\n<\/div>\n<!-- \/module text -->        <\/div>\n                    <div  data-lazy=\"1\" class=\"module_column tb-column col3-1 tb_4b2g415 last\">\n                            <\/div>\n                        <\/div>\n        <\/div>\n                        <div  data-anchor=\"presidentes\" data-lazy=\"1\" class=\"module_row themify_builder_row tb_has_section tb_section-presidentes tb_jekk770 tf_w\">\n                        <div class=\"row_inner col_align_top tb_col_count_1 tf_box tf_rel\">\n                        <div  data-lazy=\"1\" class=\"module_column tb-column col-full tb_5ka3771 first\">\n                    <!-- module fancy heading -->\n<div  class=\"module module-fancy-heading tb_toux173 \" data-lazy=\"1\">\n        <h1 class=\"fancy-heading tf_textc\">\n    <span class=\"main-head tf_block\">\n                    Galeria de Presidentes            <\/span>\n\n    \n    <span class=\"sub-head tf_block tf_rel\">\n                                <\/span>\n    <\/h1>\n<\/div>\n<!-- \/module fancy heading -->\n<!-- module timeline -->\n<div  id=\"tb_c6y1486\" class=\"module tf_hidden tf_lazy module-timeline tb_c6y1486 layout-list \" data-lazy=\"1\">\n    <ul class=\"tf_rel\">\n\t\t\t<li id=\"timeline-0\" class=\"timeline-post without-icon \">\n\t\t\t<span class=\"module-timeline-date tf_box tf_textr\">\n\t\t\t\t\t  2020\/2022\t\t\t<\/span>\n\t\t\t\t\t\t\t<div class=\"module-timeline-dot\"><\/div>\n\t\t\t\t\t\t\t<div class=\"module-timeline-content-wrap tf_box tf_right\">\n\t\t\t\t<div class=\"module-timeline-content\">\n\t\t\t\t\t\t\t\t\t\t\t<h2 class=\"module-timeline-title\">    \n\t\t\t\t\t\t\t\t\t\t\t\t\t\t\t\t   Bruno Freitas Cauduro de Oliveira\t\t\t\t\t\t\t   \t\t\t\t\t\t<\/h2>\n\t\t\t\t\t\t\t\t\t\t\t\t\t\t\t\t\t\t\t\t\t<div class=\"entry-content\" itemprop=\"articleBody\">\n\t\t\t\t\t\t\t\t \t\t\t\t\t\t<\/div><!-- \/.entry-content -->\n\t\t\t\t\t\t\t\t\t<\/div><!-- \/.timeline-content -->\n\t\t\t<\/div><!-- \/.timeline-content-wrap -->\n\t\t<\/li>\n\t\t\t<li id=\"timeline-1\" class=\"timeline-post without-icon \">\n\t\t\t<span class=\"module-timeline-date tf_box tf_textr\">\n\t\t\t\t\t  2018\/2020\t\t\t<\/span>\n\t\t\t\t\t\t\t<div class=\"module-timeline-dot\"><\/div>\n\t\t\t\t\t\t\t<div class=\"module-timeline-content-wrap tf_box tf_right\">\n\t\t\t\t<div class=\"module-timeline-content\">\n\t\t\t\t\t\t\t\t\t\t\t<h2 class=\"module-timeline-title\">    \n\t\t\t\t\t\t\t\t\t\t\t\t\t\t\t\t   Vilson Buss\t\t\t\t\t\t\t   \t\t\t\t\t\t<\/h2>\n\t\t\t\t\t\t\t\t\t\t\t\t\t\t\t\t\t\t\t\t\t<div class=\"entry-content\" itemprop=\"articleBody\">\n\t\t\t\t\t\t\t\t \t\t\t\t\t\t<\/div><!-- \/.entry-content -->\n\t\t\t\t\t\t\t\t\t<\/div><!-- \/.timeline-content -->\n\t\t\t<\/div><!-- \/.timeline-content-wrap -->\n\t\t<\/li>\n\t\t\t<li id=\"timeline-2\" class=\"timeline-post without-icon \">\n\t\t\t<span class=\"module-timeline-date tf_box tf_textr\">\n\t\t\t\t\t  2016\/2018\t\t\t<\/span>\n\t\t\t\t\t\t\t<div class=\"module-timeline-dot\"><\/div>\n\t\t\t\t\t\t\t<div class=\"module-timeline-content-wrap tf_box tf_right\">\n\t\t\t\t<div class=\"module-timeline-content\">\n\t\t\t\t\t\t\t\t\t\t\t<h2 class=\"module-timeline-title\">    \n\t\t\t\t\t\t\t\t\t\t\t\t\t\t\t\t   Mario Cezar de aguiar\t\t\t\t\t\t\t   \t\t\t\t\t\t<\/h2>\n\t\t\t\t\t\t\t\t\t\t\t\t\t\t\t\t\t\t\t\t\t<div class=\"entry-content\" itemprop=\"articleBody\">\n\t\t\t\t\t\t\t\t \t\t\t\t\t\t<\/div><!-- \/.entry-content -->\n\t\t\t\t\t\t\t\t\t<\/div><!-- \/.timeline-content -->\n\t\t\t<\/div><!-- \/.timeline-content-wrap -->\n\t\t<\/li>\n\t\t\t<li id=\"timeline-3\" class=\"timeline-post without-icon \">\n\t\t\t<span class=\"module-timeline-date tf_box tf_textr\">\n\t\t\t\t\t  2014\/2016\t\t\t<\/span>\n\t\t\t\t\t\t\t<div class=\"module-timeline-dot\"><\/div>\n\t\t\t\t\t\t\t<div class=\"module-timeline-content-wrap tf_box tf_right\">\n\t\t\t\t<div class=\"module-timeline-content\">\n\t\t\t\t\t\t\t\t\t\t\t<h2 class=\"module-timeline-title\">    \n\t\t\t\t\t\t\t\t\t\t\t\t\t\t\t\t   Vanderlei Buffon\t\t\t\t\t\t\t   \t\t\t\t\t\t<\/h2>\n\t\t\t\t\t\t\t\t\t\t\t\t\t\t\t\t\t\t\t\t\t<div class=\"entry-content\" itemprop=\"articleBody\">\n\t\t\t\t\t\t\t\t \t\t\t\t\t\t<\/div><!-- \/.entry-content -->\n\t\t\t\t\t\t\t\t\t<\/div><!-- \/.timeline-content -->\n\t\t\t<\/div><!-- \/.timeline-content-wrap -->\n\t\t<\/li>\n\t\t\t<li id=\"timeline-4\" class=\"timeline-post without-icon \">\n\t\t\t<span class=\"module-timeline-date tf_box tf_textr\">\n\t\t\t\t\t  2012\/2014\t\t\t<\/span>\n\t\t\t\t\t\t\t<div class=\"module-timeline-dot\"><\/div>\n\t\t\t\t\t\t\t<div class=\"module-timeline-content-wrap tf_box tf_right\">\n\t\t\t\t<div class=\"module-timeline-content\">\n\t\t\t\t\t\t\t\t\t\t\t<h2 class=\"module-timeline-title\">    \n\t\t\t\t\t\t\t\t\t\t\t\t\t\t\t\t   Marco Ant\u00f4nio Corsini\t\t\t\t\t\t\t   \t\t\t\t\t\t<\/h2>\n\t\t\t\t\t\t\t\t\t\t\t\t\t\t\t\t\t\t\t\t\t<div class=\"entry-content\" itemprop=\"articleBody\">\n\t\t\t\t\t\t\t\t \t\t\t\t\t\t<\/div><!-- \/.entry-content -->\n\t\t\t\t\t\t\t\t\t<\/div><!-- \/.timeline-content -->\n\t\t\t<\/div><!-- \/.timeline-content-wrap -->\n\t\t<\/li>\n\t\t\t<li id=\"timeline-5\" class=\"timeline-post without-icon \">\n\t\t\t<span class=\"module-timeline-date tf_box tf_textr\">\n\t\t\t\t\t  2010\/2012\t\t\t<\/span>\n\t\t\t\t\t\t\t<div class=\"module-timeline-dot\"><\/div>\n\t\t\t\t\t\t\t<div class=\"module-timeline-content-wrap tf_box tf_right\">\n\t\t\t\t<div class=\"module-timeline-content\">\n\t\t\t\t\t\t\t\t\t\t\t<h2 class=\"module-timeline-title\">    \n\t\t\t\t\t\t\t\t\t\t\t\t\t\t\t\t   Luis Carlos Presente\t\t\t\t\t\t\t   \t\t\t\t\t\t<\/h2>\n\t\t\t\t\t\t\t\t\t\t\t\t\t\t\t\t\t\t\t\t\t<div class=\"entry-content\" itemprop=\"articleBody\">\n\t\t\t\t\t\t\t\t \t\t\t\t\t\t<\/div><!-- \/.entry-content -->\n\t\t\t\t\t\t\t\t\t<\/div><!-- \/.timeline-content -->\n\t\t\t<\/div><!-- \/.timeline-content-wrap -->\n\t\t<\/li>\n\t\t\t<li id=\"timeline-6\" class=\"timeline-post without-icon \">\n\t\t\t<span class=\"module-timeline-date tf_box tf_textr\">\n\t\t\t\t\t  2008\/2010\t\t\t<\/span>\n\t\t\t\t\t\t\t<div class=\"module-timeline-dot\"><\/div>\n\t\t\t\t\t\t\t<div class=\"module-timeline-content-wrap tf_box tf_right\">\n\t\t\t\t<div class=\"module-timeline-content\">\n\t\t\t\t\t\t\t\t\t\t\t<h2 class=\"module-timeline-title\">    \n\t\t\t\t\t\t\t\t\t\t\t\t\t\t\t\t   Francisco Mauricio Jauregui Paz\t\t\t\t\t\t\t   \t\t\t\t\t\t<\/h2>\n\t\t\t\t\t\t\t\t\t\t\t\t\t\t\t\t\t\t\t\t\t<div class=\"entry-content\" itemprop=\"articleBody\">\n\t\t\t\t\t\t\t\t \t\t\t\t\t\t<\/div><!-- \/.entry-content -->\n\t\t\t\t\t\t\t\t\t<\/div><!-- \/.timeline-content -->\n\t\t\t<\/div><!-- \/.timeline-content-wrap -->\n\t\t<\/li>\n\t\t\t<li id=\"timeline-7\" class=\"timeline-post without-icon \">\n\t\t\t<span class=\"module-timeline-date tf_box tf_textr\">\n\t\t\t\t\t  2006\/2008\t\t\t<\/span>\n\t\t\t\t\t\t\t<div class=\"module-timeline-dot\"><\/div>\n\t\t\t\t\t\t\t<div class=\"module-timeline-content-wrap tf_box tf_right\">\n\t\t\t\t<div class=\"module-timeline-content\">\n\t\t\t\t\t\t\t\t\t\t\t<h2 class=\"module-timeline-title\">    \n\t\t\t\t\t\t\t\t\t\t\t\t\t\t\t\t    Luiz Ot\u00e1vio Lobo\t\t\t\t\t\t\t   \t\t\t\t\t\t<\/h2>\n\t\t\t\t\t\t\t\t\t\t\t\t\t\t\t\t\t\t\t\t\t<div class=\"entry-content\" itemprop=\"articleBody\">\n\t\t\t\t\t\t\t\t \t\t\t\t\t\t<\/div><!-- \/.entry-content -->\n\t\t\t\t\t\t\t\t\t<\/div><!-- \/.timeline-content -->\n\t\t\t<\/div><!-- \/.timeline-content-wrap -->\n\t\t<\/li>\n\t\t\t<li id=\"timeline-8\" class=\"timeline-post without-icon \">\n\t\t\t<span class=\"module-timeline-date tf_box tf_textr\">\n\t\t\t\t\t  2004\/2006\t\t\t<\/span>\n\t\t\t\t\t\t\t<div class=\"module-timeline-dot\"><\/div>\n\t\t\t\t\t\t\t<div class=\"module-timeline-content-wrap tf_box tf_right\">\n\t\t\t\t<div class=\"module-timeline-content\">\n\t\t\t\t\t\t\t\t\t\t\t<h2 class=\"module-timeline-title\">    \n\t\t\t\t\t\t\t\t\t\t\t\t\t\t\t\t   Dieter Neermann\t\t\t\t\t\t\t   \t\t\t\t\t\t<\/h2>\n\t\t\t\t\t\t\t\t\t\t\t\t\t\t\t\t\t\t\t\t\t<div class=\"entry-content\" itemprop=\"articleBody\">\n\t\t\t\t\t\t\t\t \t\t\t\t\t\t<\/div><!-- \/.entry-content -->\n\t\t\t\t\t\t\t\t\t<\/div><!-- \/.timeline-content -->\n\t\t\t<\/div><!-- \/.timeline-content-wrap -->\n\t\t<\/li>\n\t\t\t<li id=\"timeline-9\" class=\"timeline-post without-icon \">\n\t\t\t<span class=\"module-timeline-date tf_box tf_textr\">\n\t\t\t\t\t  2002\/2004\t\t\t<\/span>\n\t\t\t\t\t\t\t<div class=\"module-timeline-dot\"><\/div>\n\t\t\t\t\t\t\t<div class=\"module-timeline-content-wrap tf_box tf_right\">\n\t\t\t\t<div class=\"module-timeline-content\">\n\t\t\t\t\t\t\t\t\t\t\t<h2 class=\"module-timeline-title\">    \n\t\t\t\t\t\t\t\t\t\t\t\t\t\t\t\t   Jos\u00e9 Ant\u00f4nio Vieira\t\t\t\t\t\t\t   \t\t\t\t\t\t<\/h2>\n\t\t\t\t\t\t\t\t\t\t\t\t\t\t\t\t\t\t\t\t\t<div class=\"entry-content\" itemprop=\"articleBody\">\n\t\t\t\t\t\t\t\t <p>(in memorian)<\/p>\t\t\t\t\t\t<\/div><!-- \/.entry-content -->\n\t\t\t\t\t\t\t\t\t<\/div><!-- \/.timeline-content -->\n\t\t\t<\/div><!-- \/.timeline-content-wrap -->\n\t\t<\/li>\n\t\t\t<li id=\"timeline-10\" class=\"timeline-post without-icon \">\n\t\t\t<span class=\"module-timeline-date tf_box tf_textr\">\n\t\t\t\t\t  2000\/2002\t\t\t<\/span>\n\t\t\t\t\t\t\t<div class=\"module-timeline-dot\"><\/div>\n\t\t\t\t\t\t\t<div class=\"module-timeline-content-wrap tf_box tf_right\">\n\t\t\t\t<div class=\"module-timeline-content\">\n\t\t\t\t\t\t\t\t\t\t\t<h2 class=\"module-timeline-title\">    \n\t\t\t\t\t\t\t\t\t\t\t\t\t\t\t\t   Pierre de Richter\t\t\t\t\t\t\t   \t\t\t\t\t\t<\/h2>\n\t\t\t\t\t\t\t\t\t\t\t\t\t\t\t\t\t\t\t\t\t<div class=\"entry-content\" itemprop=\"articleBody\">\n\t\t\t\t\t\t\t\t \t\t\t\t\t\t<\/div><!-- \/.entry-content -->\n\t\t\t\t\t\t\t\t\t<\/div><!-- \/.timeline-content -->\n\t\t\t<\/div><!-- \/.timeline-content-wrap -->\n\t\t<\/li>\n\t\t\t<li id=\"timeline-11\" class=\"timeline-post without-icon \">\n\t\t\t<span class=\"module-timeline-date tf_box tf_textr\">\n\t\t\t\t\t  1998\/2000\t\t\t<\/span>\n\t\t\t\t\t\t\t<div class=\"module-timeline-dot\"><\/div>\n\t\t\t\t\t\t\t<div class=\"module-timeline-content-wrap tf_box tf_right\">\n\t\t\t\t<div class=\"module-timeline-content\">\n\t\t\t\t\t\t\t\t\t\t\t<h2 class=\"module-timeline-title\">    \n\t\t\t\t\t\t\t\t\t\t\t\t\t\t\t\t   Waldir Ried\t\t\t\t\t\t\t   \t\t\t\t\t\t<\/h2>\n\t\t\t\t\t\t\t\t\t\t\t\t\t\t\t\t\t\t\t\t\t<div class=\"entry-content\" itemprop=\"articleBody\">\n\t\t\t\t\t\t\t\t \t\t\t\t\t\t<\/div><!-- \/.entry-content -->\n\t\t\t\t\t\t\t\t\t<\/div><!-- \/.timeline-content -->\n\t\t\t<\/div><!-- \/.timeline-content-wrap -->\n\t\t<\/li>\n\t\t\t<li id=\"timeline-12\" class=\"timeline-post without-icon \">\n\t\t\t<span class=\"module-timeline-date tf_box tf_textr\">\n\t\t\t\t\t  1996\/1998\t\t\t<\/span>\n\t\t\t\t\t\t\t<div class=\"module-timeline-dot\"><\/div>\n\t\t\t\t\t\t\t<div class=\"module-timeline-content-wrap tf_box tf_right\">\n\t\t\t\t<div class=\"module-timeline-content\">\n\t\t\t\t\t\t\t\t\t\t\t<h2 class=\"module-timeline-title\">    \n\t\t\t\t\t\t\t\t\t\t\t\t\t\t\t\t   Jorge Luiz Correia de S\u00e1\t\t\t\t\t\t\t   \t\t\t\t\t\t<\/h2>\n\t\t\t\t\t\t\t\t\t\t\t\t\t\t\t\t\t\t\t\t\t<div class=\"entry-content\" itemprop=\"articleBody\">\n\t\t\t\t\t\t\t\t \t\t\t\t\t\t<\/div><!-- \/.entry-content -->\n\t\t\t\t\t\t\t\t\t<\/div><!-- \/.timeline-content -->\n\t\t\t<\/div><!-- \/.timeline-content-wrap -->\n\t\t<\/li>\n\t\t\t<li id=\"timeline-13\" class=\"timeline-post without-icon \">\n\t\t\t<span class=\"module-timeline-date tf_box tf_textr\">\n\t\t\t\t\t  1994\/1996\t\t\t<\/span>\n\t\t\t\t\t\t\t<div class=\"module-timeline-dot\"><\/div>\n\t\t\t\t\t\t\t<div class=\"module-timeline-content-wrap tf_box tf_right\">\n\t\t\t\t<div class=\"module-timeline-content\">\n\t\t\t\t\t\t\t\t\t\t\t<h2 class=\"module-timeline-title\">    \n\t\t\t\t\t\t\t\t\t\t\t\t\t\t\t\t   Cl\u00f3vis Dobner\t\t\t\t\t\t\t   \t\t\t\t\t\t<\/h2>\n\t\t\t\t\t\t\t\t\t\t\t\t\t\t\t\t\t\t\t\t\t<div class=\"entry-content\" itemprop=\"articleBody\">\n\t\t\t\t\t\t\t\t \t\t\t\t\t\t<\/div><!-- \/.entry-content -->\n\t\t\t\t\t\t\t\t\t<\/div><!-- \/.timeline-content -->\n\t\t\t<\/div><!-- \/.timeline-content-wrap -->\n\t\t<\/li>\n\t\t\t<li id=\"timeline-14\" class=\"timeline-post without-icon \">\n\t\t\t<span class=\"module-timeline-date tf_box tf_textr\">\n\t\t\t\t\t  1992\/1994\t\t\t<\/span>\n\t\t\t\t\t\t\t<div class=\"module-timeline-dot\"><\/div>\n\t\t\t\t\t\t\t<div class=\"module-timeline-content-wrap tf_box tf_right\">\n\t\t\t\t<div class=\"module-timeline-content\">\n\t\t\t\t\t\t\t\t\t\t\t<h2 class=\"module-timeline-title\">    \n\t\t\t\t\t\t\t\t\t\t\t\t\t\t\t\t    Antonio Carlos Wolf\t\t\t\t\t\t\t   \t\t\t\t\t\t<\/h2>\n\t\t\t\t\t\t\t\t\t\t\t\t\t\t\t\t\t\t\t\t\t<div class=\"entry-content\" itemprop=\"articleBody\">\n\t\t\t\t\t\t\t\t \t\t\t\t\t\t<\/div><!-- \/.entry-content -->\n\t\t\t\t\t\t\t\t\t<\/div><!-- \/.timeline-content -->\n\t\t\t<\/div><!-- \/.timeline-content-wrap -->\n\t\t<\/li>\n\t\t\t<li id=\"timeline-15\" class=\"timeline-post without-icon \">\n\t\t\t<span class=\"module-timeline-date tf_box tf_textr\">\n\t\t\t\t\t  1990\/1992\t\t\t<\/span>\n\t\t\t\t\t\t\t<div class=\"module-timeline-dot\"><\/div>\n\t\t\t\t\t\t\t<div class=\"module-timeline-content-wrap tf_box tf_right\">\n\t\t\t\t<div class=\"module-timeline-content\">\n\t\t\t\t\t\t\t\t\t\t\t<h2 class=\"module-timeline-title\">    \n\t\t\t\t\t\t\t\t\t\t\t\t\t\t\t\t   Mario Cezar de Aguiar\t\t\t\t\t\t\t   \t\t\t\t\t\t<\/h2>\n\t\t\t\t\t\t\t\t\t\t\t\t\t\t\t\t\t\t\t\t\t<div class=\"entry-content\" itemprop=\"articleBody\">\n\t\t\t\t\t\t\t\t \t\t\t\t\t\t<\/div><!-- \/.entry-content -->\n\t\t\t\t\t\t\t\t\t<\/div><!-- \/.timeline-content -->\n\t\t\t<\/div><!-- \/.timeline-content-wrap -->\n\t\t<\/li>\n\t\t\t<li id=\"timeline-16\" class=\"timeline-post without-icon \">\n\t\t\t<span class=\"module-timeline-date tf_box tf_textr\">\n\t\t\t\t\t  1987\/1990\t\t\t<\/span>\n\t\t\t\t\t\t\t<div class=\"module-timeline-dot\"><\/div>\n\t\t\t\t\t\t\t<div class=\"module-timeline-content-wrap tf_box tf_right\">\n\t\t\t\t<div class=\"module-timeline-content\">\n\t\t\t\t\t\t\t\t\t\t\t<h2 class=\"module-timeline-title\">    \n\t\t\t\t\t\t\t\t\t\t\t\t\t\t\t\t   Julio Fialkoski\t\t\t\t\t\t\t   \t\t\t\t\t\t<\/h2>\n\t\t\t\t\t\t\t\t\t\t\t\t\t\t\t\t\t\t\t\t\t<div class=\"entry-content\" itemprop=\"articleBody\">\n\t\t\t\t\t\t\t\t \t\t\t\t\t\t<\/div><!-- \/.entry-content -->\n\t\t\t\t\t\t\t\t\t<\/div><!-- \/.timeline-content -->\n\t\t\t<\/div><!-- \/.timeline-content-wrap -->\n\t\t<\/li>\n\t\t\t<li id=\"timeline-17\" class=\"timeline-post without-icon \">\n\t\t\t<span class=\"module-timeline-date tf_box tf_textr\">\n\t\t\t\t\t  1984\/1987\t\t\t<\/span>\n\t\t\t\t\t\t\t<div class=\"module-timeline-dot\"><\/div>\n\t\t\t\t\t\t\t<div class=\"module-timeline-content-wrap tf_box tf_right\">\n\t\t\t\t<div class=\"module-timeline-content\">\n\t\t\t\t\t\t\t\t\t\t\t<h2 class=\"module-timeline-title\">    \n\t\t\t\t\t\t\t\t\t\t\t\t\t\t\t\t   Aldemir Sebasti\u00e3o Dadalt\t\t\t\t\t\t\t   \t\t\t\t\t\t<\/h2>\n\t\t\t\t\t\t\t\t\t\t\t\t\t\t\t\t\t\t\t\t\t<div class=\"entry-content\" itemprop=\"articleBody\">\n\t\t\t\t\t\t\t\t \t\t\t\t\t\t<\/div><!-- \/.entry-content -->\n\t\t\t\t\t\t\t\t\t<\/div><!-- \/.timeline-content -->\n\t\t\t<\/div><!-- \/.timeline-content-wrap -->\n\t\t<\/li>\n\t\t\t<li id=\"timeline-18\" class=\"timeline-post without-icon \">\n\t\t\t<span class=\"module-timeline-date tf_box tf_textr\">\n\t\t\t\t\t  1981\/1984\t\t\t<\/span>\n\t\t\t\t\t\t\t<div class=\"module-timeline-dot\"><\/div>\n\t\t\t\t\t\t\t<div class=\"module-timeline-content-wrap tf_box tf_right\">\n\t\t\t\t<div class=\"module-timeline-content\">\n\t\t\t\t\t\t\t\t\t\t\t<h2 class=\"module-timeline-title\">    \n\t\t\t\t\t\t\t\t\t\t\t\t\t\t\t\t   Jos\u00e9 Carlos Vieira\t\t\t\t\t\t\t   \t\t\t\t\t\t<\/h2>\n\t\t\t\t\t\t\t\t\t\t\t\t\t\t\t\t\t\t\t\t\t<div class=\"entry-content\" itemprop=\"articleBody\">\n\t\t\t\t\t\t\t\t \t\t\t\t\t\t<\/div><!-- \/.entry-content -->\n\t\t\t\t\t\t\t\t\t<\/div><!-- \/.timeline-content -->\n\t\t\t<\/div><!-- \/.timeline-content-wrap -->\n\t\t<\/li>\n\t\t\t<li id=\"timeline-19\" class=\"timeline-post without-icon \">\n\t\t\t<span class=\"module-timeline-date tf_box tf_textr\">\n\t\t\t\t\t  1978\/1981\t\t\t<\/span>\n\t\t\t\t\t\t\t<div class=\"module-timeline-dot\"><\/div>\n\t\t\t\t\t\t\t<div class=\"module-timeline-content-wrap tf_box tf_right\">\n\t\t\t\t<div class=\"module-timeline-content\">\n\t\t\t\t\t\t\t\t\t\t\t<h2 class=\"module-timeline-title\">    \n\t\t\t\t\t\t\t\t\t\t\t\t\t\t\t\t   Jos\u00e9 Carlos Vieira\t\t\t\t\t\t\t   \t\t\t\t\t\t<\/h2>\n\t\t\t\t\t\t\t\t\t\t\t\t\t\t\t\t\t\t\t\t\t<div class=\"entry-content\" itemprop=\"articleBody\">\n\t\t\t\t\t\t\t\t \t\t\t\t\t\t<\/div><!-- \/.entry-content -->\n\t\t\t\t\t\t\t\t\t<\/div><!-- \/.timeline-content -->\n\t\t\t<\/div><!-- \/.timeline-content-wrap -->\n\t\t<\/li>\n\t\t\t<li id=\"timeline-20\" class=\"timeline-post without-icon \">\n\t\t\t<span class=\"module-timeline-date tf_box tf_textr\">\n\t\t\t\t\t  1974\/1978\t\t\t<\/span>\n\t\t\t\t\t\t\t<div class=\"module-timeline-dot\"><\/div>\n\t\t\t\t\t\t\t<div class=\"module-timeline-content-wrap tf_box tf_right\">\n\t\t\t\t<div class=\"module-timeline-content\">\n\t\t\t\t\t\t\t\t\t\t\t<h2 class=\"module-timeline-title\">    \n\t\t\t\t\t\t\t\t\t\t\t\t\t\t\t\t   Heraldo Ribeiro Silva do Valle\t\t\t\t\t\t\t   \t\t\t\t\t\t<\/h2>\n\t\t\t\t\t\t\t\t\t\t\t\t\t\t\t\t\t\t\t\t\t<div class=\"entry-content\" itemprop=\"articleBody\">\n\t\t\t\t\t\t\t\t \t\t\t\t\t\t<\/div><!-- \/.entry-content -->\n\t\t\t\t\t\t\t\t\t<\/div><!-- \/.timeline-content -->\n\t\t\t<\/div><!-- \/.timeline-content-wrap -->\n\t\t<\/li>\n\t\t\t<li id=\"timeline-21\" class=\"timeline-post without-icon \">\n\t\t\t<span class=\"module-timeline-date tf_box tf_textr\">\n\t\t\t\t\t  1971\/1974\t\t\t<\/span>\n\t\t\t\t\t\t\t<div class=\"module-timeline-dot\"><\/div>\n\t\t\t\t\t\t\t<div class=\"module-timeline-content-wrap tf_box tf_right\">\n\t\t\t\t<div class=\"module-timeline-content\">\n\t\t\t\t\t\t\t\t\t\t\t<h2 class=\"module-timeline-title\">    \n\t\t\t\t\t\t\t\t\t\t\t\t\t\t\t\t   Horst Groegel\t\t\t\t\t\t\t   \t\t\t\t\t\t<\/h2>\n\t\t\t\t\t\t\t\t\t\t\t\t\t\t\t\t\t\t\t\t\t<div class=\"entry-content\" itemprop=\"articleBody\">\n\t\t\t\t\t\t\t\t \t\t\t\t\t\t<\/div><!-- \/.entry-content -->\n\t\t\t\t\t\t\t\t\t<\/div><!-- \/.timeline-content -->\n\t\t\t<\/div><!-- \/.timeline-content-wrap -->\n\t\t<\/li>\n\t\t\t<li id=\"timeline-22\" class=\"timeline-post without-icon \">\n\t\t\t<span class=\"module-timeline-date tf_box tf_textr\">\n\t\t\t\t\t  1968\/1971\t\t\t<\/span>\n\t\t\t\t\t\t\t<div class=\"module-timeline-dot\"><\/div>\n\t\t\t\t\t\t\t<div class=\"module-timeline-content-wrap tf_box tf_right\">\n\t\t\t\t<div class=\"module-timeline-content\">\n\t\t\t\t\t\t\t\t\t\t\t<h2 class=\"module-timeline-title\">    \n\t\t\t\t\t\t\t\t\t\t\t\t\t\t\t\t   Nelson K\u00f6hntopp\t\t\t\t\t\t\t   \t\t\t\t\t\t<\/h2>\n\t\t\t\t\t\t\t\t\t\t\t\t\t\t\t\t\t\t\t\t\t<div class=\"entry-content\" itemprop=\"articleBody\">\n\t\t\t\t\t\t\t\t \t\t\t\t\t\t<\/div><!-- \/.entry-content -->\n\t\t\t\t\t\t\t\t\t<\/div><!-- \/.timeline-content -->\n\t\t\t<\/div><!-- \/.timeline-content-wrap -->\n\t\t<\/li>\n\t\t\t<li id=\"timeline-23\" class=\"timeline-post without-icon \">\n\t\t\t<span class=\"module-timeline-date tf_box tf_textr\">\n\t\t\t\t\t  1966\/1968\t\t\t<\/span>\n\t\t\t\t\t\t\t<div class=\"module-timeline-dot\"><\/div>\n\t\t\t\t\t\t\t<div class=\"module-timeline-content-wrap tf_box tf_right\">\n\t\t\t\t<div class=\"module-timeline-content\">\n\t\t\t\t\t\t\t\t\t\t\t<h2 class=\"module-timeline-title\">    \n\t\t\t\t\t\t\t\t\t\t\t\t\t\t\t\t   Pedro Hugo Petry\t\t\t\t\t\t\t   \t\t\t\t\t\t<\/h2>\n\t\t\t\t\t\t\t\t\t\t\t\t\t\t\t\t\t\t\t\t\t<div class=\"entry-content\" itemprop=\"articleBody\">\n\t\t\t\t\t\t\t\t <p>(in memorian)<\/p>\t\t\t\t\t\t<\/div><!-- \/.entry-content -->\n\t\t\t\t\t\t\t\t\t<\/div><!-- \/.timeline-content -->\n\t\t\t<\/div><!-- \/.timeline-content-wrap -->\n\t\t<\/li>\n\t\t\t<li id=\"timeline-24\" class=\"timeline-post without-icon \">\n\t\t\t<span class=\"module-timeline-date tf_box tf_textr\">\n\t\t\t\t\t  1964\/1966\t\t\t<\/span>\n\t\t\t\t\t\t\t<div class=\"module-timeline-dot\"><\/div>\n\t\t\t\t\t\t\t<div class=\"module-timeline-content-wrap tf_box tf_right\">\n\t\t\t\t<div class=\"module-timeline-content\">\n\t\t\t\t\t\t\t\t\t\t\t<h2 class=\"module-timeline-title\">    \n\t\t\t\t\t\t\t\t\t\t\t\t\t\t\t\t   Edmundo Hoepfer\t\t\t\t\t\t\t   \t\t\t\t\t\t<\/h2>\n\t\t\t\t\t\t\t\t\t\t\t\t\t\t\t\t\t\t\t\t\t<div class=\"entry-content\" itemprop=\"articleBody\">\n\t\t\t\t\t\t\t\t <p>(in memorian)<\/p>\t\t\t\t\t\t<\/div><!-- \/.entry-content -->\n\t\t\t\t\t\t\t\t\t<\/div><!-- \/.timeline-content -->\n\t\t\t<\/div><!-- \/.timeline-content-wrap -->\n\t\t<\/li>\n\t\t\t<li id=\"timeline-25\" class=\"timeline-post without-icon \">\n\t\t\t<span class=\"module-timeline-date tf_box tf_textr\">\n\t\t\t\t\t  1960\/1964\t\t\t<\/span>\n\t\t\t\t\t\t\t<div class=\"module-timeline-dot\"><\/div>\n\t\t\t\t\t\t\t<div class=\"module-timeline-content-wrap tf_box tf_right\">\n\t\t\t\t<div class=\"module-timeline-content\">\n\t\t\t\t\t\t\t\t\t\t\t<h2 class=\"module-timeline-title\">    \n\t\t\t\t\t\t\t\t\t\t\t\t\t\t\t\t   Edmundo Hoepfer\t\t\t\t\t\t\t   \t\t\t\t\t\t<\/h2>\n\t\t\t\t\t\t\t\t\t\t\t\t\t\t\t\t\t\t\t\t\t<div class=\"entry-content\" itemprop=\"articleBody\">\n\t\t\t\t\t\t\t\t <p>(in memorian)<\/p>\t\t\t\t\t\t<\/div><!-- \/.entry-content -->\n\t\t\t\t\t\t\t\t\t<\/div><!-- \/.timeline-content -->\n\t\t\t<\/div><!-- \/.timeline-content-wrap -->\n\t\t<\/li>\n\t\t\t<li id=\"timeline-26\" class=\"timeline-post without-icon \">\n\t\t\t<span class=\"module-timeline-date tf_box tf_textr\">\n\t\t\t\t\t  1958\/1960\t\t\t<\/span>\n\t\t\t\t\t\t\t<div class=\"module-timeline-dot\"><\/div>\n\t\t\t\t\t\t\t<div class=\"module-timeline-content-wrap tf_box tf_right\">\n\t\t\t\t<div class=\"module-timeline-content\">\n\t\t\t\t\t\t\t\t\t\t\t<h2 class=\"module-timeline-title\">    \n\t\t\t\t\t\t\t\t\t\t\t\t\t\t\t\t   Walter Brietzig\t\t\t\t\t\t\t   \t\t\t\t\t\t<\/h2>\n\t\t\t\t\t\t\t\t\t\t\t\t\t\t\t\t\t\t\t\t\t<div class=\"entry-content\" itemprop=\"articleBody\">\n\t\t\t\t\t\t\t\t \t\t\t\t\t\t<\/div><!-- \/.entry-content -->\n\t\t\t\t\t\t\t\t\t<\/div><!-- \/.timeline-content -->\n\t\t\t<\/div><!-- \/.timeline-content-wrap -->\n\t\t<\/li>\n\t\t\t<li id=\"timeline-27\" class=\"timeline-post without-icon \">\n\t\t\t<span class=\"module-timeline-date tf_box tf_textr\">\n\t\t\t\t\t  1956\/1958\t\t\t<\/span>\n\t\t\t\t\t\t\t<div class=\"module-timeline-dot\"><\/div>\n\t\t\t\t\t\t\t<div class=\"module-timeline-content-wrap tf_box tf_right\">\n\t\t\t\t<div class=\"module-timeline-content\">\n\t\t\t\t\t\t\t\t\t\t\t<h2 class=\"module-timeline-title\">    \n\t\t\t\t\t\t\t\t\t\t\t\t\t\t\t\t   Walter Brietzig\t\t\t\t\t\t\t   \t\t\t\t\t\t<\/h2>\n\t\t\t\t\t\t\t\t\t\t\t\t\t\t\t\t\t\t\t\t\t<div class=\"entry-content\" itemprop=\"articleBody\">\n\t\t\t\t\t\t\t\t \t\t\t\t\t\t<\/div><!-- \/.entry-content -->\n\t\t\t\t\t\t\t\t\t<\/div><!-- \/.timeline-content -->\n\t\t\t<\/div><!-- \/.timeline-content-wrap -->\n\t\t<\/li>\n\t\t\t<li id=\"timeline-28\" class=\"timeline-post without-icon \">\n\t\t\t<span class=\"module-timeline-date tf_box tf_textr\">\n\t\t\t\t\t  1954\/1956\t\t\t<\/span>\n\t\t\t\t\t\t\t<div class=\"module-timeline-dot\"><\/div>\n\t\t\t\t\t\t\t<div class=\"module-timeline-content-wrap tf_box tf_right\">\n\t\t\t\t<div class=\"module-timeline-content\">\n\t\t\t\t\t\t\t\t\t\t\t<h2 class=\"module-timeline-title\">    \n\t\t\t\t\t\t\t\t\t\t\t\t\t\t\t\t   Edmundo Hoepfer\t\t\t\t\t\t\t   \t\t\t\t\t\t<\/h2>\n\t\t\t\t\t\t\t\t\t\t\t\t\t\t\t\t\t\t\t\t\t<div class=\"entry-content\" itemprop=\"articleBody\">\n\t\t\t\t\t\t\t\t <p><span style=\"color: #222222; font-family: Arial, Helvetica, sans-serif; font-size: small;\">(in memorian)<\/span><\/p>\t\t\t\t\t\t<\/div><!-- \/.entry-content -->\n\t\t\t\t\t\t\t\t\t<\/div><!-- \/.timeline-content -->\n\t\t\t<\/div><!-- \/.timeline-content-wrap -->\n\t\t<\/li>\n\t\t\t<li id=\"timeline-29\" class=\"timeline-post without-icon \">\n\t\t\t<span class=\"module-timeline-date tf_box tf_textr\">\n\t\t\t\t\t  1952\/1954\t\t\t<\/span>\n\t\t\t\t\t\t\t<div class=\"module-timeline-dot\"><\/div>\n\t\t\t\t\t\t\t<div class=\"module-timeline-content-wrap tf_box tf_right\">\n\t\t\t\t<div class=\"module-timeline-content\">\n\t\t\t\t\t\t\t\t\t\t\t<h2 class=\"module-timeline-title\">    \n\t\t\t\t\t\t\t\t\t\t\t\t\t\t\t\t   Edmundo Hoepfer\t\t\t\t\t\t\t   \t\t\t\t\t\t<\/h2>\n\t\t\t\t\t\t\t\t\t\t\t\t\t\t\t\t\t\t\t\t\t<div class=\"entry-content\" itemprop=\"articleBody\">\n\t\t\t\t\t\t\t\t <p>(in memorian)<\/p>\t\t\t\t\t\t<\/div><!-- \/.entry-content -->\n\t\t\t\t\t\t\t\t\t<\/div><!-- \/.timeline-content -->\n\t\t\t<\/div><!-- \/.timeline-content-wrap -->\n\t\t<\/li>\n\t\t\t<li id=\"timeline-30\" class=\"timeline-post without-icon \">\n\t\t\t<span class=\"module-timeline-date tf_box tf_textr\">\n\t\t\t\t\t  1952\/1954\t\t\t<\/span>\n\t\t\t\t\t\t\t<div class=\"module-timeline-dot\"><\/div>\n\t\t\t\t\t\t\t<div class=\"module-timeline-content-wrap tf_box tf_right\">\n\t\t\t\t<div class=\"module-timeline-content\">\n\t\t\t\t\t\t\t\t\t\t\t<h2 class=\"module-timeline-title\">    \n\t\t\t\t\t\t\t\t\t\t\t\t\t\t\t\t   Waldemar Carlos Richter\t\t\t\t\t\t\t   \t\t\t\t\t\t<\/h2>\n\t\t\t\t\t\t\t\t\t\t\t\t\t\t\t\t\t\t\t\t\t<div class=\"entry-content\" itemprop=\"articleBody\">\n\t\t\t\t\t\t\t\t <p>(in memorian)<\/p>\t\t\t\t\t\t<\/div><!-- \/.entry-content -->\n\t\t\t\t\t\t\t\t\t<\/div><!-- \/.timeline-content -->\n\t\t\t<\/div><!-- \/.timeline-content-wrap -->\n\t\t<\/li>\n\t\t\t<li id=\"timeline-31\" class=\"timeline-post without-icon \">\n\t\t\t<span class=\"module-timeline-date tf_box tf_textr\">\n\t\t\t\t\t  1945\/1952\t\t\t<\/span>\n\t\t\t\t\t\t\t<div class=\"module-timeline-dot\"><\/div>\n\t\t\t\t\t\t\t<div class=\"module-timeline-content-wrap tf_box tf_right\">\n\t\t\t\t<div class=\"module-timeline-content\">\n\t\t\t\t\t\t\t\t\t\t\t<h2 class=\"module-timeline-title\">    \n\t\t\t\t\t\t\t\t\t\t\t\t\t\t\t\t   Affonso Koehntopp\t\t\t\t\t\t\t   \t\t\t\t\t\t<\/h2>\n\t\t\t\t\t\t\t\t\t\t\t\t\t\t\t\t\t\t\t\t\t<div class=\"entry-content\" itemprop=\"articleBody\">\n\t\t\t\t\t\t\t\t <p>(in memorian)<\/p>\t\t\t\t\t\t<\/div><!-- \/.entry-content -->\n\t\t\t\t\t\t\t\t\t<\/div><!-- \/.timeline-content -->\n\t\t\t<\/div><!-- \/.timeline-content-wrap -->\n\t\t<\/li>\n\t<\/ul><\/div>\n<!-- \/module timeline -->        <\/div>\n                        <\/div>\n        <\/div>\n        <\/div>\n<!--\/themify_builder_content-->","protected":false},"excerpt":{"rendered":"<p>Sobre o Sinduscon O SINDUSCONO mais antigo sindicato da constru\u00e7\u00e3o do Estado \u00c9 a entidade representativa da categoria econ\u00f4mica, conforme enquadramento sindical (art. 577 da CLT), na regi\u00e3o de Joinville e re\u00fane as empresas organizadas do ramo da constru\u00e7\u00e3o civil. Instalado desde 1948, o Sinduscon Joinville \u00e9 o mais antigo sindicato da constru\u00e7\u00e3o do Estado [&hellip;]<\/p>\n","protected":false},"author":1,"featured_media":0,"parent":0,"menu_order":0,"comment_status":"closed","ping_status":"closed","template":"","meta":{"footnotes":""},"class_list":["post-21","page","type-page","status-publish","hentry","has-post-title","has-post-date","has-post-category","has-post-tag","has-post-comment","has-post-author",""],"_links":{"self":[{"href":"https:\/\/www.sinduscon-joinville.org.br\/v2021\/wp-json\/wp\/v2\/pages\/21","targetHints":{"allow":["GET"]}}],"collection":[{"href":"https:\/\/www.sinduscon-joinville.org.br\/v2021\/wp-json\/wp\/v2\/pages"}],"about":[{"href":"https:\/\/www.sinduscon-joinville.org.br\/v2021\/wp-json\/wp\/v2\/types\/page"}],"author":[{"embeddable":true,"href":"https:\/\/www.sinduscon-joinville.org.br\/v2021\/wp-json\/wp\/v2\/users\/1"}],"replies":[{"embeddable":true,"href":"https:\/\/www.sinduscon-joinville.org.br\/v2021\/wp-json\/wp\/v2\/comments?post=21"}],"version-history":[{"count":48,"href":"https:\/\/www.sinduscon-joinville.org.br\/v2021\/wp-json\/wp\/v2\/pages\/21\/revisions"}],"predecessor-version":[{"id":2157,"href":"https:\/\/www.sinduscon-joinville.org.br\/v2021\/wp-json\/wp\/v2\/pages\/21\/revisions\/2157"}],"wp:attachment":[{"href":"https:\/\/www.sinduscon-joinville.org.br\/v2021\/wp-json\/wp\/v2\/media?parent=21"}],"curies":[{"name":"wp","href":"https:\/\/api.w.org\/{rel}","templated":true}]}}